{"id":15618,"date":"2016-08-29T15:00:24","date_gmt":"2016-08-29T15:00:24","guid":{"rendered":"http:\/\/www.ledizioni.it\/?page_id=15618"},"modified":"2021-04-22T16:29:10","modified_gmt":"2021-04-22T14:29:10","slug":"silvae-45","status":"publish","type":"page","link":"https:\/\/www.ledizioni.it\/en\/riviste\/silvae-45\/","title":{"rendered":"SILVAE"},"content":{"rendered":"<p style=\"text-align: justify;\"><a href=\"http:\/\/www.ledizioni.it\/stag\/wp-content\/uploads\/2016\/08\/Cop_x_Sito.jpg\"><img decoding=\"async\" class=\"aligncenter size-medium wp-image-15619\" src=\"http:\/\/www.ledizioni.it\/stag\/wp-content\/uploads\/2016\/08\/Cop_x_Sito-300x148.jpg\" alt=\"Cop_x_Sito\" width=\"300\" height=\"148\" srcset=\"https:\/\/www.ledizioni.it\/stag\/wp-content\/uploads\/2016\/08\/Cop_x_Sito-300x148.jpg 300w, https:\/\/www.ledizioni.it\/stag\/wp-content\/uploads\/2016\/08\/Cop_x_Sito-400x197.jpg 400w, https:\/\/www.ledizioni.it\/stag\/wp-content\/uploads\/2016\/08\/Cop_x_Sito-768x378.jpg 768w, https:\/\/www.ledizioni.it\/stag\/wp-content\/uploads\/2016\/08\/Cop_x_Sito-1024x504.jpg 1024w, https:\/\/www.ledizioni.it\/stag\/wp-content\/uploads\/2016\/08\/Cop_x_Sito-183x90.jpg 183w, https:\/\/www.ledizioni.it\/stag\/wp-content\/uploads\/2016\/08\/Cop_x_Sito-369x182.jpg 369w, https:\/\/www.ledizioni.it\/stag\/wp-content\/uploads\/2016\/08\/Cop_x_Sito.jpg 1175w\" sizes=\"(max-width: 300px) 100vw, 300px\" \/><\/a><\/p>\n<p style=\"text-align: justify;\"><strong>ISSN 2239-5415<\/strong><\/p>\n<p style=\"text-align: justify;\"><em>Silv\u04d5<\/em> \u00e8 una pubblicazione nata dall\u2019esperienza di Latina Didaxis, il convegno organizzato annualmente da Silvana Rocca, Professore Ordinario di Didattica del Latino presso l\u2019universit\u00e0 di Genova. Come Latina Didaxis, <em>Silv\u04d5<\/em> si occupa dell\u2019elaborazione di nuove tecniche di insegnamento del latino in rapporto all\u2019evolversi dei metodi di educazione e delle istituzioni scolastiche; evidenzia il nesso che sussiste tra insegnamento e ricerca; recepisce le metodologie avanzate, nel rispetto rigoroso della scientificit\u00e0 filologica. La pubblicazione, che nasce quindi dalla collaborazione tra universit\u00e0 e scuola e non \u00e8 aperta solo agli \u201caddetti ai lavori\u201d, ma anche ai giovani, docenti medi o studenti universitari, esce con scadenza quadrimestrale e si articola in quattro settori, i cui titoli, che riecheggiano occorrenze virgiliane, scandiscono gli argomenti in quattro diverse tipologie.<br \/>\n1. Per saltus ac lustra raccoglie lavori che interessano la lingua e la letteratura latina e greca, ma anche aspetti diversi della cultura e della civilt\u00e0 del mondo antico. Il taglio \u00e8 quello del saggio breve.<br \/>\n2. Per culta novalia risponde alle esigenze della didattica. Vi sono raccolte proposte innovative, esperienze, materiali che possono essere utilizzati nella pratica scolastica. Gli autori sono prevalentemente docenti di Scuole Superiori, che si basano anche sulle proprie esperienze di insegnamento.<br \/>\n3. Per liquidos fontes offre notizie e recensioni circa le pubblicazioni che rispondono concretamente all\u2019indirizzo di Silvae e presentano un carattere chiaramente innovativo. Vengono segnalate anche rappresentazioni teatrali o manifestazioni artistiche in genere che rivestono un interesse didattico.<br \/>\n4. Per auras contiene notizie di carattere pratico: in primo luogo quelle inerenti i rapporti con \u201cEuroclassica\u201d che \u00e8 un\u2019organizzazione europea che raccoglie le varie associazioni nazionali che si occupano della didattica delle lingue classiche; tra le iniziative di \u201cEuroclassica\u201d pi\u00f9 apprezzate stanno senz\u2019altro i soggiorni-studio organizzati in Grecia per studenti e docenti che desiderano entrare in contatto in modo pi\u00f9 diretto con la cultura e la civilt\u00e0 greca).<\/p>\n<p><strong>Abbonamenti<\/strong><br \/>\nPer abbonamenti cartacei contattare Ledizioni LediPublishing:<\/p>\n<p>Ledizioni srl<br \/>\nVia Boselli 10, 20136 Milano, Italy<br \/>\nE-mail: <a href=\"mailto:riviste@internationalbookseller.com\" target=\"_blank\" rel=\"noopener\">riviste@internationalbookseller.com<\/a><br \/>\n<a href=\"http:\/\/www.internationalbookseller.com\" target=\"_blank\" rel=\"noopener\">www.internationalbookseller.com<\/a><br \/>\n&nbsp;<\/p>\n<h3 style=\"text-align: center;\"><strong><span style=\"color: #ff0000;\">I VOLUMI PUBBLICATI DI QUESTA RIVISTA<\/span><br \/>\n<\/strong><\/h3>\n<p>&nbsp;<\/p>\n<p style=\"text-align: center;\"><div class=\"woocommerce columns-4\">\n<div class=\"products elements-grid wd-products-holder  wd-spacing-10 grid-columns-4 pagination-pagination align-items-start row\" data-source=\"main_loop\" data-min_price=\"\" data-max_price=\"\" data-columns=\"4\">\n<div class=\"product-grid-item wd-with-labels product wd-hover-info-alt  col-lg-3 col-md-3 col-6 first  type-product post-72669 status-publish instock product_cat-silvae product_tag-latinisti product_tag-studi-classici has-post-thumbnail featured shipping-taxable purchasable product-type-simple\" data-loop=\"1\" data-id=\"72669\">\n\t\t\t\t\n\t<div class=\"product-wrapper\">\n\t<div class=\"product-element-top wd-quick-shop\">\n\t\t<a href=\"https:\/\/www.ledizioni.it\/en\/product\/silvae-quaderni-semestrali-di-saggistica-e-didattica-anno-xxv-n-62-63-2024\/\" class=\"product-image-link\">\n\t\t\t<img fetchpriority=\"high\" decoding=\"async\" width=\"300\" height=\"388\" src=\"https:\/\/www.ledizioni.it\/stag\/wp-content\/uploads\/2025\/01\/Copertina-62-63-3D-300x388.jpg\" class=\"attachment-woocommerce_thumbnail size-woocommerce_thumbnail wp-image-72671\" alt=\"\" srcset=\"https:\/\/www.ledizioni.it\/stag\/wp-content\/uploads\/2025\/01\/Copertina-62-63-3D-300x388.jpg 300w, https:\/\/www.ledizioni.it\/stag\/wp-content\/uploads\/2025\/01\/Copertina-62-63-3D-232x300.jpg 232w, https:\/\/www.ledizioni.it\/stag\/wp-content\/uploads\/2025\/01\/Copertina-62-63-3D-618x800.jpg 618w, https:\/\/www.ledizioni.it\/stag\/wp-content\/uploads\/2025\/01\/Copertina-62-63-3D-193x250.jpg 193w, https:\/\/www.ledizioni.it\/stag\/wp-content\/uploads\/2025\/01\/Copertina-62-63-3D-768x994.jpg 768w, https:\/\/www.ledizioni.it\/stag\/wp-content\/uploads\/2025\/01\/Copertina-62-63-3D-1187x1536.jpg 1187w, https:\/\/www.ledizioni.it\/stag\/wp-content\/uploads\/2025\/01\/Copertina-62-63-3D-9x12.jpg 9w, https:\/\/www.ledizioni.it\/stag\/wp-content\/uploads\/2025\/01\/Copertina-62-63-3D-600x776.jpg 600w, https:\/\/www.ledizioni.it\/stag\/wp-content\/uploads\/2025\/01\/Copertina-62-63-3D-400x517.jpg 400w, https:\/\/www.ledizioni.it\/stag\/wp-content\/uploads\/2025\/01\/Copertina-62-63-3D.jpg 1498w\" sizes=\"(max-width: 300px) 100vw, 300px\" \/>\t\t<\/a>\n\n\t\t\t<\/div>\n\n\t<div class=\"top-information wd-fill\">\n\n\t\t<h3 class=\"wd-entities-title\"><a href=\"https:\/\/www.ledizioni.it\/en\/product\/silvae-quaderni-semestrali-di-saggistica-e-didattica-anno-xxv-n-62-63-2024\/\">Silvae &#8211; quaderni semestrali di saggistica e didattica, anno XXV, n. 62\/63, 2024<\/a><\/h3>\t\t\t\t<div class=\"wd-product-cats\">\n\t\t\t<a href=\"https:\/\/www.ledizioni.it\/en\/product-category\/riviste\/silvae\/\" rel=\"tag\">Silvae<\/a>\t\t<\/div>\n\t\t\n\t\t\t\t\t\t\n\t<span class=\"price\"><span class=\"woocommerce-Price-amount amount\"><bdi>80,00&nbsp;<span class=\"woocommerce-Price-currencySymbol\">&euro;<\/span><\/bdi><\/span><\/span>\n\n\t\t<div class=\"wd-add-btn wd-add-btn-replace\">\n\t\t\t<a title='Quick View' class='shopengine-quickview-trigger se-btn'\n\t\t\t\t\tdata-source-url='https:\/\/www.ledizioni.it\/en\/product\/silvae-quaderni-semestrali-di-saggistica-e-didattica-anno-xxv-n-62-63-2024\/'\n\t\t\t\t\thref='https:\/\/www.ledizioni.it\/en\/product\/silvae-quaderni-semestrali-di-saggistica-e-didattica-anno-xxv-n-62-63-2024\/'>\n\t\t\t\t\t<i class=\"shopengine-icon-quick_view_1\"><\/i>\n\t\t\t\t<\/a><a href=\"\/en\/wp-json\/wp\/v2\/pages\/15618?add-to-cart=72669\" data-quantity=\"1\" class=\"button product_type_simple add_to_cart_button ajax_add_to_cart add-to-cart-loop\" data-product_id=\"72669\" data-product_sku=\"\" aria-label=\"Add to basket: \u201cSilvae - quaderni semestrali di saggistica e didattica, anno XXV, n. 62\/63, 2024\u201d\" rel=\"nofollow\" data-success_message=\"\u201cSilvae - quaderni semestrali di saggistica e didattica, anno XXV, n. 62\/63, 2024\u201d has been added to your basket\" data-no-translation-aria-label=\"\" data-no-translation-data-success_message=\"\"><span data-no-translation=\"\" data-trp-gettext=\"\">Add to basket<\/span><\/a>\t\t\t\t\t<\/div>\n\t<\/div>\n\n\t<div class=\"wd-buttons wd-pos-r-t color-scheme-light\">\n\t\t\t\t\t\t<div class=\"wd-compare-btn product-compare-button wd-action-btn wd-style-icon wd-compare-icon\">\n\t\t\t<a href=\"https:\/\/www.ledizioni.it\/en\/compare\/\" data-id=\"72669\" rel=\"nofollow\" data-added-text=\"Compare products\">\n\t\t\t\t<span>Compare<\/span>\n\t\t\t<\/a>\n\t\t<\/div>\n\t\t\t\t\t\t<div class=\"quick-view wd-action-btn wd-style-icon wd-quick-view-icon\">\n\t\t\t<a\n\t\t\t\thref=\"https:\/\/www.ledizioni.it\/en\/product\/silvae-quaderni-semestrali-di-saggistica-e-didattica-anno-xxv-n-62-63-2024\/\"\n\t\t\t\tclass=\"open-quick-view quick-view-button\"\n\t\t\t\trel=\"nofollow\"\n\t\t\t\tdata-id=\"72669\"\n\t\t\t\t>Quick view<\/a>\n\t\t<\/div>\n\t\t\t\t\t\t\t<div class=\"wd-wishlist-btn wd-action-btn wd-style-icon wd-wishlist-icon\">\n\t\t\t\t<a class=\"\" href=\"https:\/\/www.ledizioni.it\/en\/product\/silvae-quaderni-semestrali-di-saggistica-e-didattica-anno-xxv-n-62-63-2024\/\" data-key=\"0a80dfbd9b\" data-product-id=\"72669\" rel=\"nofollow\" data-added-text=\"Browse Wishlist\">\n\t\t\t\t\t<span>Add to wishlist<\/span>\n\t\t\t\t<\/a>\n\t\t\t<\/div>\n\t\t\t<\/div>\n\n<\/div>\n\n\n<\/div>\n<div class=\"product-grid-item wd-with-labels product wd-hover-info-alt  col-lg-3 col-md-3 col-6 type-product post-64838 status-publish instock product_cat-silvae product_tag-latinisti product_tag-studi-classici has-post-thumbnail featured shipping-taxable purchasable product-type-simple\" data-loop=\"2\" data-id=\"64838\">\n\t\t\t\t\n\t<div class=\"product-wrapper\">\n\t<div class=\"product-element-top wd-quick-shop\">\n\t\t<a href=\"https:\/\/www.ledizioni.it\/en\/product\/silvae-quaderni-semestrali-di-saggistica-e-didattica-anno-xxiv-n-60-61-2023\/\" class=\"product-image-link\">\n\t\t\t<img decoding=\"async\" width=\"300\" height=\"389\" src=\"https:\/\/www.ledizioni.it\/stag\/wp-content\/uploads\/2024\/05\/Copertina-60-61-3D-300x389.jpg\" class=\"attachment-woocommerce_thumbnail size-woocommerce_thumbnail wp-image-64839\" alt=\"\" srcset=\"https:\/\/www.ledizioni.it\/stag\/wp-content\/uploads\/2024\/05\/Copertina-60-61-3D-300x389.jpg 300w, https:\/\/www.ledizioni.it\/stag\/wp-content\/uploads\/2024\/05\/Copertina-60-61-3D-231x300.jpg 231w, https:\/\/www.ledizioni.it\/stag\/wp-content\/uploads\/2024\/05\/Copertina-60-61-3D-616x800.jpg 616w, https:\/\/www.ledizioni.it\/stag\/wp-content\/uploads\/2024\/05\/Copertina-60-61-3D-193x250.jpg 193w, https:\/\/www.ledizioni.it\/stag\/wp-content\/uploads\/2024\/05\/Copertina-60-61-3D-768x997.jpg 768w, https:\/\/www.ledizioni.it\/stag\/wp-content\/uploads\/2024\/05\/Copertina-60-61-3D-1183x1536.jpg 1183w, https:\/\/www.ledizioni.it\/stag\/wp-content\/uploads\/2024\/05\/Copertina-60-61-3D-9x12.jpg 9w, https:\/\/www.ledizioni.it\/stag\/wp-content\/uploads\/2024\/05\/Copertina-60-61-3D-600x779.jpg 600w, https:\/\/www.ledizioni.it\/stag\/wp-content\/uploads\/2024\/05\/Copertina-60-61-3D-400x519.jpg 400w, https:\/\/www.ledizioni.it\/stag\/wp-content\/uploads\/2024\/05\/Copertina-60-61-3D.jpg 1516w\" sizes=\"(max-width: 300px) 100vw, 300px\" \/>\t\t<\/a>\n\n\t\t\t<\/div>\n\n\t<div class=\"top-information wd-fill\">\n\n\t\t<h3 class=\"wd-entities-title\"><a href=\"https:\/\/www.ledizioni.it\/en\/product\/silvae-quaderni-semestrali-di-saggistica-e-didattica-anno-xxiv-n-60-61-2023\/\">Silvae &#8211; quaderni semestrali di saggistica e didattica, anno XXIV, n. 60\/61, 2023<\/a><\/h3>\t\t\t\t<div class=\"wd-product-cats\">\n\t\t\t<a href=\"https:\/\/www.ledizioni.it\/en\/product-category\/riviste\/silvae\/\" rel=\"tag\">Silvae<\/a>\t\t<\/div>\n\t\t\n\t\t\t\t\t\t\n\t<span class=\"price\"><span class=\"woocommerce-Price-amount amount\"><bdi>80,00&nbsp;<span class=\"woocommerce-Price-currencySymbol\">&euro;<\/span><\/bdi><\/span><\/span>\n\n\t\t<div class=\"wd-add-btn wd-add-btn-replace\">\n\t\t\t<a title='Quick View' class='shopengine-quickview-trigger se-btn'\n\t\t\t\t\tdata-source-url='https:\/\/www.ledizioni.it\/en\/product\/silvae-quaderni-semestrali-di-saggistica-e-didattica-anno-xxiv-n-60-61-2023\/'\n\t\t\t\t\thref='https:\/\/www.ledizioni.it\/en\/product\/silvae-quaderni-semestrali-di-saggistica-e-didattica-anno-xxiv-n-60-61-2023\/'>\n\t\t\t\t\t<i class=\"shopengine-icon-quick_view_1\"><\/i>\n\t\t\t\t<\/a><a href=\"\/en\/wp-json\/wp\/v2\/pages\/15618?add-to-cart=64838\" data-quantity=\"1\" class=\"button product_type_simple add_to_cart_button ajax_add_to_cart add-to-cart-loop\" data-product_id=\"64838\" data-product_sku=\"\" aria-label=\"Add to basket: \u201cSilvae - quaderni semestrali di saggistica e didattica, anno XXIV, n. 60\/61, 2023\u201d\" rel=\"nofollow\" data-success_message=\"\u201cSilvae - quaderni semestrali di saggistica e didattica, anno XXIV, n. 60\/61, 2023\u201d has been added to your basket\" data-no-translation-aria-label=\"\" data-no-translation-data-success_message=\"\"><span data-no-translation=\"\" data-trp-gettext=\"\">Add to basket<\/span><\/a>\t\t\t\t\t<\/div>\n\t<\/div>\n\n\t<div class=\"wd-buttons wd-pos-r-t color-scheme-light\">\n\t\t\t\t\t\t<div class=\"wd-compare-btn product-compare-button wd-action-btn wd-style-icon wd-compare-icon\">\n\t\t\t<a href=\"https:\/\/www.ledizioni.it\/en\/compare\/\" data-id=\"64838\" rel=\"nofollow\" data-added-text=\"Compare products\">\n\t\t\t\t<span>Compare<\/span>\n\t\t\t<\/a>\n\t\t<\/div>\n\t\t\t\t\t\t<div class=\"quick-view wd-action-btn wd-style-icon wd-quick-view-icon\">\n\t\t\t<a\n\t\t\t\thref=\"https:\/\/www.ledizioni.it\/en\/product\/silvae-quaderni-semestrali-di-saggistica-e-didattica-anno-xxiv-n-60-61-2023\/\"\n\t\t\t\tclass=\"open-quick-view quick-view-button\"\n\t\t\t\trel=\"nofollow\"\n\t\t\t\tdata-id=\"64838\"\n\t\t\t\t>Quick view<\/a>\n\t\t<\/div>\n\t\t\t\t\t\t\t<div class=\"wd-wishlist-btn wd-action-btn wd-style-icon wd-wishlist-icon\">\n\t\t\t\t<a class=\"\" href=\"https:\/\/www.ledizioni.it\/en\/product\/silvae-quaderni-semestrali-di-saggistica-e-didattica-anno-xxiv-n-60-61-2023\/\" data-key=\"0a80dfbd9b\" data-product-id=\"64838\" rel=\"nofollow\" data-added-text=\"Browse Wishlist\">\n\t\t\t\t\t<span>Add to wishlist<\/span>\n\t\t\t\t<\/a>\n\t\t\t<\/div>\n\t\t\t<\/div>\n\n<\/div>\n\n\n<\/div>\n<div class=\"product-grid-item wd-with-labels product wd-hover-info-alt  col-lg-3 col-md-3 col-6 type-product post-57314 status-publish last instock product_cat-silvae product_tag-latinisti product_tag-studi-classici has-post-thumbnail featured shipping-taxable purchasable product-type-simple\" data-loop=\"3\" data-id=\"57314\">\n\t\t\t\t\n\t<div class=\"product-wrapper\">\n\t<div class=\"product-element-top wd-quick-shop\">\n\t\t<a href=\"https:\/\/www.ledizioni.it\/en\/product\/silvae-quaderni-semestrali-di-saggistica-e-didattica-anno-xxiii-n-58-59-2022\/\" class=\"product-image-link\">\n\t\t\t<img loading=\"lazy\" decoding=\"async\" width=\"300\" height=\"407\" src=\"https:\/\/www.ledizioni.it\/stag\/wp-content\/uploads\/2023\/08\/Copertina-58-59-3D-300x407.jpg\" class=\"attachment-woocommerce_thumbnail size-woocommerce_thumbnail wp-image-57315\" alt=\"\" srcset=\"https:\/\/www.ledizioni.it\/stag\/wp-content\/uploads\/2023\/08\/Copertina-58-59-3D-300x407.jpg 300w, https:\/\/www.ledizioni.it\/stag\/wp-content\/uploads\/2023\/08\/Copertina-58-59-3D-400x543.jpg 400w, https:\/\/www.ledizioni.it\/stag\/wp-content\/uploads\/2023\/08\/Copertina-58-59-3D-590x800.jpg 590w, https:\/\/www.ledizioni.it\/stag\/wp-content\/uploads\/2023\/08\/Copertina-58-59-3D-184x250.jpg 184w, https:\/\/www.ledizioni.it\/stag\/wp-content\/uploads\/2023\/08\/Copertina-58-59-3D-9x12.jpg 9w, https:\/\/www.ledizioni.it\/stag\/wp-content\/uploads\/2023\/08\/Copertina-58-59-3D-600x814.jpg 600w, https:\/\/www.ledizioni.it\/stag\/wp-content\/uploads\/2023\/08\/Copertina-58-59-3D-221x300.jpg 221w, https:\/\/www.ledizioni.it\/stag\/wp-content\/uploads\/2023\/08\/Copertina-58-59-3D-768x1042.jpg 768w, https:\/\/www.ledizioni.it\/stag\/wp-content\/uploads\/2023\/08\/Copertina-58-59-3D-1132x1536.jpg 1132w, https:\/\/www.ledizioni.it\/stag\/wp-content\/uploads\/2023\/08\/Copertina-58-59-3D.jpg 1468w\" sizes=\"(max-width: 300px) 100vw, 300px\" \/>\t\t<\/a>\n\n\t\t\t<\/div>\n\n\t<div class=\"top-information wd-fill\">\n\n\t\t<h3 class=\"wd-entities-title\"><a href=\"https:\/\/www.ledizioni.it\/en\/product\/silvae-quaderni-semestrali-di-saggistica-e-didattica-anno-xxiii-n-58-59-2022\/\">Silvae &#8211; quaderni semestrali di saggistica e didattica, anno XXIII, n. 58\/59, 2022<\/a><\/h3>\t\t\t\t<div class=\"wd-product-cats\">\n\t\t\t<a href=\"https:\/\/www.ledizioni.it\/en\/product-category\/riviste\/silvae\/\" rel=\"tag\">Silvae<\/a>\t\t<\/div>\n\t\t\n\t\t\t\t\t\t\n\t<span class=\"price\"><span class=\"woocommerce-Price-amount amount\"><bdi>80,00&nbsp;<span class=\"woocommerce-Price-currencySymbol\">&euro;<\/span><\/bdi><\/span><\/span>\n\n\t\t<div class=\"wd-add-btn wd-add-btn-replace\">\n\t\t\t<a title='Quick View' class='shopengine-quickview-trigger se-btn'\n\t\t\t\t\tdata-source-url='https:\/\/www.ledizioni.it\/en\/product\/silvae-quaderni-semestrali-di-saggistica-e-didattica-anno-xxiii-n-58-59-2022\/'\n\t\t\t\t\thref='https:\/\/www.ledizioni.it\/en\/product\/silvae-quaderni-semestrali-di-saggistica-e-didattica-anno-xxiii-n-58-59-2022\/'>\n\t\t\t\t\t<i class=\"shopengine-icon-quick_view_1\"><\/i>\n\t\t\t\t<\/a><a href=\"\/en\/wp-json\/wp\/v2\/pages\/15618?add-to-cart=57314\" data-quantity=\"1\" class=\"button product_type_simple add_to_cart_button ajax_add_to_cart add-to-cart-loop\" data-product_id=\"57314\" data-product_sku=\"\" aria-label=\"Add to basket: \u201cSilvae - quaderni semestrali di saggistica e didattica, anno XXIII, n. 58\/59, 2022\u201d\" rel=\"nofollow\" data-success_message=\"\u201cSilvae - quaderni semestrali di saggistica e didattica, anno XXIII, n. 58\/59, 2022\u201d has been added to your basket\" data-no-translation-aria-label=\"\" data-no-translation-data-success_message=\"\"><span data-no-translation=\"\" data-trp-gettext=\"\">Add to basket<\/span><\/a>\t\t\t\t\t<\/div>\n\t<\/div>\n\n\t<div class=\"wd-buttons wd-pos-r-t color-scheme-light\">\n\t\t\t\t\t\t<div class=\"wd-compare-btn product-compare-button wd-action-btn wd-style-icon wd-compare-icon\">\n\t\t\t<a href=\"https:\/\/www.ledizioni.it\/en\/compare\/\" data-id=\"57314\" rel=\"nofollow\" data-added-text=\"Compare products\">\n\t\t\t\t<span>Compare<\/span>\n\t\t\t<\/a>\n\t\t<\/div>\n\t\t\t\t\t\t<div class=\"quick-view wd-action-btn wd-style-icon wd-quick-view-icon\">\n\t\t\t<a\n\t\t\t\thref=\"https:\/\/www.ledizioni.it\/en\/product\/silvae-quaderni-semestrali-di-saggistica-e-didattica-anno-xxiii-n-58-59-2022\/\"\n\t\t\t\tclass=\"open-quick-view quick-view-button\"\n\t\t\t\trel=\"nofollow\"\n\t\t\t\tdata-id=\"57314\"\n\t\t\t\t>Quick view<\/a>\n\t\t<\/div>\n\t\t\t\t\t\t\t<div class=\"wd-wishlist-btn wd-action-btn wd-style-icon wd-wishlist-icon\">\n\t\t\t\t<a class=\"\" href=\"https:\/\/www.ledizioni.it\/en\/product\/silvae-quaderni-semestrali-di-saggistica-e-didattica-anno-xxiii-n-58-59-2022\/\" data-key=\"0a80dfbd9b\" data-product-id=\"57314\" rel=\"nofollow\" data-added-text=\"Browse Wishlist\">\n\t\t\t\t\t<span>Add to wishlist<\/span>\n\t\t\t\t<\/a>\n\t\t\t<\/div>\n\t\t\t<\/div>\n\n<\/div>\n\n\n<\/div>\n<div class=\"product-grid-item wd-with-labels product wd-hover-info-alt  col-lg-3 col-md-3 col-6 last  type-product post-52326 status-publish first instock product_cat-silvae product_tag-latinisti product_tag-studi-classici has-post-thumbnail featured shipping-taxable purchasable product-type-simple\" data-loop=\"4\" data-id=\"52326\">\n\t\t\t\t\n\t<div class=\"product-wrapper\">\n\t<div class=\"product-element-top wd-quick-shop\">\n\t\t<a href=\"https:\/\/www.ledizioni.it\/en\/product\/silvae-quaderni-semestrali-di-saggistica-e-didattica-anno-xxii-n-56-57-2021\/\" class=\"product-image-link\">\n\t\t\t<img loading=\"lazy\" decoding=\"async\" width=\"300\" height=\"401\" src=\"https:\/\/www.ledizioni.it\/stag\/wp-content\/uploads\/2022\/06\/Cover_Silvae_56_57_3D-300x401.jpg\" class=\"attachment-woocommerce_thumbnail size-woocommerce_thumbnail wp-image-52327\" alt=\"\" srcset=\"https:\/\/www.ledizioni.it\/stag\/wp-content\/uploads\/2022\/06\/Cover_Silvae_56_57_3D-300x401.jpg 300w, https:\/\/www.ledizioni.it\/stag\/wp-content\/uploads\/2022\/06\/Cover_Silvae_56_57_3D-400x535.jpg 400w, https:\/\/www.ledizioni.it\/stag\/wp-content\/uploads\/2022\/06\/Cover_Silvae_56_57_3D-599x800.jpg 599w, https:\/\/www.ledizioni.it\/stag\/wp-content\/uploads\/2022\/06\/Cover_Silvae_56_57_3D-187x250.jpg 187w, https:\/\/www.ledizioni.it\/stag\/wp-content\/uploads\/2022\/06\/Cover_Silvae_56_57_3D-9x12.jpg 9w, https:\/\/www.ledizioni.it\/stag\/wp-content\/uploads\/2022\/06\/Cover_Silvae_56_57_3D-600x802.jpg 600w, https:\/\/www.ledizioni.it\/stag\/wp-content\/uploads\/2022\/06\/Cover_Silvae_56_57_3D-224x300.jpg 224w, https:\/\/www.ledizioni.it\/stag\/wp-content\/uploads\/2022\/06\/Cover_Silvae_56_57_3D-768x1026.jpg 768w, https:\/\/www.ledizioni.it\/stag\/wp-content\/uploads\/2022\/06\/Cover_Silvae_56_57_3D-1149x1536.jpg 1149w, https:\/\/www.ledizioni.it\/stag\/wp-content\/uploads\/2022\/06\/Cover_Silvae_56_57_3D.jpg 1468w\" sizes=\"(max-width: 300px) 100vw, 300px\" \/>\t\t<\/a>\n\n\t\t\t<\/div>\n\n\t<div class=\"top-information wd-fill\">\n\n\t\t<h3 class=\"wd-entities-title\"><a href=\"https:\/\/www.ledizioni.it\/en\/product\/silvae-quaderni-semestrali-di-saggistica-e-didattica-anno-xxii-n-56-57-2021\/\">Silvae &#8211; quaderni semestrali di saggistica e didattica, anno XXII, n. 56\/57, 2021<\/a><\/h3>\t\t\t\t<div class=\"wd-product-cats\">\n\t\t\t<a href=\"https:\/\/www.ledizioni.it\/en\/product-category\/riviste\/silvae\/\" rel=\"tag\">Silvae<\/a>\t\t<\/div>\n\t\t\n\t\t\t\t\t\t\n\t<span class=\"price\"><span class=\"woocommerce-Price-amount amount\"><bdi>80,00&nbsp;<span class=\"woocommerce-Price-currencySymbol\">&euro;<\/span><\/bdi><\/span><\/span>\n\n\t\t<div class=\"wd-add-btn wd-add-btn-replace\">\n\t\t\t<a title='Quick View' class='shopengine-quickview-trigger se-btn'\n\t\t\t\t\tdata-source-url='https:\/\/www.ledizioni.it\/en\/product\/silvae-quaderni-semestrali-di-saggistica-e-didattica-anno-xxii-n-56-57-2021\/'\n\t\t\t\t\thref='https:\/\/www.ledizioni.it\/en\/product\/silvae-quaderni-semestrali-di-saggistica-e-didattica-anno-xxii-n-56-57-2021\/'>\n\t\t\t\t\t<i class=\"shopengine-icon-quick_view_1\"><\/i>\n\t\t\t\t<\/a><a href=\"\/en\/wp-json\/wp\/v2\/pages\/15618?add-to-cart=52326\" data-quantity=\"1\" class=\"button product_type_simple add_to_cart_button ajax_add_to_cart add-to-cart-loop\" data-product_id=\"52326\" data-product_sku=\"\" aria-label=\"Add to basket: \u201cSilvae - quaderni semestrali di saggistica e didattica, anno XXII, n. 56\/57, 2021\u201d\" rel=\"nofollow\" data-success_message=\"\u201cSilvae - quaderni semestrali di saggistica e didattica, anno XXII, n. 56\/57, 2021\u201d has been added to your basket\" data-no-translation-aria-label=\"\" data-no-translation-data-success_message=\"\"><span data-no-translation=\"\" data-trp-gettext=\"\">Add to basket<\/span><\/a>\t\t\t\t\t<\/div>\n\t<\/div>\n\n\t<div class=\"wd-buttons wd-pos-r-t color-scheme-light\">\n\t\t\t\t\t\t<div class=\"wd-compare-btn product-compare-button wd-action-btn wd-style-icon wd-compare-icon\">\n\t\t\t<a href=\"https:\/\/www.ledizioni.it\/en\/compare\/\" data-id=\"52326\" rel=\"nofollow\" data-added-text=\"Compare products\">\n\t\t\t\t<span>Compare<\/span>\n\t\t\t<\/a>\n\t\t<\/div>\n\t\t\t\t\t\t<div class=\"quick-view wd-action-btn wd-style-icon wd-quick-view-icon\">\n\t\t\t<a\n\t\t\t\thref=\"https:\/\/www.ledizioni.it\/en\/product\/silvae-quaderni-semestrali-di-saggistica-e-didattica-anno-xxii-n-56-57-2021\/\"\n\t\t\t\tclass=\"open-quick-view quick-view-button\"\n\t\t\t\trel=\"nofollow\"\n\t\t\t\tdata-id=\"52326\"\n\t\t\t\t>Quick view<\/a>\n\t\t<\/div>\n\t\t\t\t\t\t\t<div class=\"wd-wishlist-btn wd-action-btn wd-style-icon wd-wishlist-icon\">\n\t\t\t\t<a class=\"\" href=\"https:\/\/www.ledizioni.it\/en\/product\/silvae-quaderni-semestrali-di-saggistica-e-didattica-anno-xxii-n-56-57-2021\/\" data-key=\"0a80dfbd9b\" data-product-id=\"52326\" rel=\"nofollow\" data-added-text=\"Browse Wishlist\">\n\t\t\t\t\t<span>Add to wishlist<\/span>\n\t\t\t\t<\/a>\n\t\t\t<\/div>\n\t\t\t<\/div>\n\n<\/div>\n\n\n<\/div>\n<div class=\"product-grid-item wd-with-labels product wd-hover-info-alt  col-lg-3 col-md-3 col-6 first  type-product post-44386 status-publish instock product_cat-silvae product_tag-latinisti product_tag-studi-classici has-post-thumbnail featured shipping-taxable purchasable product-type-simple\" data-loop=\"5\" data-id=\"44386\">\n\t\t\t\t\n\t<div class=\"product-wrapper\">\n\t<div class=\"product-element-top wd-quick-shop\">\n\t\t<a href=\"https:\/\/www.ledizioni.it\/en\/product\/silvae-quaderni-semestrali-di-saggistica-e-didattica-anno-xxi-n-55-2020\/\" class=\"product-image-link\">\n\t\t\t<img loading=\"lazy\" decoding=\"async\" width=\"300\" height=\"389\" src=\"https:\/\/www.ledizioni.it\/stag\/wp-content\/uploads\/2021\/11\/Copertina_55_3D-300x389.jpg\" class=\"attachment-woocommerce_thumbnail size-woocommerce_thumbnail wp-image-44388\" alt=\"\" srcset=\"https:\/\/www.ledizioni.it\/stag\/wp-content\/uploads\/2021\/11\/Copertina_55_3D-300x389.jpg 300w, https:\/\/www.ledizioni.it\/stag\/wp-content\/uploads\/2021\/11\/Copertina_55_3D-400x519.jpg 400w, https:\/\/www.ledizioni.it\/stag\/wp-content\/uploads\/2021\/11\/Copertina_55_3D-193x250.jpg 193w, https:\/\/www.ledizioni.it\/stag\/wp-content\/uploads\/2021\/11\/Copertina_55_3D-9x12.jpg 9w, https:\/\/www.ledizioni.it\/stag\/wp-content\/uploads\/2021\/11\/Copertina_55_3D-231x300.jpg 231w, https:\/\/www.ledizioni.it\/stag\/wp-content\/uploads\/2021\/11\/Copertina_55_3D.jpg 500w\" sizes=\"(max-width: 300px) 100vw, 300px\" \/>\t\t<\/a>\n\n\t\t\t<\/div>\n\n\t<div class=\"top-information wd-fill\">\n\n\t\t<h3 class=\"wd-entities-title\"><a href=\"https:\/\/www.ledizioni.it\/en\/product\/silvae-quaderni-semestrali-di-saggistica-e-didattica-anno-xxi-n-55-2020\/\">Silvae &#8211; quaderni semestrali di saggistica e didattica, anno XXI, n. 55, 2020<\/a><\/h3>\t\t\t\t<div class=\"wd-product-cats\">\n\t\t\t<a href=\"https:\/\/www.ledizioni.it\/en\/product-category\/riviste\/silvae\/\" rel=\"tag\">Silvae<\/a>\t\t<\/div>\n\t\t\n\t\t\t\t\t\t\n\t<span class=\"price\"><span class=\"woocommerce-Price-amount amount\"><bdi>25,00&nbsp;<span class=\"woocommerce-Price-currencySymbol\">&euro;<\/span><\/bdi><\/span><\/span>\n\n\t\t<div class=\"wd-add-btn wd-add-btn-replace\">\n\t\t\t<a title='Quick View' class='shopengine-quickview-trigger se-btn'\n\t\t\t\t\tdata-source-url='https:\/\/www.ledizioni.it\/en\/product\/silvae-quaderni-semestrali-di-saggistica-e-didattica-anno-xxi-n-55-2020\/'\n\t\t\t\t\thref='https:\/\/www.ledizioni.it\/en\/product\/silvae-quaderni-semestrali-di-saggistica-e-didattica-anno-xxi-n-55-2020\/'>\n\t\t\t\t\t<i class=\"shopengine-icon-quick_view_1\"><\/i>\n\t\t\t\t<\/a><a href=\"\/en\/wp-json\/wp\/v2\/pages\/15618?add-to-cart=44386\" data-quantity=\"1\" class=\"button product_type_simple add_to_cart_button ajax_add_to_cart add-to-cart-loop\" data-product_id=\"44386\" data-product_sku=\"\" aria-label=\"Add to basket: \u201cSilvae - quaderni semestrali di saggistica e didattica, anno XXI, n. 55, 2020\u201d\" rel=\"nofollow\" data-success_message=\"\u201cSilvae - quaderni semestrali di saggistica e didattica, anno XXI, n. 55, 2020\u201d has been added to your basket\" data-no-translation-aria-label=\"\" data-no-translation-data-success_message=\"\"><span data-no-translation=\"\" data-trp-gettext=\"\">Add to basket<\/span><\/a>\t\t\t\t\t<\/div>\n\t<\/div>\n\n\t<div class=\"wd-buttons wd-pos-r-t color-scheme-light\">\n\t\t\t\t\t\t<div class=\"wd-compare-btn product-compare-button wd-action-btn wd-style-icon wd-compare-icon\">\n\t\t\t<a href=\"https:\/\/www.ledizioni.it\/en\/compare\/\" data-id=\"44386\" rel=\"nofollow\" data-added-text=\"Compare products\">\n\t\t\t\t<span>Compare<\/span>\n\t\t\t<\/a>\n\t\t<\/div>\n\t\t\t\t\t\t<div class=\"quick-view wd-action-btn wd-style-icon wd-quick-view-icon\">\n\t\t\t<a\n\t\t\t\thref=\"https:\/\/www.ledizioni.it\/en\/product\/silvae-quaderni-semestrali-di-saggistica-e-didattica-anno-xxi-n-55-2020\/\"\n\t\t\t\tclass=\"open-quick-view quick-view-button\"\n\t\t\t\trel=\"nofollow\"\n\t\t\t\tdata-id=\"44386\"\n\t\t\t\t>Quick view<\/a>\n\t\t<\/div>\n\t\t\t\t\t\t\t<div class=\"wd-wishlist-btn wd-action-btn wd-style-icon wd-wishlist-icon\">\n\t\t\t\t<a class=\"\" href=\"https:\/\/www.ledizioni.it\/en\/product\/silvae-quaderni-semestrali-di-saggistica-e-didattica-anno-xxi-n-55-2020\/\" data-key=\"0a80dfbd9b\" data-product-id=\"44386\" rel=\"nofollow\" data-added-text=\"Browse Wishlist\">\n\t\t\t\t\t<span>Add to wishlist<\/span>\n\t\t\t\t<\/a>\n\t\t\t<\/div>\n\t\t\t<\/div>\n\n<\/div>\n\n\n<\/div>\n<div class=\"product-grid-item wd-with-labels product wd-hover-info-alt  col-lg-3 col-md-3 col-6 type-product post-37142 status-publish instock product_cat-silvae product_tag-latinisti product_tag-studi-classici has-post-thumbnail featured shipping-taxable purchasable product-type-simple\" data-loop=\"6\" data-id=\"37142\">\n\t\t\t\t\n\t<div class=\"product-wrapper\">\n\t<div class=\"product-element-top wd-quick-shop\">\n\t\t<a href=\"https:\/\/www.ledizioni.it\/en\/product\/silvae-quaderni-semestrali-di-saggistica-e-didattica-anno-xxi-n-54-2020\/\" class=\"product-image-link\">\n\t\t\t<img loading=\"lazy\" decoding=\"async\" width=\"300\" height=\"388\" src=\"https:\/\/www.ledizioni.it\/stag\/wp-content\/uploads\/2021\/03\/Copertina_54_3D-300x388.jpg\" class=\"attachment-woocommerce_thumbnail size-woocommerce_thumbnail wp-image-37143\" alt=\"\" srcset=\"https:\/\/www.ledizioni.it\/stag\/wp-content\/uploads\/2021\/03\/Copertina_54_3D-300x388.jpg 300w, https:\/\/www.ledizioni.it\/stag\/wp-content\/uploads\/2021\/03\/Copertina_54_3D-400x517.jpg 400w, https:\/\/www.ledizioni.it\/stag\/wp-content\/uploads\/2021\/03\/Copertina_54_3D-193x250.jpg 193w, https:\/\/www.ledizioni.it\/stag\/wp-content\/uploads\/2021\/03\/Copertina_54_3D-9x12.jpg 9w, https:\/\/www.ledizioni.it\/stag\/wp-content\/uploads\/2021\/03\/Copertina_54_3D-232x300.jpg 232w, https:\/\/www.ledizioni.it\/stag\/wp-content\/uploads\/2021\/03\/Copertina_54_3D.jpg 500w\" sizes=\"(max-width: 300px) 100vw, 300px\" \/>\t\t<\/a>\n\n\t\t\t<\/div>\n\n\t<div class=\"top-information wd-fill\">\n\n\t\t<h3 class=\"wd-entities-title\"><a href=\"https:\/\/www.ledizioni.it\/en\/product\/silvae-quaderni-semestrali-di-saggistica-e-didattica-anno-xxi-n-54-2020\/\">Silvae &#8211; quaderni semestrali di saggistica e didattica, anno XXI, n. 54, 2020<\/a><\/h3>\t\t\t\t<div class=\"wd-product-cats\">\n\t\t\t<a href=\"https:\/\/www.ledizioni.it\/en\/product-category\/riviste\/silvae\/\" rel=\"tag\">Silvae<\/a>\t\t<\/div>\n\t\t\n\t\t\t\t\t\t\n\t<span class=\"price\"><span class=\"woocommerce-Price-amount amount\"><bdi>25,00&nbsp;<span class=\"woocommerce-Price-currencySymbol\">&euro;<\/span><\/bdi><\/span><\/span>\n\n\t\t<div class=\"wd-add-btn wd-add-btn-replace\">\n\t\t\t<a title='Quick View' class='shopengine-quickview-trigger se-btn'\n\t\t\t\t\tdata-source-url='https:\/\/www.ledizioni.it\/en\/product\/silvae-quaderni-semestrali-di-saggistica-e-didattica-anno-xxi-n-54-2020\/'\n\t\t\t\t\thref='https:\/\/www.ledizioni.it\/en\/product\/silvae-quaderni-semestrali-di-saggistica-e-didattica-anno-xxi-n-54-2020\/'>\n\t\t\t\t\t<i class=\"shopengine-icon-quick_view_1\"><\/i>\n\t\t\t\t<\/a><a href=\"\/en\/wp-json\/wp\/v2\/pages\/15618?add-to-cart=37142\" data-quantity=\"1\" class=\"button product_type_simple add_to_cart_button ajax_add_to_cart add-to-cart-loop\" data-product_id=\"37142\" data-product_sku=\"\" aria-label=\"Add to basket: \u201cSilvae - quaderni semestrali di saggistica e didattica, anno XXI, n. 54, 2020\u201d\" rel=\"nofollow\" data-success_message=\"\u201cSilvae - quaderni semestrali di saggistica e didattica, anno XXI, n. 54, 2020\u201d has been added to your basket\" data-no-translation-aria-label=\"\" data-no-translation-data-success_message=\"\"><span data-no-translation=\"\" data-trp-gettext=\"\">Add to basket<\/span><\/a>\t\t\t\t\t<\/div>\n\t<\/div>\n\n\t<div class=\"wd-buttons wd-pos-r-t color-scheme-light\">\n\t\t\t\t\t\t<div class=\"wd-compare-btn product-compare-button wd-action-btn wd-style-icon wd-compare-icon\">\n\t\t\t<a href=\"https:\/\/www.ledizioni.it\/en\/compare\/\" data-id=\"37142\" rel=\"nofollow\" data-added-text=\"Compare products\">\n\t\t\t\t<span>Compare<\/span>\n\t\t\t<\/a>\n\t\t<\/div>\n\t\t\t\t\t\t<div class=\"quick-view wd-action-btn wd-style-icon wd-quick-view-icon\">\n\t\t\t<a\n\t\t\t\thref=\"https:\/\/www.ledizioni.it\/en\/product\/silvae-quaderni-semestrali-di-saggistica-e-didattica-anno-xxi-n-54-2020\/\"\n\t\t\t\tclass=\"open-quick-view quick-view-button\"\n\t\t\t\trel=\"nofollow\"\n\t\t\t\tdata-id=\"37142\"\n\t\t\t\t>Quick view<\/a>\n\t\t<\/div>\n\t\t\t\t\t\t\t<div class=\"wd-wishlist-btn wd-action-btn wd-style-icon wd-wishlist-icon\">\n\t\t\t\t<a class=\"\" href=\"https:\/\/www.ledizioni.it\/en\/product\/silvae-quaderni-semestrali-di-saggistica-e-didattica-anno-xxi-n-54-2020\/\" data-key=\"0a80dfbd9b\" data-product-id=\"37142\" rel=\"nofollow\" data-added-text=\"Browse Wishlist\">\n\t\t\t\t\t<span>Add to wishlist<\/span>\n\t\t\t\t<\/a>\n\t\t\t<\/div>\n\t\t\t<\/div>\n\n<\/div>\n\n\n<\/div>\n<div class=\"product-grid-item wd-with-labels product wd-hover-info-alt  col-lg-3 col-md-3 col-6 type-product post-30596 status-publish last instock product_cat-silvae product_tag-latinisti product_tag-studi-classici has-post-thumbnail featured shipping-taxable purchasable product-type-simple\" data-loop=\"7\" data-id=\"30596\">\n\t\t\t\t\n\t<div class=\"product-wrapper\">\n\t<div class=\"product-element-top wd-quick-shop\">\n\t\t<a href=\"https:\/\/www.ledizioni.it\/en\/product\/silvae-quaderni-semestrali-di-saggistica-e-didattica-anno-xx-n-53-2019\/\" class=\"product-image-link\">\n\t\t\t<img loading=\"lazy\" decoding=\"async\" width=\"300\" height=\"401\" src=\"https:\/\/www.ledizioni.it\/stag\/wp-content\/uploads\/2020\/06\/Copertina_53_3D-300x401.jpg\" class=\"attachment-woocommerce_thumbnail size-woocommerce_thumbnail wp-image-30597\" alt=\"\" srcset=\"https:\/\/www.ledizioni.it\/stag\/wp-content\/uploads\/2020\/06\/Copertina_53_3D-300x401.jpg 300w, https:\/\/www.ledizioni.it\/stag\/wp-content\/uploads\/2020\/06\/Copertina_53_3D-400x535.jpg 400w, https:\/\/www.ledizioni.it\/stag\/wp-content\/uploads\/2020\/06\/Copertina_53_3D-187x250.jpg 187w, https:\/\/www.ledizioni.it\/stag\/wp-content\/uploads\/2020\/06\/Copertina_53_3D-9x12.jpg 9w, https:\/\/www.ledizioni.it\/stag\/wp-content\/uploads\/2020\/06\/Copertina_53_3D-224x300.jpg 224w, https:\/\/www.ledizioni.it\/stag\/wp-content\/uploads\/2020\/06\/Copertina_53_3D.jpg 500w\" sizes=\"(max-width: 300px) 100vw, 300px\" \/>\t\t<\/a>\n\n\t\t\t<\/div>\n\n\t<div class=\"top-information wd-fill\">\n\n\t\t<h3 class=\"wd-entities-title\"><a href=\"https:\/\/www.ledizioni.it\/en\/product\/silvae-quaderni-semestrali-di-saggistica-e-didattica-anno-xx-n-53-2019\/\">Silvae &#8211; quaderni semestrali di saggistica e didattica, anno XX, n. 53, 2019<\/a><\/h3>\t\t\t\t<div class=\"wd-product-cats\">\n\t\t\t<a href=\"https:\/\/www.ledizioni.it\/en\/product-category\/riviste\/silvae\/\" rel=\"tag\">Silvae<\/a>\t\t<\/div>\n\t\t\n\t\t\t\t\t\t\n\t<span class=\"price\"><span class=\"woocommerce-Price-amount amount\"><bdi>25,00&nbsp;<span class=\"woocommerce-Price-currencySymbol\">&euro;<\/span><\/bdi><\/span><\/span>\n\n\t\t<div class=\"wd-add-btn wd-add-btn-replace\">\n\t\t\t<a title='Quick View' class='shopengine-quickview-trigger se-btn'\n\t\t\t\t\tdata-source-url='https:\/\/www.ledizioni.it\/en\/product\/silvae-quaderni-semestrali-di-saggistica-e-didattica-anno-xx-n-53-2019\/'\n\t\t\t\t\thref='https:\/\/www.ledizioni.it\/en\/product\/silvae-quaderni-semestrali-di-saggistica-e-didattica-anno-xx-n-53-2019\/'>\n\t\t\t\t\t<i class=\"shopengine-icon-quick_view_1\"><\/i>\n\t\t\t\t<\/a><a href=\"\/en\/wp-json\/wp\/v2\/pages\/15618?add-to-cart=30596\" data-quantity=\"1\" class=\"button product_type_simple add_to_cart_button ajax_add_to_cart add-to-cart-loop\" data-product_id=\"30596\" data-product_sku=\"\" aria-label=\"Add to basket: \u201cSilvae - quaderni semestrali di saggistica e didattica, anno XX, n. 53, 2019\u201d\" rel=\"nofollow\" data-success_message=\"\u201cSilvae - quaderni semestrali di saggistica e didattica, anno XX, n. 53, 2019\u201d has been added to your basket\" data-no-translation-aria-label=\"\" data-no-translation-data-success_message=\"\"><span data-no-translation=\"\" data-trp-gettext=\"\">Add to basket<\/span><\/a>\t\t\t\t\t<\/div>\n\t<\/div>\n\n\t<div class=\"wd-buttons wd-pos-r-t color-scheme-light\">\n\t\t\t\t\t\t<div class=\"wd-compare-btn product-compare-button wd-action-btn wd-style-icon wd-compare-icon\">\n\t\t\t<a href=\"https:\/\/www.ledizioni.it\/en\/compare\/\" data-id=\"30596\" rel=\"nofollow\" data-added-text=\"Compare products\">\n\t\t\t\t<span>Compare<\/span>\n\t\t\t<\/a>\n\t\t<\/div>\n\t\t\t\t\t\t<div class=\"quick-view wd-action-btn wd-style-icon wd-quick-view-icon\">\n\t\t\t<a\n\t\t\t\thref=\"https:\/\/www.ledizioni.it\/en\/product\/silvae-quaderni-semestrali-di-saggistica-e-didattica-anno-xx-n-53-2019\/\"\n\t\t\t\tclass=\"open-quick-view quick-view-button\"\n\t\t\t\trel=\"nofollow\"\n\t\t\t\tdata-id=\"30596\"\n\t\t\t\t>Quick view<\/a>\n\t\t<\/div>\n\t\t\t\t\t\t\t<div class=\"wd-wishlist-btn wd-action-btn wd-style-icon wd-wishlist-icon\">\n\t\t\t\t<a class=\"\" href=\"https:\/\/www.ledizioni.it\/en\/product\/silvae-quaderni-semestrali-di-saggistica-e-didattica-anno-xx-n-53-2019\/\" data-key=\"0a80dfbd9b\" data-product-id=\"30596\" rel=\"nofollow\" data-added-text=\"Browse Wishlist\">\n\t\t\t\t\t<span>Add to wishlist<\/span>\n\t\t\t\t<\/a>\n\t\t\t<\/div>\n\t\t\t<\/div>\n\n<\/div>\n\n\n<\/div>\n<div class=\"product-grid-item wd-with-labels product wd-hover-info-alt  col-lg-3 col-md-3 col-6 last  type-product post-26747 status-publish first instock product_cat-silvae product_tag-latinisti product_tag-studi-classici has-post-thumbnail featured shipping-taxable purchasable product-type-simple\" data-loop=\"8\" data-id=\"26747\">\n\t\t\t\t\n\t<div class=\"product-wrapper\">\n\t<div class=\"product-element-top wd-quick-shop\">\n\t\t<a href=\"https:\/\/www.ledizioni.it\/en\/product\/silvae-quaderni-semestrali-di-saggistica-e-didattica-anno-xx-n-52-2019\/\" class=\"product-image-link\">\n\t\t\t<img loading=\"lazy\" decoding=\"async\" width=\"300\" height=\"356\" src=\"https:\/\/www.ledizioni.it\/stag\/wp-content\/uploads\/2020\/01\/Silvae52_3D-300x356.jpg\" class=\"attachment-woocommerce_thumbnail size-woocommerce_thumbnail wp-image-26748\" alt=\"\" srcset=\"https:\/\/www.ledizioni.it\/stag\/wp-content\/uploads\/2020\/01\/Silvae52_3D-300x356.jpg 300w, https:\/\/www.ledizioni.it\/stag\/wp-content\/uploads\/2020\/01\/Silvae52_3D-400x475.jpg 400w, https:\/\/www.ledizioni.it\/stag\/wp-content\/uploads\/2020\/01\/Silvae52_3D-210x250.jpg 210w, https:\/\/www.ledizioni.it\/stag\/wp-content\/uploads\/2020\/01\/Silvae52_3D-10x12.jpg 10w, https:\/\/www.ledizioni.it\/stag\/wp-content\/uploads\/2020\/01\/Silvae52_3D-253x300.jpg 253w, https:\/\/www.ledizioni.it\/stag\/wp-content\/uploads\/2020\/01\/Silvae52_3D.jpg 500w\" sizes=\"(max-width: 300px) 100vw, 300px\" \/>\t\t<\/a>\n\n\t\t\t<\/div>\n\n\t<div class=\"top-information wd-fill\">\n\n\t\t<h3 class=\"wd-entities-title\"><a href=\"https:\/\/www.ledizioni.it\/en\/product\/silvae-quaderni-semestrali-di-saggistica-e-didattica-anno-xx-n-52-2019\/\">Silvae &#8211; quaderni semestrali di saggistica e didattica, anno XX, n. 52, 2019<\/a><\/h3>\t\t\t\t<div class=\"wd-product-cats\">\n\t\t\t<a href=\"https:\/\/www.ledizioni.it\/en\/product-category\/riviste\/silvae\/\" rel=\"tag\">Silvae<\/a>\t\t<\/div>\n\t\t\n\t\t\t\t\t\t\n\t<span class=\"price\"><span class=\"woocommerce-Price-amount amount\"><bdi>25,00&nbsp;<span class=\"woocommerce-Price-currencySymbol\">&euro;<\/span><\/bdi><\/span><\/span>\n\n\t\t<div class=\"wd-add-btn wd-add-btn-replace\">\n\t\t\t<a title='Quick View' class='shopengine-quickview-trigger se-btn'\n\t\t\t\t\tdata-source-url='https:\/\/www.ledizioni.it\/en\/product\/silvae-quaderni-semestrali-di-saggistica-e-didattica-anno-xx-n-52-2019\/'\n\t\t\t\t\thref='https:\/\/www.ledizioni.it\/en\/product\/silvae-quaderni-semestrali-di-saggistica-e-didattica-anno-xx-n-52-2019\/'>\n\t\t\t\t\t<i class=\"shopengine-icon-quick_view_1\"><\/i>\n\t\t\t\t<\/a><a href=\"\/en\/wp-json\/wp\/v2\/pages\/15618?add-to-cart=26747\" data-quantity=\"1\" class=\"button product_type_simple add_to_cart_button ajax_add_to_cart add-to-cart-loop\" data-product_id=\"26747\" data-product_sku=\"\" aria-label=\"Add to basket: \u201cSilvae - quaderni semestrali di saggistica e didattica, anno XX, n. 52, 2019\u201d\" rel=\"nofollow\" data-success_message=\"\u201cSilvae - quaderni semestrali di saggistica e didattica, anno XX, n. 52, 2019\u201d has been added to your basket\" data-no-translation-aria-label=\"\" data-no-translation-data-success_message=\"\"><span data-no-translation=\"\" data-trp-gettext=\"\">Add to basket<\/span><\/a>\t\t\t\t\t<\/div>\n\t<\/div>\n\n\t<div class=\"wd-buttons wd-pos-r-t color-scheme-light\">\n\t\t\t\t\t\t<div class=\"wd-compare-btn product-compare-button wd-action-btn wd-style-icon wd-compare-icon\">\n\t\t\t<a href=\"https:\/\/www.ledizioni.it\/en\/compare\/\" data-id=\"26747\" rel=\"nofollow\" data-added-text=\"Compare products\">\n\t\t\t\t<span>Compare<\/span>\n\t\t\t<\/a>\n\t\t<\/div>\n\t\t\t\t\t\t<div class=\"quick-view wd-action-btn wd-style-icon wd-quick-view-icon\">\n\t\t\t<a\n\t\t\t\thref=\"https:\/\/www.ledizioni.it\/en\/product\/silvae-quaderni-semestrali-di-saggistica-e-didattica-anno-xx-n-52-2019\/\"\n\t\t\t\tclass=\"open-quick-view quick-view-button\"\n\t\t\t\trel=\"nofollow\"\n\t\t\t\tdata-id=\"26747\"\n\t\t\t\t>Quick view<\/a>\n\t\t<\/div>\n\t\t\t\t\t\t\t<div class=\"wd-wishlist-btn wd-action-btn wd-style-icon wd-wishlist-icon\">\n\t\t\t\t<a class=\"\" href=\"https:\/\/www.ledizioni.it\/en\/product\/silvae-quaderni-semestrali-di-saggistica-e-didattica-anno-xx-n-52-2019\/\" data-key=\"0a80dfbd9b\" data-product-id=\"26747\" rel=\"nofollow\" data-added-text=\"Browse Wishlist\">\n\t\t\t\t\t<span>Add to wishlist<\/span>\n\t\t\t\t<\/a>\n\t\t\t<\/div>\n\t\t\t<\/div>\n\n<\/div>\n\n\n<\/div>\n<div class=\"product-grid-item wd-with-labels product wd-hover-info-alt  col-lg-3 col-md-3 col-6 first  type-product post-23838 status-publish instock product_cat-silvae product_tag-latinisti product_tag-studi-classici has-post-thumbnail featured shipping-taxable purchasable product-type-simple\" data-loop=\"9\" data-id=\"23838\">\n\t\t\t\t\n\t<div class=\"product-wrapper\">\n\t<div class=\"product-element-top wd-quick-shop\">\n\t\t<a href=\"https:\/\/www.ledizioni.it\/en\/product\/silvae-quaderni-semestrali-di-saggistica-e-didattica-anno-xix-n-50-51-2018\/\" class=\"product-image-link\">\n\t\t\t<img loading=\"lazy\" decoding=\"async\" width=\"300\" height=\"368\" src=\"https:\/\/www.ledizioni.it\/stag\/wp-content\/uploads\/2019\/06\/Copertina_5051_3D-300x368.jpg\" class=\"attachment-woocommerce_thumbnail size-woocommerce_thumbnail wp-image-23839\" alt=\"\" srcset=\"https:\/\/www.ledizioni.it\/stag\/wp-content\/uploads\/2019\/06\/Copertina_5051_3D-300x368.jpg 300w, https:\/\/www.ledizioni.it\/stag\/wp-content\/uploads\/2019\/06\/Copertina_5051_3D-204x250.jpg 204w, https:\/\/www.ledizioni.it\/stag\/wp-content\/uploads\/2019\/06\/Copertina_5051_3D-10x12.jpg 10w, https:\/\/www.ledizioni.it\/stag\/wp-content\/uploads\/2019\/06\/Copertina_5051_3D-244x300.jpg 244w, https:\/\/www.ledizioni.it\/stag\/wp-content\/uploads\/2019\/06\/Copertina_5051_3D-369x453.jpg 369w, https:\/\/www.ledizioni.it\/stag\/wp-content\/uploads\/2019\/06\/Copertina_5051_3D.jpg 400w\" sizes=\"(max-width: 300px) 100vw, 300px\" \/>\t\t<\/a>\n\n\t\t\t<\/div>\n\n\t<div class=\"top-information wd-fill\">\n\n\t\t<h3 class=\"wd-entities-title\"><a href=\"https:\/\/www.ledizioni.it\/en\/product\/silvae-quaderni-semestrali-di-saggistica-e-didattica-anno-xix-n-50-51-2018\/\">Silvae &#8211; quaderni semestrali di saggistica e didattica, anno XIX, n. 50\/51, 2018<\/a><\/h3>\t\t\t\t<div class=\"wd-product-cats\">\n\t\t\t<a href=\"https:\/\/www.ledizioni.it\/en\/product-category\/riviste\/silvae\/\" rel=\"tag\">Silvae<\/a>\t\t<\/div>\n\t\t\n\t\t\t\t\t\t\n\t<span class=\"price\"><span class=\"woocommerce-Price-amount amount\"><bdi>50,00&nbsp;<span class=\"woocommerce-Price-currencySymbol\">&euro;<\/span><\/bdi><\/span><\/span>\n\n\t\t<div class=\"wd-add-btn wd-add-btn-replace\">\n\t\t\t<a title='Quick View' class='shopengine-quickview-trigger se-btn'\n\t\t\t\t\tdata-source-url='https:\/\/www.ledizioni.it\/en\/product\/silvae-quaderni-semestrali-di-saggistica-e-didattica-anno-xix-n-50-51-2018\/'\n\t\t\t\t\thref='https:\/\/www.ledizioni.it\/en\/product\/silvae-quaderni-semestrali-di-saggistica-e-didattica-anno-xix-n-50-51-2018\/'>\n\t\t\t\t\t<i class=\"shopengine-icon-quick_view_1\"><\/i>\n\t\t\t\t<\/a><a href=\"\/en\/wp-json\/wp\/v2\/pages\/15618?add-to-cart=23838\" data-quantity=\"1\" class=\"button product_type_simple add_to_cart_button ajax_add_to_cart add-to-cart-loop\" data-product_id=\"23838\" data-product_sku=\"\" aria-label=\"Add to basket: \u201cSilvae - quaderni semestrali di saggistica e didattica, anno XIX, n. 50\/51, 2018\u201d\" rel=\"nofollow\" data-success_message=\"\u201cSilvae - quaderni semestrali di saggistica e didattica, anno XIX, n. 50\/51, 2018\u201d has been added to your basket\" data-no-translation-aria-label=\"\" data-no-translation-data-success_message=\"\"><span data-no-translation=\"\" data-trp-gettext=\"\">Add to basket<\/span><\/a>\t\t\t\t\t<\/div>\n\t<\/div>\n\n\t<div class=\"wd-buttons wd-pos-r-t color-scheme-light\">\n\t\t\t\t\t\t<div class=\"wd-compare-btn product-compare-button wd-action-btn wd-style-icon wd-compare-icon\">\n\t\t\t<a href=\"https:\/\/www.ledizioni.it\/en\/compare\/\" data-id=\"23838\" rel=\"nofollow\" data-added-text=\"Compare products\">\n\t\t\t\t<span>Compare<\/span>\n\t\t\t<\/a>\n\t\t<\/div>\n\t\t\t\t\t\t<div class=\"quick-view wd-action-btn wd-style-icon wd-quick-view-icon\">\n\t\t\t<a\n\t\t\t\thref=\"https:\/\/www.ledizioni.it\/en\/product\/silvae-quaderni-semestrali-di-saggistica-e-didattica-anno-xix-n-50-51-2018\/\"\n\t\t\t\tclass=\"open-quick-view quick-view-button\"\n\t\t\t\trel=\"nofollow\"\n\t\t\t\tdata-id=\"23838\"\n\t\t\t\t>Quick view<\/a>\n\t\t<\/div>\n\t\t\t\t\t\t\t<div class=\"wd-wishlist-btn wd-action-btn wd-style-icon wd-wishlist-icon\">\n\t\t\t\t<a class=\"\" href=\"https:\/\/www.ledizioni.it\/en\/product\/silvae-quaderni-semestrali-di-saggistica-e-didattica-anno-xix-n-50-51-2018\/\" data-key=\"0a80dfbd9b\" data-product-id=\"23838\" rel=\"nofollow\" data-added-text=\"Browse Wishlist\">\n\t\t\t\t\t<span>Add to wishlist<\/span>\n\t\t\t\t<\/a>\n\t\t\t<\/div>\n\t\t\t<\/div>\n\n<\/div>\n\n\n<\/div>\n<div class=\"product-grid-item wd-with-labels product wd-hover-info-alt  col-lg-3 col-md-3 col-6 type-product post-22647 status-publish instock product_cat-silvae product_tag-latinisti product_tag-studi-classici has-post-thumbnail featured shipping-taxable purchasable product-type-simple\" data-loop=\"10\" data-id=\"22647\">\n\t\t\t\t\n\t<div class=\"product-wrapper\">\n\t<div class=\"product-element-top wd-quick-shop\">\n\t\t<a href=\"https:\/\/www.ledizioni.it\/en\/product\/silvae-quaderni-semestrali-di-saggistica-e-didattica-anno-xviii-n-49-luglio-dicembre-2017\/\" class=\"product-image-link\">\n\t\t\t<img loading=\"lazy\" decoding=\"async\" width=\"300\" height=\"392\" src=\"https:\/\/www.ledizioni.it\/stag\/wp-content\/uploads\/2019\/03\/Copertina_49_3D-300x392.jpg\" class=\"attachment-woocommerce_thumbnail size-woocommerce_thumbnail wp-image-22648\" alt=\"\" srcset=\"https:\/\/www.ledizioni.it\/stag\/wp-content\/uploads\/2019\/03\/Copertina_49_3D-300x392.jpg 300w, https:\/\/www.ledizioni.it\/stag\/wp-content\/uploads\/2019\/03\/Copertina_49_3D-192x250.jpg 192w, https:\/\/www.ledizioni.it\/stag\/wp-content\/uploads\/2019\/03\/Copertina_49_3D-9x12.jpg 9w, https:\/\/www.ledizioni.it\/stag\/wp-content\/uploads\/2019\/03\/Copertina_49_3D-230x300.jpg 230w, https:\/\/www.ledizioni.it\/stag\/wp-content\/uploads\/2019\/03\/Copertina_49_3D-369x482.jpg 369w, https:\/\/www.ledizioni.it\/stag\/wp-content\/uploads\/2019\/03\/Copertina_49_3D.jpg 400w\" sizes=\"(max-width: 300px) 100vw, 300px\" \/>\t\t<\/a>\n\n\t\t\t<\/div>\n\n\t<div class=\"top-information wd-fill\">\n\n\t\t<h3 class=\"wd-entities-title\"><a href=\"https:\/\/www.ledizioni.it\/en\/product\/silvae-quaderni-semestrali-di-saggistica-e-didattica-anno-xviii-n-49-luglio-dicembre-2017\/\">Silvae &#8211; quaderni semestrali di saggistica e didattica, anno XVIII, n. 49, luglio-dicembre 2017<\/a><\/h3>\t\t\t\t<div class=\"wd-product-cats\">\n\t\t\t<a href=\"https:\/\/www.ledizioni.it\/en\/product-category\/riviste\/silvae\/\" rel=\"tag\">Silvae<\/a>\t\t<\/div>\n\t\t\n\t\t\t\t\t\t\n\t<span class=\"price\"><span class=\"woocommerce-Price-amount amount\"><bdi>25,00&nbsp;<span class=\"woocommerce-Price-currencySymbol\">&euro;<\/span><\/bdi><\/span><\/span>\n\n\t\t<div class=\"wd-add-btn wd-add-btn-replace\">\n\t\t\t<a title='Quick View' class='shopengine-quickview-trigger se-btn'\n\t\t\t\t\tdata-source-url='https:\/\/www.ledizioni.it\/en\/product\/silvae-quaderni-semestrali-di-saggistica-e-didattica-anno-xviii-n-49-luglio-dicembre-2017\/'\n\t\t\t\t\thref='https:\/\/www.ledizioni.it\/en\/product\/silvae-quaderni-semestrali-di-saggistica-e-didattica-anno-xviii-n-49-luglio-dicembre-2017\/'>\n\t\t\t\t\t<i class=\"shopengine-icon-quick_view_1\"><\/i>\n\t\t\t\t<\/a><a href=\"\/en\/wp-json\/wp\/v2\/pages\/15618?add-to-cart=22647\" data-quantity=\"1\" class=\"button product_type_simple add_to_cart_button ajax_add_to_cart add-to-cart-loop\" data-product_id=\"22647\" data-product_sku=\"\" aria-label=\"Add to basket: \u201cSilvae - quaderni semestrali di saggistica e didattica, anno XVIII, n. 49, luglio-dicembre 2017\u201d\" rel=\"nofollow\" data-success_message=\"\u201cSilvae - quaderni semestrali di saggistica e didattica, anno XVIII, n. 49, luglio-dicembre 2017\u201d has been added to your basket\" data-no-translation-aria-label=\"\" data-no-translation-data-success_message=\"\"><span data-no-translation=\"\" data-trp-gettext=\"\">Add to basket<\/span><\/a>\t\t\t\t\t<\/div>\n\t<\/div>\n\n\t<div class=\"wd-buttons wd-pos-r-t color-scheme-light\">\n\t\t\t\t\t\t<div class=\"wd-compare-btn product-compare-button wd-action-btn wd-style-icon wd-compare-icon\">\n\t\t\t<a href=\"https:\/\/www.ledizioni.it\/en\/compare\/\" data-id=\"22647\" rel=\"nofollow\" data-added-text=\"Compare products\">\n\t\t\t\t<span>Compare<\/span>\n\t\t\t<\/a>\n\t\t<\/div>\n\t\t\t\t\t\t<div class=\"quick-view wd-action-btn wd-style-icon wd-quick-view-icon\">\n\t\t\t<a\n\t\t\t\thref=\"https:\/\/www.ledizioni.it\/en\/product\/silvae-quaderni-semestrali-di-saggistica-e-didattica-anno-xviii-n-49-luglio-dicembre-2017\/\"\n\t\t\t\tclass=\"open-quick-view quick-view-button\"\n\t\t\t\trel=\"nofollow\"\n\t\t\t\tdata-id=\"22647\"\n\t\t\t\t>Quick view<\/a>\n\t\t<\/div>\n\t\t\t\t\t\t\t<div class=\"wd-wishlist-btn wd-action-btn wd-style-icon wd-wishlist-icon\">\n\t\t\t\t<a class=\"\" href=\"https:\/\/www.ledizioni.it\/en\/product\/silvae-quaderni-semestrali-di-saggistica-e-didattica-anno-xviii-n-49-luglio-dicembre-2017\/\" data-key=\"0a80dfbd9b\" data-product-id=\"22647\" rel=\"nofollow\" data-added-text=\"Browse Wishlist\">\n\t\t\t\t\t<span>Add to wishlist<\/span>\n\t\t\t\t<\/a>\n\t\t\t<\/div>\n\t\t\t<\/div>\n\n<\/div>\n\n\n<\/div>\n<div class=\"product-grid-item product wd-hover-info-alt  col-lg-3 col-md-3 col-6 type-product post-22649 status-publish last instock product_cat-silvae product_tag-latinisti product_tag-studi-classici has-post-thumbnail shipping-taxable purchasable product-type-simple\" data-loop=\"11\" data-id=\"22649\">\n\t\t\t\t\n\t<div class=\"product-wrapper\">\n\t<div class=\"product-element-top wd-quick-shop\">\n\t\t<a href=\"https:\/\/www.ledizioni.it\/en\/product\/silvae-quaderni-semestrali-di-saggistica-e-didattica-anno-xviii-n-48-gennaio-giugno-2017\/\" class=\"product-image-link\">\n\t\t\t<img loading=\"lazy\" decoding=\"async\" width=\"300\" height=\"374\" src=\"https:\/\/www.ledizioni.it\/stag\/wp-content\/uploads\/2019\/03\/Copertina_48DEF_3D-300x374.jpg\" class=\"attachment-woocommerce_thumbnail size-woocommerce_thumbnail wp-image-22650\" alt=\"\" srcset=\"https:\/\/www.ledizioni.it\/stag\/wp-content\/uploads\/2019\/03\/Copertina_48DEF_3D-300x374.jpg 300w, https:\/\/www.ledizioni.it\/stag\/wp-content\/uploads\/2019\/03\/Copertina_48DEF_3D-201x250.jpg 201w, https:\/\/www.ledizioni.it\/stag\/wp-content\/uploads\/2019\/03\/Copertina_48DEF_3D-10x12.jpg 10w, https:\/\/www.ledizioni.it\/stag\/wp-content\/uploads\/2019\/03\/Copertina_48DEF_3D-241x300.jpg 241w, https:\/\/www.ledizioni.it\/stag\/wp-content\/uploads\/2019\/03\/Copertina_48DEF_3D-369x459.jpg 369w, https:\/\/www.ledizioni.it\/stag\/wp-content\/uploads\/2019\/03\/Copertina_48DEF_3D.jpg 400w\" sizes=\"(max-width: 300px) 100vw, 300px\" \/>\t\t<\/a>\n\n\t\t\t<\/div>\n\n\t<div class=\"top-information wd-fill\">\n\n\t\t<h3 class=\"wd-entities-title\"><a href=\"https:\/\/www.ledizioni.it\/en\/product\/silvae-quaderni-semestrali-di-saggistica-e-didattica-anno-xviii-n-48-gennaio-giugno-2017\/\">Silvae &#8211; quaderni semestrali di saggistica e didattica, anno XVIII, n. 48, gennaio-giugno 2017<\/a><\/h3>\t\t\t\t<div class=\"wd-product-cats\">\n\t\t\t<a href=\"https:\/\/www.ledizioni.it\/en\/product-category\/riviste\/silvae\/\" rel=\"tag\">Silvae<\/a>\t\t<\/div>\n\t\t\n\t\t\t\t\t\t\n\t<span class=\"price\"><span class=\"woocommerce-Price-amount amount\"><bdi>25,00&nbsp;<span class=\"woocommerce-Price-currencySymbol\">&euro;<\/span><\/bdi><\/span><\/span>\n\n\t\t<div class=\"wd-add-btn wd-add-btn-replace\">\n\t\t\t<a title='Quick View' class='shopengine-quickview-trigger se-btn'\n\t\t\t\t\tdata-source-url='https:\/\/www.ledizioni.it\/en\/product\/silvae-quaderni-semestrali-di-saggistica-e-didattica-anno-xviii-n-48-gennaio-giugno-2017\/'\n\t\t\t\t\thref='https:\/\/www.ledizioni.it\/en\/product\/silvae-quaderni-semestrali-di-saggistica-e-didattica-anno-xviii-n-48-gennaio-giugno-2017\/'>\n\t\t\t\t\t<i class=\"shopengine-icon-quick_view_1\"><\/i>\n\t\t\t\t<\/a><a href=\"\/en\/wp-json\/wp\/v2\/pages\/15618?add-to-cart=22649\" data-quantity=\"1\" class=\"button product_type_simple add_to_cart_button ajax_add_to_cart add-to-cart-loop\" data-product_id=\"22649\" data-product_sku=\"\" aria-label=\"Add to basket: \u201cSilvae - quaderni semestrali di saggistica e didattica, anno XVIII, n. 48, gennaio-giugno 2017\u201d\" rel=\"nofollow\" data-success_message=\"\u201cSilvae - quaderni semestrali di saggistica e didattica, anno XVIII, n. 48, gennaio-giugno 2017\u201d has been added to your basket\" data-no-translation-aria-label=\"\" data-no-translation-data-success_message=\"\"><span data-no-translation=\"\" data-trp-gettext=\"\">Add to basket<\/span><\/a>\t\t\t\t\t<\/div>\n\t<\/div>\n\n\t<div class=\"wd-buttons wd-pos-r-t color-scheme-light\">\n\t\t\t\t\t\t<div class=\"wd-compare-btn product-compare-button wd-action-btn wd-style-icon wd-compare-icon\">\n\t\t\t<a href=\"https:\/\/www.ledizioni.it\/en\/compare\/\" data-id=\"22649\" rel=\"nofollow\" data-added-text=\"Compare products\">\n\t\t\t\t<span>Compare<\/span>\n\t\t\t<\/a>\n\t\t<\/div>\n\t\t\t\t\t\t<div class=\"quick-view wd-action-btn wd-style-icon wd-quick-view-icon\">\n\t\t\t<a\n\t\t\t\thref=\"https:\/\/www.ledizioni.it\/en\/product\/silvae-quaderni-semestrali-di-saggistica-e-didattica-anno-xviii-n-48-gennaio-giugno-2017\/\"\n\t\t\t\tclass=\"open-quick-view quick-view-button\"\n\t\t\t\trel=\"nofollow\"\n\t\t\t\tdata-id=\"22649\"\n\t\t\t\t>Quick view<\/a>\n\t\t<\/div>\n\t\t\t\t\t\t\t<div class=\"wd-wishlist-btn wd-action-btn wd-style-icon wd-wishlist-icon\">\n\t\t\t\t<a class=\"\" href=\"https:\/\/www.ledizioni.it\/en\/product\/silvae-quaderni-semestrali-di-saggistica-e-didattica-anno-xviii-n-48-gennaio-giugno-2017\/\" data-key=\"0a80dfbd9b\" data-product-id=\"22649\" rel=\"nofollow\" data-added-text=\"Browse Wishlist\">\n\t\t\t\t\t<span>Add to wishlist<\/span>\n\t\t\t\t<\/a>\n\t\t\t<\/div>\n\t\t\t<\/div>\n\n<\/div>\n\n\n<\/div>\n<div class=\"product-grid-item wd-with-labels product wd-hover-info-alt  col-lg-3 col-md-3 col-6 last  type-product post-18164 status-publish first instock product_cat-silvae product_tag-latinisti product_tag-studi-classici has-post-thumbnail featured shipping-taxable purchasable product-type-simple\" data-loop=\"12\" data-id=\"18164\">\n\t\t\t\t\n\t<div class=\"product-wrapper\">\n\t<div class=\"product-element-top wd-quick-shop\">\n\t\t<a href=\"https:\/\/www.ledizioni.it\/en\/product\/silvae-quaderni-semestrali-di-saggistica-e-didattica-anno-xvii-n-47-luglio-dicembre-2016\/\" class=\"product-image-link\">\n\t\t\t<img loading=\"lazy\" decoding=\"async\" width=\"300\" height=\"388\" src=\"https:\/\/www.ledizioni.it\/stag\/wp-content\/uploads\/2017\/10\/cover_3D-3-300x388.jpg\" class=\"attachment-woocommerce_thumbnail size-woocommerce_thumbnail wp-image-18165\" alt=\"\" srcset=\"https:\/\/www.ledizioni.it\/stag\/wp-content\/uploads\/2017\/10\/cover_3D-3-300x388.jpg 300w, https:\/\/www.ledizioni.it\/stag\/wp-content\/uploads\/2017\/10\/cover_3D-3-400x517.jpg 400w, https:\/\/www.ledizioni.it\/stag\/wp-content\/uploads\/2017\/10\/cover_3D-3-193x250.jpg 193w, https:\/\/www.ledizioni.it\/stag\/wp-content\/uploads\/2017\/10\/cover_3D-3-232x300.jpg 232w, https:\/\/www.ledizioni.it\/stag\/wp-content\/uploads\/2017\/10\/cover_3D-3-768x993.jpg 768w, https:\/\/www.ledizioni.it\/stag\/wp-content\/uploads\/2017\/10\/cover_3D-3-619x800.jpg 619w, https:\/\/www.ledizioni.it\/stag\/wp-content\/uploads\/2017\/10\/cover_3D-3-1188x1536.jpg 1188w, https:\/\/www.ledizioni.it\/stag\/wp-content\/uploads\/2017\/10\/cover_3D-3-9x12.jpg 9w, https:\/\/www.ledizioni.it\/stag\/wp-content\/uploads\/2017\/10\/cover_3D-3-600x776.jpg 600w, https:\/\/www.ledizioni.it\/stag\/wp-content\/uploads\/2017\/10\/cover_3D-3.jpg 1504w\" sizes=\"(max-width: 300px) 100vw, 300px\" \/>\t\t<\/a>\n\n\t\t\t<\/div>\n\n\t<div class=\"top-information wd-fill\">\n\n\t\t<h3 class=\"wd-entities-title\"><a href=\"https:\/\/www.ledizioni.it\/en\/product\/silvae-quaderni-semestrali-di-saggistica-e-didattica-anno-xvii-n-47-luglio-dicembre-2016\/\">Silvae &#8211; quaderni semestrali di saggistica e didattica, anno XVII, n. 47, luglio-dicembre 2016<\/a><\/h3>\t\t\t\t<div class=\"wd-product-cats\">\n\t\t\t<a href=\"https:\/\/www.ledizioni.it\/en\/product-category\/riviste\/silvae\/\" rel=\"tag\">Silvae<\/a>\t\t<\/div>\n\t\t\n\t\t\t\t\t\t\n\t<span class=\"price\"><span class=\"woocommerce-Price-amount amount\"><bdi>25,00&nbsp;<span class=\"woocommerce-Price-currencySymbol\">&euro;<\/span><\/bdi><\/span><\/span>\n\n\t\t<div class=\"wd-add-btn wd-add-btn-replace\">\n\t\t\t<a title='Quick View' class='shopengine-quickview-trigger se-btn'\n\t\t\t\t\tdata-source-url='https:\/\/www.ledizioni.it\/en\/product\/silvae-quaderni-semestrali-di-saggistica-e-didattica-anno-xvii-n-47-luglio-dicembre-2016\/'\n\t\t\t\t\thref='https:\/\/www.ledizioni.it\/en\/product\/silvae-quaderni-semestrali-di-saggistica-e-didattica-anno-xvii-n-47-luglio-dicembre-2016\/'>\n\t\t\t\t\t<i class=\"shopengine-icon-quick_view_1\"><\/i>\n\t\t\t\t<\/a><a href=\"\/en\/wp-json\/wp\/v2\/pages\/15618?add-to-cart=18164\" data-quantity=\"1\" class=\"button product_type_simple add_to_cart_button ajax_add_to_cart add-to-cart-loop\" data-product_id=\"18164\" data-product_sku=\"\" aria-label=\"Add to basket: \u201cSilvae - quaderni semestrali di saggistica e didattica, anno XVII, n. 47, luglio-dicembre 2016\u201d\" rel=\"nofollow\" data-success_message=\"\u201cSilvae - quaderni semestrali di saggistica e didattica, anno XVII, n. 47, luglio-dicembre 2016\u201d has been added to your basket\" data-no-translation-aria-label=\"\" data-no-translation-data-success_message=\"\"><span data-no-translation=\"\" data-trp-gettext=\"\">Add to basket<\/span><\/a>\t\t\t\t\t<\/div>\n\t<\/div>\n\n\t<div class=\"wd-buttons wd-pos-r-t color-scheme-light\">\n\t\t\t\t\t\t<div class=\"wd-compare-btn product-compare-button wd-action-btn wd-style-icon wd-compare-icon\">\n\t\t\t<a href=\"https:\/\/www.ledizioni.it\/en\/compare\/\" data-id=\"18164\" rel=\"nofollow\" data-added-text=\"Compare products\">\n\t\t\t\t<span>Compare<\/span>\n\t\t\t<\/a>\n\t\t<\/div>\n\t\t\t\t\t\t<div class=\"quick-view wd-action-btn wd-style-icon wd-quick-view-icon\">\n\t\t\t<a\n\t\t\t\thref=\"https:\/\/www.ledizioni.it\/en\/product\/silvae-quaderni-semestrali-di-saggistica-e-didattica-anno-xvii-n-47-luglio-dicembre-2016\/\"\n\t\t\t\tclass=\"open-quick-view quick-view-button\"\n\t\t\t\trel=\"nofollow\"\n\t\t\t\tdata-id=\"18164\"\n\t\t\t\t>Quick view<\/a>\n\t\t<\/div>\n\t\t\t\t\t\t\t<div class=\"wd-wishlist-btn wd-action-btn wd-style-icon wd-wishlist-icon\">\n\t\t\t\t<a class=\"\" href=\"https:\/\/www.ledizioni.it\/en\/product\/silvae-quaderni-semestrali-di-saggistica-e-didattica-anno-xvii-n-47-luglio-dicembre-2016\/\" data-key=\"0a80dfbd9b\" data-product-id=\"18164\" rel=\"nofollow\" data-added-text=\"Browse Wishlist\">\n\t\t\t\t\t<span>Add to wishlist<\/span>\n\t\t\t\t<\/a>\n\t\t\t<\/div>\n\t\t\t<\/div>\n\n<\/div>\n\n\n<\/div>\n<\/div><\/div><\/p>","protected":false},"excerpt":{"rendered":"<p>ISSN 2239-5415 Silv\u04d5 \u00e8 una pubblicazione nata dall\u2019esperienza di Latina Didaxis, il convegno organizzato annualmente da Silvana Rocca, Professore Ordinario<\/p>","protected":false},"author":1,"featured_media":0,"parent":4165,"menu_order":0,"comment_status":"closed","ping_status":"closed","template":"","meta":{"_acf_changed":false,"footnotes":""},"class_list":["post-15618","page","type-page","status-publish","hentry"],"acf":[],"yoast_head":"<!-- This site is optimized with the Yoast SEO plugin v27.5 - https:\/\/yoast.com\/product\/yoast-seo-wordpress\/ -->\n<title>SILVAE -<\/title>\n<meta name=\"description\" content=\"Ledizioni - Innovative Publishing. Casa editrice universitaria. Open Access. eBook, ePub. Creative Commons.\" \/>\n<meta name=\"robots\" content=\"index, follow, max-snippet:-1, max-image-preview:large, max-video-preview:-1\" \/>\n<link rel=\"canonical\" href=\"https:\/\/www.ledizioni.it\/en\/riviste\/silvae-45\/\" \/>\n<meta property=\"og:locale\" content=\"en_GB\" \/>\n<meta property=\"og:type\" content=\"article\" \/>\n<meta property=\"og:title\" content=\"SILVAE -\" \/>\n<meta property=\"og:description\" content=\"Ledizioni - Innovative Publishing. Casa editrice universitaria. Open Access. eBook, ePub. Creative Commons.\" \/>\n<meta property=\"og:url\" content=\"https:\/\/www.ledizioni.it\/en\/riviste\/silvae-45\/\" \/>\n<meta property=\"og:site_name\" content=\"Ledizioni\" \/>\n<meta property=\"article:publisher\" content=\"https:\/\/www.facebook.com\/pages\/Ledizioni-LediPublishing\/109120559173329\" \/>\n<meta property=\"article:modified_time\" content=\"2021-04-22T14:29:10+00:00\" \/>\n<meta property=\"og:image\" content=\"http:\/\/www.ledizioni.it\/stag\/wp-content\/uploads\/2016\/08\/Cop_x_Sito-300x148.jpg\" \/>\n<meta name=\"twitter:card\" content=\"summary_large_image\" \/>\n<meta name=\"twitter:site\" content=\"@ledizioni\" \/>\n<meta name=\"twitter:label1\" content=\"Estimated reading time\" \/>\n\t<meta name=\"twitter:data1\" content=\"2 minutes\" \/>\n<script type=\"application\/ld+json\" class=\"yoast-schema-graph\">{\"@context\":\"https:\\\/\\\/schema.org\",\"@graph\":[{\"@type\":\"WebPage\",\"@id\":\"https:\\\/\\\/www.ledizioni.it\\\/riviste\\\/silvae-45\\\/\",\"url\":\"https:\\\/\\\/www.ledizioni.it\\\/riviste\\\/silvae-45\\\/\",\"name\":\"SILVAE -\",\"isPartOf\":{\"@id\":\"https:\\\/\\\/www.ledizioni.it\\\/#website\"},\"primaryImageOfPage\":{\"@id\":\"https:\\\/\\\/www.ledizioni.it\\\/riviste\\\/silvae-45\\\/#primaryimage\"},\"image\":{\"@id\":\"https:\\\/\\\/www.ledizioni.it\\\/riviste\\\/silvae-45\\\/#primaryimage\"},\"thumbnailUrl\":\"http:\\\/\\\/www.ledizioni.it\\\/stag\\\/wp-content\\\/uploads\\\/2016\\\/08\\\/Cop_x_Sito-300x148.jpg\",\"datePublished\":\"2016-08-29T15:00:24+00:00\",\"dateModified\":\"2021-04-22T14:29:10+00:00\",\"description\":\"Ledizioni - Innovative Publishing. Casa editrice universitaria. Open Access. eBook, ePub. Creative Commons.\",\"breadcrumb\":{\"@id\":\"https:\\\/\\\/www.ledizioni.it\\\/riviste\\\/silvae-45\\\/#breadcrumb\"},\"inLanguage\":\"en-GB\",\"potentialAction\":[{\"@type\":\"ReadAction\",\"target\":[\"https:\\\/\\\/www.ledizioni.it\\\/riviste\\\/silvae-45\\\/\"]}]},{\"@type\":\"ImageObject\",\"inLanguage\":\"en-GB\",\"@id\":\"https:\\\/\\\/www.ledizioni.it\\\/riviste\\\/silvae-45\\\/#primaryimage\",\"url\":\"http:\\\/\\\/www.ledizioni.it\\\/stag\\\/wp-content\\\/uploads\\\/2016\\\/08\\\/Cop_x_Sito-300x148.jpg\",\"contentUrl\":\"http:\\\/\\\/www.ledizioni.it\\\/stag\\\/wp-content\\\/uploads\\\/2016\\\/08\\\/Cop_x_Sito-300x148.jpg\"},{\"@type\":\"BreadcrumbList\",\"@id\":\"https:\\\/\\\/www.ledizioni.it\\\/riviste\\\/silvae-45\\\/#breadcrumb\",\"itemListElement\":[{\"@type\":\"ListItem\",\"position\":1,\"name\":\"Riviste\",\"item\":\"https:\\\/\\\/www.ledizioni.it\\\/en\\\/riviste\\\/\"},{\"@type\":\"ListItem\",\"position\":2,\"name\":\"SILVAE\"}]},{\"@type\":\"WebSite\",\"@id\":\"https:\\\/\\\/www.ledizioni.it\\\/#website\",\"url\":\"https:\\\/\\\/www.ledizioni.it\\\/\",\"name\":\"Ledizioni\",\"description\":\"The Innovative LediPublishing Company - Casa Editrice Universitaria\",\"publisher\":{\"@id\":\"https:\\\/\\\/www.ledizioni.it\\\/#organization\"},\"potentialAction\":[{\"@type\":\"SearchAction\",\"target\":{\"@type\":\"EntryPoint\",\"urlTemplate\":\"https:\\\/\\\/www.ledizioni.it\\\/?s={search_term_string}\"},\"query-input\":{\"@type\":\"PropertyValueSpecification\",\"valueRequired\":true,\"valueName\":\"search_term_string\"}}],\"inLanguage\":\"en-GB\"},{\"@type\":\"Organization\",\"@id\":\"https:\\\/\\\/www.ledizioni.it\\\/#organization\",\"name\":\"Ledizioni\",\"url\":\"https:\\\/\\\/www.ledizioni.it\\\/\",\"logo\":{\"@type\":\"ImageObject\",\"inLanguage\":\"en-GB\",\"@id\":\"https:\\\/\\\/www.ledizioni.it\\\/#\\\/schema\\\/logo\\\/image\\\/\",\"url\":\"https:\\\/\\\/www.ledizioni.it\\\/stag\\\/wp-content\\\/uploads\\\/2023\\\/10\\\/newlogoledizioni500x110_2-1.jpg\",\"contentUrl\":\"https:\\\/\\\/www.ledizioni.it\\\/stag\\\/wp-content\\\/uploads\\\/2023\\\/10\\\/newlogoledizioni500x110_2-1.jpg\",\"width\":354,\"height\":87,\"caption\":\"Ledizioni\"},\"image\":{\"@id\":\"https:\\\/\\\/www.ledizioni.it\\\/#\\\/schema\\\/logo\\\/image\\\/\"},\"sameAs\":[\"https:\\\/\\\/www.facebook.com\\\/pages\\\/Ledizioni-LediPublishing\\\/109120559173329\",\"https:\\\/\\\/x.com\\\/ledizioni\"]}]}<\/script>\n<!-- \/ Yoast SEO plugin. -->","yoast_head_json":{"title":"SILVAE -","description":"Ledizioni - Innovative Publishing. Casa editrice universitaria. Open Access. eBook, ePub. Creative Commons.","robots":{"index":"index","follow":"follow","max-snippet":"max-snippet:-1","max-image-preview":"max-image-preview:large","max-video-preview":"max-video-preview:-1"},"canonical":"https:\/\/www.ledizioni.it\/en\/riviste\/silvae-45\/","og_locale":"en_GB","og_type":"article","og_title":"SILVAE -","og_description":"Ledizioni - Innovative Publishing. Casa editrice universitaria. Open Access. eBook, ePub. Creative Commons.","og_url":"https:\/\/www.ledizioni.it\/en\/riviste\/silvae-45\/","og_site_name":"Ledizioni","article_publisher":"https:\/\/www.facebook.com\/pages\/Ledizioni-LediPublishing\/109120559173329","article_modified_time":"2021-04-22T14:29:10+00:00","og_image":[{"url":"http:\/\/www.ledizioni.it\/stag\/wp-content\/uploads\/2016\/08\/Cop_x_Sito-300x148.jpg","type":"","width":"","height":""}],"twitter_card":"summary_large_image","twitter_site":"@ledizioni","twitter_misc":{"Estimated reading time":"2 minutes"},"schema":{"@context":"https:\/\/schema.org","@graph":[{"@type":"WebPage","@id":"https:\/\/www.ledizioni.it\/riviste\/silvae-45\/","url":"https:\/\/www.ledizioni.it\/riviste\/silvae-45\/","name":"SILVAE -","isPartOf":{"@id":"https:\/\/www.ledizioni.it\/#website"},"primaryImageOfPage":{"@id":"https:\/\/www.ledizioni.it\/riviste\/silvae-45\/#primaryimage"},"image":{"@id":"https:\/\/www.ledizioni.it\/riviste\/silvae-45\/#primaryimage"},"thumbnailUrl":"http:\/\/www.ledizioni.it\/stag\/wp-content\/uploads\/2016\/08\/Cop_x_Sito-300x148.jpg","datePublished":"2016-08-29T15:00:24+00:00","dateModified":"2021-04-22T14:29:10+00:00","description":"Ledizioni - Innovative Publishing. Casa editrice universitaria. Open Access. eBook, ePub. Creative Commons.","breadcrumb":{"@id":"https:\/\/www.ledizioni.it\/riviste\/silvae-45\/#breadcrumb"},"inLanguage":"en-GB","potentialAction":[{"@type":"ReadAction","target":["https:\/\/www.ledizioni.it\/riviste\/silvae-45\/"]}]},{"@type":"ImageObject","inLanguage":"en-GB","@id":"https:\/\/www.ledizioni.it\/riviste\/silvae-45\/#primaryimage","url":"http:\/\/www.ledizioni.it\/stag\/wp-content\/uploads\/2016\/08\/Cop_x_Sito-300x148.jpg","contentUrl":"http:\/\/www.ledizioni.it\/stag\/wp-content\/uploads\/2016\/08\/Cop_x_Sito-300x148.jpg"},{"@type":"BreadcrumbList","@id":"https:\/\/www.ledizioni.it\/riviste\/silvae-45\/#breadcrumb","itemListElement":[{"@type":"ListItem","position":1,"name":"Riviste","item":"https:\/\/www.ledizioni.it\/en\/riviste\/"},{"@type":"ListItem","position":2,"name":"SILVAE"}]},{"@type":"WebSite","@id":"https:\/\/www.ledizioni.it\/#website","url":"https:\/\/www.ledizioni.it\/","name":"Ledizioni","description":"The Innovative LediPublishing Company - Casa Editrice Universitaria","publisher":{"@id":"https:\/\/www.ledizioni.it\/#organization"},"potentialAction":[{"@type":"SearchAction","target":{"@type":"EntryPoint","urlTemplate":"https:\/\/www.ledizioni.it\/?s={search_term_string}"},"query-input":{"@type":"PropertyValueSpecification","valueRequired":true,"valueName":"search_term_string"}}],"inLanguage":"en-GB"},{"@type":"Organization","@id":"https:\/\/www.ledizioni.it\/#organization","name":"Ledizioni","url":"https:\/\/www.ledizioni.it\/","logo":{"@type":"ImageObject","inLanguage":"en-GB","@id":"https:\/\/www.ledizioni.it\/#\/schema\/logo\/image\/","url":"https:\/\/www.ledizioni.it\/stag\/wp-content\/uploads\/2023\/10\/newlogoledizioni500x110_2-1.jpg","contentUrl":"https:\/\/www.ledizioni.it\/stag\/wp-content\/uploads\/2023\/10\/newlogoledizioni500x110_2-1.jpg","width":354,"height":87,"caption":"Ledizioni"},"image":{"@id":"https:\/\/www.ledizioni.it\/#\/schema\/logo\/image\/"},"sameAs":["https:\/\/www.facebook.com\/pages\/Ledizioni-LediPublishing\/109120559173329","https:\/\/x.com\/ledizioni"]}]}},"jetpack_sharing_enabled":true,"_links":{"self":[{"href":"https:\/\/www.ledizioni.it\/en\/wp-json\/wp\/v2\/pages\/15618","targetHints":{"allow":["GET"]}}],"collection":[{"href":"https:\/\/www.ledizioni.it\/en\/wp-json\/wp\/v2\/pages"}],"about":[{"href":"https:\/\/www.ledizioni.it\/en\/wp-json\/wp\/v2\/types\/page"}],"author":[{"embeddable":true,"href":"https:\/\/www.ledizioni.it\/en\/wp-json\/wp\/v2\/users\/1"}],"replies":[{"embeddable":true,"href":"https:\/\/www.ledizioni.it\/en\/wp-json\/wp\/v2\/comments?post=15618"}],"version-history":[{"count":9,"href":"https:\/\/www.ledizioni.it\/en\/wp-json\/wp\/v2\/pages\/15618\/revisions"}],"predecessor-version":[{"id":37474,"href":"https:\/\/www.ledizioni.it\/en\/wp-json\/wp\/v2\/pages\/15618\/revisions\/37474"}],"up":[{"embeddable":true,"href":"https:\/\/www.ledizioni.it\/en\/wp-json\/wp\/v2\/pages\/4165"}],"wp:attachment":[{"href":"https:\/\/www.ledizioni.it\/en\/wp-json\/wp\/v2\/media?parent=15618"}],"curies":[{"name":"wp","href":"https:\/\/api.w.org\/{rel}","templated":true}]}}