{"id":3657,"date":"2012-02-24T10:52:17","date_gmt":"2012-02-24T09:52:17","guid":{"rendered":"http:\/\/www.ledizioni.it\/sito\/?page_id=3657"},"modified":"2013-08-30T09:41:39","modified_gmt":"2013-08-30T09:41:39","slug":"studi-organizzativi-e-dellinnovazione","status":"publish","type":"page","link":"https:\/\/www.ledizioni.it\/en\/collane\/479-2\/studi-organizzativi-e-dellinnovazione\/","title":{"rendered":"Organizational and Innovation Studies"},"content":{"rendered":"<h3><strong>Comitato Scientifico:<\/strong><\/h3>\n<p>Attila Bruni (Universit\u00e0 di Trento)<\/p>\n<p>Silvia Gherardi (Universit\u00e0 di Trento)<\/p>\n<p>Maurizio Catino (Universit\u00e0 di Milano Bicocca)<\/p>\n<p>Cristina Zucchermaglio (Universit\u00e0 la Sapienza, Roma)<\/p>\n<p>&nbsp;<\/p>\n<h3><strong>Ambito e scopo:<\/strong><strong><\/strong><\/h3>\n<p>La collana <strong>Studi organizzativi e dell\u2019innovazione<\/strong> si propone di mappare e presentare ai lettori ricerche contemporanee aventi a oggetto le innovazioni sociotecniche e il modo nel quale esse prendono forma nelle organizzazioni.<\/p>\n<p>&nbsp;<\/p>\n<h3 style=\"text-align: center;\"><\/h3>\n<h3 style=\"text-align: center;\"><\/h3>\n<h3 style=\"text-align: center;\"><span style=\"color: #ff0000;\">TITOLI IN QUESTA COLLANA<\/span><\/h3>\n<div class=\"woocommerce columns-4\">\n<div class=\"products elements-grid wd-products-holder  wd-spacing-10 grid-columns-4 pagination-pagination align-items-start row\" data-source=\"main_loop\" data-min_price=\"\" data-max_price=\"\" data-columns=\"4\">\n<div class=\"product-grid-item product wd-hover-info-alt  col-lg-3 col-md-3 col-6 first  type-product post-6625 status-publish instock product_cat-studi-organizzativi-e-dellinnovazione product_tag-competenze product_tag-donne product_tag-formazione product_tag-innovazione product_tag-knowledge-management product_tag-talento has-post-thumbnail shipping-taxable purchasable product-type-variable\" data-loop=\"1\" data-id=\"6625\">\n\t\t\t\t\n\t<div class=\"product-wrapper\">\n\t<div class=\"product-element-top wd-quick-shop\">\n\t\t<a href=\"https:\/\/www.ledizioni.it\/en\/product\/silvia-gherardi-a-cura-di-larte-del-saper-fare-cartaceo\/\" class=\"product-image-link\">\n\t\t\t<img fetchpriority=\"high\" decoding=\"async\" width=\"300\" height=\"408\" src=\"https:\/\/www.ledizioni.it\/stag\/wp-content\/uploads\/2013\/07\/3dcopertina-753x1024-300x408.jpg\" class=\"attachment-woocommerce_thumbnail size-woocommerce_thumbnail wp-image-6617\" alt=\"\" srcset=\"https:\/\/www.ledizioni.it\/stag\/wp-content\/uploads\/2013\/07\/3dcopertina-753x1024-300x408.jpg 300w, https:\/\/www.ledizioni.it\/stag\/wp-content\/uploads\/2013\/07\/3dcopertina-753x1024-400x544.jpg 400w, https:\/\/www.ledizioni.it\/stag\/wp-content\/uploads\/2013\/07\/3dcopertina-753x1024-184x250.jpg 184w, https:\/\/www.ledizioni.it\/stag\/wp-content\/uploads\/2013\/07\/3dcopertina-753x1024-221x300.jpg 221w, https:\/\/www.ledizioni.it\/stag\/wp-content\/uploads\/2013\/07\/3dcopertina-753x1024-588x800.jpg 588w, https:\/\/www.ledizioni.it\/stag\/wp-content\/uploads\/2013\/07\/3dcopertina-753x1024-9x12.jpg 9w, https:\/\/www.ledizioni.it\/stag\/wp-content\/uploads\/2013\/07\/3dcopertina-753x1024-600x816.jpg 600w, https:\/\/www.ledizioni.it\/stag\/wp-content\/uploads\/2013\/07\/3dcopertina-753x1024.jpg 753w\" sizes=\"(max-width: 300px) 100vw, 300px\" \/>\t\t<\/a>\n\n\t\t\t<\/div>\n\n\t<div class=\"top-information wd-fill\">\n\n\t\t<h3 class=\"wd-entities-title\"><a href=\"https:\/\/www.ledizioni.it\/en\/product\/silvia-gherardi-a-cura-di-larte-del-saper-fare-cartaceo\/\">L&#8217;ARTE DEL SAPER FARE<\/a><\/h3>\t\t\t\t<div class=\"wd-product-cats\">\n\t\t\t<a href=\"https:\/\/www.ledizioni.it\/en\/product-category\/management\/studi-organizzativi-e-dellinnovazione\/\" rel=\"tag\">Studi Organizzativi e dell&#039;Innovazione<\/a>\t\t<\/div>\n\t\t\n\t\t<div class=\"wd-swatches-grid wd-swatches-product wd-swatches-attr wd-bg-style-1 wd-text-style-1 wd-dis-style-1 wd-size-default wd-shape-round\">\t\t\t<div class=\"wd-swatch wd-tooltip wd-text\" >\n\t\t\t\t\t\t\t\t<span class=\"wd-swatch-text\">\n\t\t\t\t\tCartaceo\t\t\t\t<\/span>\n\t\t\t<\/div>\n\t\t\t\t\t\t<div class=\"wd-swatch wd-tooltip wd-text\" >\n\t\t\t\t\t\t\t\t<span class=\"wd-swatch-text\">\n\t\t\t\t\teBook in ePub\t\t\t\t<\/span>\n\t\t\t<\/div>\n\t\t\t<\/div>\t\t\t\t\n\t<span class=\"price\"><span class=\"woocommerce-Price-amount amount\" aria-hidden=\"true\"><bdi>9,99&nbsp;<span class=\"woocommerce-Price-currencySymbol\">&euro;<\/span><\/bdi><\/span> <span aria-hidden=\"true\">&ndash;<\/span> <span class=\"woocommerce-Price-amount amount\" aria-hidden=\"true\"><bdi>25,00&nbsp;<span class=\"woocommerce-Price-currencySymbol\">&euro;<\/span><\/bdi><\/span><span class=\"screen-reader-text\" data-no-translation=\"\" data-trp-gettext=\"\">Price range: 9,99&nbsp;&euro; through 25,00&nbsp;&euro;<\/span><\/span>\n\n\t\t<div class=\"wd-add-btn wd-add-btn-replace\">\n\t\t\t<a title='Quick View' class='shopengine-quickview-trigger se-btn'\n\t\t\t\t\tdata-source-url='https:\/\/www.ledizioni.it\/en\/product\/silvia-gherardi-a-cura-di-larte-del-saper-fare-cartaceo\/'\n\t\t\t\t\thref='https:\/\/www.ledizioni.it\/en\/product\/silvia-gherardi-a-cura-di-larte-del-saper-fare-cartaceo\/'>\n\t\t\t\t\t<i class=\"shopengine-icon-quick_view_1\"><\/i>\n\t\t\t\t<\/a><a href=\"https:\/\/www.ledizioni.it\/en\/product\/silvia-gherardi-a-cura-di-larte-del-saper-fare-cartaceo\/\" data-quantity=\"1\" class=\"button product_type_variable add_to_cart_button add-to-cart-loop\" data-product_id=\"6625\" data-product_sku=\"9788895994970\" aria-label=\"Select options for \u201cL&#039;ARTE DEL SAPER FARE\u201d\" rel=\"nofollow\" data-no-translation-aria-label=\"\"><span data-no-translation=\"\" data-trp-gettext=\"\">Select options<\/span><\/a>\t\t\t\t\t<\/div>\n\t<\/div>\n\n\t<div class=\"wd-buttons wd-pos-r-t color-scheme-light\">\n\t\t\t\t\t\t<div class=\"wd-compare-btn product-compare-button wd-action-btn wd-style-icon wd-compare-icon\">\n\t\t\t<a href=\"https:\/\/www.ledizioni.it\/en\/compare\/\" data-id=\"6625\" rel=\"nofollow\" data-added-text=\"Compare products\">\n\t\t\t\t<span>Compare<\/span>\n\t\t\t<\/a>\n\t\t<\/div>\n\t\t\t\t\t\t<div class=\"quick-view wd-action-btn wd-style-icon wd-quick-view-icon\">\n\t\t\t<a\n\t\t\t\thref=\"https:\/\/www.ledizioni.it\/en\/product\/silvia-gherardi-a-cura-di-larte-del-saper-fare-cartaceo\/\"\n\t\t\t\tclass=\"open-quick-view quick-view-button\"\n\t\t\t\trel=\"nofollow\"\n\t\t\t\tdata-id=\"6625\"\n\t\t\t\t>Quick view<\/a>\n\t\t<\/div>\n\t\t\t\t\t\t\t<div class=\"wd-wishlist-btn wd-action-btn wd-style-icon wd-wishlist-icon\">\n\t\t\t\t<a class=\"\" href=\"https:\/\/www.ledizioni.it\/en\/product\/silvia-gherardi-a-cura-di-larte-del-saper-fare-cartaceo\/\" data-key=\"0c0ff15ad1\" data-product-id=\"6625\" rel=\"nofollow\" data-added-text=\"Browse Wishlist\">\n\t\t\t\t\t<span>Add to wishlist<\/span>\n\t\t\t\t<\/a>\n\t\t\t<\/div>\n\t\t\t<\/div>\n\n<\/div>\n\n\n<\/div>\n<div class=\"product-grid-item wd-with-labels product wd-hover-info-alt  col-lg-3 col-md-3 col-6 type-product post-18131 status-publish instock product_cat-studi-organizzativi-e-dellinnovazione product_tag-competenze product_tag-cura product_tag-relazione has-post-thumbnail featured shipping-taxable purchasable product-type-simple\" data-loop=\"2\" data-id=\"18131\">\n\t\t\t\t\n\t<div class=\"product-wrapper\">\n\t<div class=\"product-element-top wd-quick-shop\">\n\t\t<a href=\"https:\/\/www.ledizioni.it\/en\/product\/f-miele-e-piras-a-cura-di-mettere-la-cura-in-pratica\/\" class=\"product-image-link\">\n\t\t\t<img decoding=\"async\" width=\"300\" height=\"386\" src=\"https:\/\/www.ledizioni.it\/stag\/wp-content\/uploads\/2017\/10\/cover_3D-300x386.jpg\" class=\"attachment-woocommerce_thumbnail size-woocommerce_thumbnail wp-image-18134\" alt=\"\" srcset=\"https:\/\/www.ledizioni.it\/stag\/wp-content\/uploads\/2017\/10\/cover_3D-300x386.jpg 300w, https:\/\/www.ledizioni.it\/stag\/wp-content\/uploads\/2017\/10\/cover_3D-400x515.jpg 400w, https:\/\/www.ledizioni.it\/stag\/wp-content\/uploads\/2017\/10\/cover_3D-194x250.jpg 194w, https:\/\/www.ledizioni.it\/stag\/wp-content\/uploads\/2017\/10\/cover_3D-233x300.jpg 233w, https:\/\/www.ledizioni.it\/stag\/wp-content\/uploads\/2017\/10\/cover_3D-768x988.jpg 768w, https:\/\/www.ledizioni.it\/stag\/wp-content\/uploads\/2017\/10\/cover_3D-622x800.jpg 622w, https:\/\/www.ledizioni.it\/stag\/wp-content\/uploads\/2017\/10\/cover_3D-1194x1536.jpg 1194w, https:\/\/www.ledizioni.it\/stag\/wp-content\/uploads\/2017\/10\/cover_3D-9x12.jpg 9w, https:\/\/www.ledizioni.it\/stag\/wp-content\/uploads\/2017\/10\/cover_3D-600x772.jpg 600w, https:\/\/www.ledizioni.it\/stag\/wp-content\/uploads\/2017\/10\/cover_3D.jpg 1516w\" sizes=\"(max-width: 300px) 100vw, 300px\" \/>\t\t<\/a>\n\n\t\t\t<\/div>\n\n\t<div class=\"top-information wd-fill\">\n\n\t\t<h3 class=\"wd-entities-title\"><a href=\"https:\/\/www.ledizioni.it\/en\/product\/f-miele-e-piras-a-cura-di-mettere-la-cura-in-pratica\/\">METTERE LA CURA IN PRATICA<\/a><\/h3>\t\t\t\t<div class=\"wd-product-cats\">\n\t\t\t<a href=\"https:\/\/www.ledizioni.it\/en\/product-category\/management\/studi-organizzativi-e-dellinnovazione\/\" rel=\"tag\">Studi Organizzativi e dell&#039;Innovazione<\/a>\t\t<\/div>\n\t\t\n\t\t\t\t\t\t\n\t<span class=\"price\"><span class=\"woocommerce-Price-amount amount\"><bdi>22,00&nbsp;<span class=\"woocommerce-Price-currencySymbol\">&euro;<\/span><\/bdi><\/span><\/span>\n\n\t\t<div class=\"wd-add-btn wd-add-btn-replace\">\n\t\t\t<a title='Quick View' class='shopengine-quickview-trigger se-btn'\n\t\t\t\t\tdata-source-url='https:\/\/www.ledizioni.it\/en\/product\/f-miele-e-piras-a-cura-di-mettere-la-cura-in-pratica\/'\n\t\t\t\t\thref='https:\/\/www.ledizioni.it\/en\/product\/f-miele-e-piras-a-cura-di-mettere-la-cura-in-pratica\/'>\n\t\t\t\t\t<i class=\"shopengine-icon-quick_view_1\"><\/i>\n\t\t\t\t<\/a><a href=\"\/en\/wp-json\/wp\/v2\/pages\/3657?add-to-cart=18131\" data-quantity=\"1\" class=\"button product_type_simple add_to_cart_button ajax_add_to_cart add-to-cart-loop\" data-product_id=\"18131\" data-product_sku=\"9788867056378\" aria-label=\"Add to basket: \u201cMETTERE LA CURA IN PRATICA\u201d\" rel=\"nofollow\" data-success_message=\"\u201cMETTERE LA CURA IN PRATICA\u201d has been added to your basket\" data-no-translation-aria-label=\"\" data-no-translation-data-success_message=\"\"><span data-no-translation=\"\" data-trp-gettext=\"\">Add to basket<\/span><\/a>\t\t\t\t\t<\/div>\n\t<\/div>\n\n\t<div class=\"wd-buttons wd-pos-r-t color-scheme-light\">\n\t\t\t\t\t\t<div class=\"wd-compare-btn product-compare-button wd-action-btn wd-style-icon wd-compare-icon\">\n\t\t\t<a href=\"https:\/\/www.ledizioni.it\/en\/compare\/\" data-id=\"18131\" rel=\"nofollow\" data-added-text=\"Compare products\">\n\t\t\t\t<span>Compare<\/span>\n\t\t\t<\/a>\n\t\t<\/div>\n\t\t\t\t\t\t<div class=\"quick-view wd-action-btn wd-style-icon wd-quick-view-icon\">\n\t\t\t<a\n\t\t\t\thref=\"https:\/\/www.ledizioni.it\/en\/product\/f-miele-e-piras-a-cura-di-mettere-la-cura-in-pratica\/\"\n\t\t\t\tclass=\"open-quick-view quick-view-button\"\n\t\t\t\trel=\"nofollow\"\n\t\t\t\tdata-id=\"18131\"\n\t\t\t\t>Quick view<\/a>\n\t\t<\/div>\n\t\t\t\t\t\t\t<div class=\"wd-wishlist-btn wd-action-btn wd-style-icon wd-wishlist-icon\">\n\t\t\t\t<a class=\"\" href=\"https:\/\/www.ledizioni.it\/en\/product\/f-miele-e-piras-a-cura-di-mettere-la-cura-in-pratica\/\" data-key=\"0c0ff15ad1\" data-product-id=\"18131\" rel=\"nofollow\" data-added-text=\"Browse Wishlist\">\n\t\t\t\t\t<span>Add to wishlist<\/span>\n\t\t\t\t<\/a>\n\t\t\t<\/div>\n\t\t\t<\/div>\n\n<\/div>\n\n\n<\/div>\n<\/div><\/div>","protected":false},"excerpt":{"rendered":"<p>Comitato Scientifico: Attila Bruni (Universit\u00e0 di Trento) Silvia Gherardi (Universit\u00e0 di Trento) Maurizio Catino (Universit\u00e0 di Milano Bicocca) Cristina Zucchermaglio<\/p>","protected":false},"author":1,"featured_media":0,"parent":479,"menu_order":0,"comment_status":"open","ping_status":"open","template":"","meta":{"_acf_changed":false,"footnotes":""},"class_list":["post-3657","page","type-page","status-publish","hentry"],"acf":[],"yoast_head":"<!-- This site is optimized with the Yoast SEO plugin v27.4 - https:\/\/yoast.com\/product\/yoast-seo-wordpress\/ -->\n<title>Studi Organizzativi e dell&#039;Innovazione -<\/title>\n<meta name=\"description\" content=\"Ledizioni - Innovative Publishing. Casa editrice universitaria. Open Access. eBook, ePub. Creative Commons.\" \/>\n<meta name=\"robots\" content=\"index, follow, max-snippet:-1, max-image-preview:large, max-video-preview:-1\" \/>\n<link rel=\"canonical\" href=\"https:\/\/www.ledizioni.it\/en\/collane\/479-2\/studi-organizzativi-e-dellinnovazione\/\" \/>\n<meta property=\"og:locale\" content=\"en_GB\" \/>\n<meta property=\"og:type\" content=\"article\" \/>\n<meta property=\"og:title\" content=\"Studi Organizzativi e dell&#039;Innovazione -\" \/>\n<meta property=\"og:description\" content=\"Ledizioni - Innovative Publishing. Casa editrice universitaria. Open Access. eBook, ePub. Creative Commons.\" \/>\n<meta property=\"og:url\" content=\"https:\/\/www.ledizioni.it\/en\/collane\/479-2\/studi-organizzativi-e-dellinnovazione\/\" \/>\n<meta property=\"og:site_name\" content=\"Ledizioni\" \/>\n<meta property=\"article:publisher\" content=\"https:\/\/www.facebook.com\/pages\/Ledizioni-LediPublishing\/109120559173329\" \/>\n<meta property=\"article:modified_time\" content=\"2013-08-30T09:41:39+00:00\" \/>\n<meta name=\"twitter:card\" content=\"summary_large_image\" \/>\n<meta name=\"twitter:site\" content=\"@ledizioni\" \/>\n<script type=\"application\/ld+json\" class=\"yoast-schema-graph\">{\"@context\":\"https:\\\/\\\/schema.org\",\"@graph\":[{\"@type\":\"WebPage\",\"@id\":\"https:\\\/\\\/www.ledizioni.it\\\/en\\\/collane\\\/479-2\\\/studi-organizzativi-e-dellinnovazione\\\/\",\"url\":\"https:\\\/\\\/www.ledizioni.it\\\/en\\\/collane\\\/479-2\\\/studi-organizzativi-e-dellinnovazione\\\/\",\"name\":\"Studi Organizzativi e dell'Innovazione -\",\"isPartOf\":{\"@id\":\"https:\\\/\\\/www.ledizioni.it\\\/#website\"},\"datePublished\":\"2012-02-24T09:52:17+00:00\",\"dateModified\":\"2013-08-30T09:41:39+00:00\",\"description\":\"Ledizioni - Innovative Publishing. Casa editrice universitaria. Open Access. eBook, ePub. Creative Commons.\",\"breadcrumb\":{\"@id\":\"https:\\\/\\\/www.ledizioni.it\\\/en\\\/collane\\\/479-2\\\/studi-organizzativi-e-dellinnovazione\\\/#breadcrumb\"},\"inLanguage\":\"en-GB\",\"potentialAction\":[{\"@type\":\"ReadAction\",\"target\":[\"https:\\\/\\\/www.ledizioni.it\\\/en\\\/collane\\\/479-2\\\/studi-organizzativi-e-dellinnovazione\\\/\"]}]},{\"@type\":\"BreadcrumbList\",\"@id\":\"https:\\\/\\\/www.ledizioni.it\\\/en\\\/collane\\\/479-2\\\/studi-organizzativi-e-dellinnovazione\\\/#breadcrumb\",\"itemListElement\":[{\"@type\":\"ListItem\",\"position\":1,\"name\":\"Collane\",\"item\":\"https:\\\/\\\/www.ledizioni.it\\\/collane\\\/\"},{\"@type\":\"ListItem\",\"position\":2,\"name\":\"Management\",\"item\":\"https:\\\/\\\/www.ledizioni.it\\\/en\\\/collane\\\/479-2\\\/\"},{\"@type\":\"ListItem\",\"position\":3,\"name\":\"Studi Organizzativi e dell&#8217;Innovazione\"}]},{\"@type\":\"WebSite\",\"@id\":\"https:\\\/\\\/www.ledizioni.it\\\/#website\",\"url\":\"https:\\\/\\\/www.ledizioni.it\\\/\",\"name\":\"Ledizioni\",\"description\":\"The Innovative LediPublishing Company - Casa Editrice Universitaria\",\"publisher\":{\"@id\":\"https:\\\/\\\/www.ledizioni.it\\\/#organization\"},\"potentialAction\":[{\"@type\":\"SearchAction\",\"target\":{\"@type\":\"EntryPoint\",\"urlTemplate\":\"https:\\\/\\\/www.ledizioni.it\\\/?s={search_term_string}\"},\"query-input\":{\"@type\":\"PropertyValueSpecification\",\"valueRequired\":true,\"valueName\":\"search_term_string\"}}],\"inLanguage\":\"en-GB\"},{\"@type\":\"Organization\",\"@id\":\"https:\\\/\\\/www.ledizioni.it\\\/#organization\",\"name\":\"Ledizioni\",\"url\":\"https:\\\/\\\/www.ledizioni.it\\\/\",\"logo\":{\"@type\":\"ImageObject\",\"inLanguage\":\"en-GB\",\"@id\":\"https:\\\/\\\/www.ledizioni.it\\\/#\\\/schema\\\/logo\\\/image\\\/\",\"url\":\"https:\\\/\\\/www.ledizioni.it\\\/stag\\\/wp-content\\\/uploads\\\/2023\\\/10\\\/newlogoledizioni500x110_2-1.jpg\",\"contentUrl\":\"https:\\\/\\\/www.ledizioni.it\\\/stag\\\/wp-content\\\/uploads\\\/2023\\\/10\\\/newlogoledizioni500x110_2-1.jpg\",\"width\":354,\"height\":87,\"caption\":\"Ledizioni\"},\"image\":{\"@id\":\"https:\\\/\\\/www.ledizioni.it\\\/#\\\/schema\\\/logo\\\/image\\\/\"},\"sameAs\":[\"https:\\\/\\\/www.facebook.com\\\/pages\\\/Ledizioni-LediPublishing\\\/109120559173329\",\"https:\\\/\\\/x.com\\\/ledizioni\"]}]}<\/script>\n<!-- \/ Yoast SEO plugin. -->","yoast_head_json":{"title":"Studi Organizzativi e dell'Innovazione -","description":"Ledizioni - Innovative Publishing. Casa editrice universitaria. Open Access. eBook, ePub. Creative Commons.","robots":{"index":"index","follow":"follow","max-snippet":"max-snippet:-1","max-image-preview":"max-image-preview:large","max-video-preview":"max-video-preview:-1"},"canonical":"https:\/\/www.ledizioni.it\/en\/collane\/479-2\/studi-organizzativi-e-dellinnovazione\/","og_locale":"en_GB","og_type":"article","og_title":"Studi Organizzativi e dell'Innovazione -","og_description":"Ledizioni - Innovative Publishing. Casa editrice universitaria. Open Access. eBook, ePub. Creative Commons.","og_url":"https:\/\/www.ledizioni.it\/en\/collane\/479-2\/studi-organizzativi-e-dellinnovazione\/","og_site_name":"Ledizioni","article_publisher":"https:\/\/www.facebook.com\/pages\/Ledizioni-LediPublishing\/109120559173329","article_modified_time":"2013-08-30T09:41:39+00:00","twitter_card":"summary_large_image","twitter_site":"@ledizioni","schema":{"@context":"https:\/\/schema.org","@graph":[{"@type":"WebPage","@id":"https:\/\/www.ledizioni.it\/en\/collane\/479-2\/studi-organizzativi-e-dellinnovazione\/","url":"https:\/\/www.ledizioni.it\/en\/collane\/479-2\/studi-organizzativi-e-dellinnovazione\/","name":"Studi Organizzativi e dell'Innovazione -","isPartOf":{"@id":"https:\/\/www.ledizioni.it\/#website"},"datePublished":"2012-02-24T09:52:17+00:00","dateModified":"2013-08-30T09:41:39+00:00","description":"Ledizioni - Innovative Publishing. Casa editrice universitaria. Open Access. eBook, ePub. Creative Commons.","breadcrumb":{"@id":"https:\/\/www.ledizioni.it\/en\/collane\/479-2\/studi-organizzativi-e-dellinnovazione\/#breadcrumb"},"inLanguage":"en-GB","potentialAction":[{"@type":"ReadAction","target":["https:\/\/www.ledizioni.it\/en\/collane\/479-2\/studi-organizzativi-e-dellinnovazione\/"]}]},{"@type":"BreadcrumbList","@id":"https:\/\/www.ledizioni.it\/en\/collane\/479-2\/studi-organizzativi-e-dellinnovazione\/#breadcrumb","itemListElement":[{"@type":"ListItem","position":1,"name":"Collane","item":"https:\/\/www.ledizioni.it\/collane\/"},{"@type":"ListItem","position":2,"name":"Management","item":"https:\/\/www.ledizioni.it\/en\/collane\/479-2\/"},{"@type":"ListItem","position":3,"name":"Studi Organizzativi e dell&#8217;Innovazione"}]},{"@type":"WebSite","@id":"https:\/\/www.ledizioni.it\/#website","url":"https:\/\/www.ledizioni.it\/","name":"Ledizioni","description":"The Innovative LediPublishing Company - Casa Editrice Universitaria","publisher":{"@id":"https:\/\/www.ledizioni.it\/#organization"},"potentialAction":[{"@type":"SearchAction","target":{"@type":"EntryPoint","urlTemplate":"https:\/\/www.ledizioni.it\/?s={search_term_string}"},"query-input":{"@type":"PropertyValueSpecification","valueRequired":true,"valueName":"search_term_string"}}],"inLanguage":"en-GB"},{"@type":"Organization","@id":"https:\/\/www.ledizioni.it\/#organization","name":"Ledizioni","url":"https:\/\/www.ledizioni.it\/","logo":{"@type":"ImageObject","inLanguage":"en-GB","@id":"https:\/\/www.ledizioni.it\/#\/schema\/logo\/image\/","url":"https:\/\/www.ledizioni.it\/stag\/wp-content\/uploads\/2023\/10\/newlogoledizioni500x110_2-1.jpg","contentUrl":"https:\/\/www.ledizioni.it\/stag\/wp-content\/uploads\/2023\/10\/newlogoledizioni500x110_2-1.jpg","width":354,"height":87,"caption":"Ledizioni"},"image":{"@id":"https:\/\/www.ledizioni.it\/#\/schema\/logo\/image\/"},"sameAs":["https:\/\/www.facebook.com\/pages\/Ledizioni-LediPublishing\/109120559173329","https:\/\/x.com\/ledizioni"]}]}},"jetpack_sharing_enabled":true,"_links":{"self":[{"href":"https:\/\/www.ledizioni.it\/en\/wp-json\/wp\/v2\/pages\/3657","targetHints":{"allow":["GET"]}}],"collection":[{"href":"https:\/\/www.ledizioni.it\/en\/wp-json\/wp\/v2\/pages"}],"about":[{"href":"https:\/\/www.ledizioni.it\/en\/wp-json\/wp\/v2\/types\/page"}],"author":[{"embeddable":true,"href":"https:\/\/www.ledizioni.it\/en\/wp-json\/wp\/v2\/users\/1"}],"replies":[{"embeddable":true,"href":"https:\/\/www.ledizioni.it\/en\/wp-json\/wp\/v2\/comments?post=3657"}],"version-history":[{"count":1,"href":"https:\/\/www.ledizioni.it\/en\/wp-json\/wp\/v2\/pages\/3657\/revisions"}],"predecessor-version":[{"id":7004,"href":"https:\/\/www.ledizioni.it\/en\/wp-json\/wp\/v2\/pages\/3657\/revisions\/7004"}],"up":[{"embeddable":true,"href":"https:\/\/www.ledizioni.it\/en\/wp-json\/wp\/v2\/pages\/479"}],"wp:attachment":[{"href":"https:\/\/www.ledizioni.it\/en\/wp-json\/wp\/v2\/media?parent=3657"}],"curies":[{"name":"wp","href":"https:\/\/api.w.org\/{rel}","templated":true}]}}