{"id":5820,"date":"2013-11-05T11:24:48","date_gmt":"2013-11-05T09:24:48","guid":{"rendered":"http:\/\/www.ledizioni.it\/sito\/?page_id=5820"},"modified":"2023-12-12T10:39:41","modified_gmt":"2023-12-12T08:39:41","slug":"dike-rivista-storia-del-diritto-greco-ed-ellenistico","status":"publish","type":"page","link":"https:\/\/www.ledizioni.it\/en\/collane\/diritto\/dike-rivista-storia-del-diritto-greco-ed-ellenistico\/","title":{"rendered":"Dike &#8211; Rivista di storia del diritto greco ed ellenistico"},"content":{"rendered":"<p><img decoding=\"async\" class=\"alignleft\" alt=\"Dike\" src=\"http:\/\/riviste.unimi.it\/public\/journals\/45\/pageHeaderTitleImage_it_IT.jpg\" width=\"600\" height=\"80\" \/><\/p>\n<p>&nbsp;<\/p>\n<p>DIKE \u00e8 la prima rivista specificamente dedicata allo studio del diritto greco ed ellenistico: pubblica articoli sottoposti a \u201crevisione\u201d (peer review).<\/p>\n<p>La rivista, diretta da Eva Cantarella e Alberto Maffi, \u00e8 pubblicata con il contributo e sotto gli auspici del Dipartimento di Diritto privato e Storia del Diritto dell\u2019Universit\u00e0 degli Studi di Milano.<\/p>\n<p>Si prevede la pubblicazione di un numero annuale nel mese di dicembre. DIKE \u00e8 aperta non solo agli specialisti del settore, ma anche a tutti gli studiosi interessati agli aspetti giuridici della civilt\u00e0 greca.<br \/>\nPubblicher\u00e0 articoli in francese, inglese, greco, spagnolo, tedesco e italiano.<\/p>\n<p>Dike \u00e8 pubblicato on line sul sito dell\u2019Universit\u00e0 degli Studi di Milano a questo <a title=\"Dike\" href=\"http:\/\/riviste.unimi.it\/index.php\/Dike\/\" target=\"_blank\" rel=\"noopener\">indirizzo<\/a><\/p>\n<p>La periodicit\u00e0 della rivista \u00e8 annuale.<\/p>\n<p><strong>Direzione<\/strong>: EVA CANTARELLA e ALBERTO MAFFI<\/p>\n<p><strong>Comitato Scientifico<\/strong>: Mario Amelotti, David Cohen, Edward Cohen, Martin Dreher, Michele Faraguna, Javier Fernandez Nieto, Michael Gagarin, Remo Martini, Joseph M\u00e9l\u00e8ze-Modrzejewski, Claude Moss\u00e9, Hans-Albert Rupprecht, Gerhard Th\u00fcr, Stephen Todd, Julie Velissaropoulos-Karakostas, Robert W. Wallace<\/p>\n<p><strong>Segreteria di Redazione<\/strong>: Antonio Banfi \u2013 Lorenzo Gagliardi \u2013 Laura Pepe<\/p>\n<p>&nbsp;<\/p>\n<p>&nbsp;<\/p>\n<p><strong><em>Per abbonamenti rivolgersi a:<\/em><\/strong><\/p>\n<p>LIBRERIA LEDI &#8211; INTERNATIONAL BOOKSELLER<br \/>\nVIA ALAMANNI, 11 &#8211; 20141 MILAN &#8211; ITALY<br \/>\nTEL. +39 02 4507 1824<br \/>\nFAX. +39 02 4210 8107<br \/>\nEMAIL. info@internationalbookseller.com<br \/>\nWEB. www.internationalbookseller.com<\/p>\n<p><strong><em>Per gli autori: <\/em><\/strong><em>utilizzare la piattaforma <a title=\"Dike Submissions\" href=\"http:\/\/riviste.unimi.it\/index.php\/Dike\/about\/submissions#onlineSubmissions\" target=\"_blank\" rel=\"noopener\">riviste.unimi.it<\/a><\/em><strong><em><br \/>\n<\/em><\/strong><\/p>\n<p><a href=\"http:\/\/www.ledizioni.it\/sito\/wp-content\/uploads\/2013\/03\/colophon.pdf\">Scarica qui la pagina di informazioni della rivista<\/a><\/p>\n<p>Questa rivista \u00e8 pubblicata con una licenza Creative Commons &#8220;<a href=\"http:\/\/creativecommons.org\/licenses\/by-nc-nd\/3.0\/deed.it\" target=\"_blank\" rel=\"noopener\">Attribuzione-Non commerciale-Non opere derivate 3.0 Unported&#8221;<\/a>.<\/p>\n<p>ISSN: 1128-8221<\/p>\n<h3 style=\"text-align: center;\"><strong><span style=\"color: #ff0000;\">I VOLUMI PUBBLICATI DI QUESTA RIVISTA<\/span><br \/>\n<\/strong><\/h3>\n<div class=\"woocommerce columns-4\">\n<div class=\"products elements-grid wd-products-holder  wd-spacing-10 grid-columns-4 pagination-pagination align-items-start row\" data-source=\"main_loop\" data-min_price=\"\" data-max_price=\"\" data-columns=\"4\">\n<div class=\"product-grid-item product wd-hover-info-alt  col-lg-3 col-md-3 col-6 first  type-product post-6340 status-publish instock product_cat-dike product_tag-open-access-2 product_tag-storia-del-diritto-greco has-post-thumbnail shipping-taxable purchasable product-type-variable\" data-loop=\"1\" data-id=\"6340\">\n\t\t\t\t\n\t<div class=\"product-wrapper\">\n\t<div class=\"product-element-top wd-quick-shop\">\n\t\t<a href=\"https:\/\/www.ledizioni.it\/en\/product\/dike-rivista-di-storia-del-diritto-greco-ed-ellenistico-n-142011\/\" class=\"product-image-link\">\n\t\t\t<img fetchpriority=\"high\" decoding=\"async\" width=\"300\" height=\"430\" src=\"https:\/\/www.ledizioni.it\/stag\/wp-content\/uploads\/2013\/07\/copertina_3D-715x1024-300x430.jpg\" class=\"attachment-woocommerce_thumbnail size-woocommerce_thumbnail wp-image-6341\" alt=\"\" srcset=\"https:\/\/www.ledizioni.it\/stag\/wp-content\/uploads\/2013\/07\/copertina_3D-715x1024-300x430.jpg 300w, https:\/\/www.ledizioni.it\/stag\/wp-content\/uploads\/2013\/07\/copertina_3D-715x1024-400x573.jpg 400w, https:\/\/www.ledizioni.it\/stag\/wp-content\/uploads\/2013\/07\/copertina_3D-715x1024-175x250.jpg 175w, https:\/\/www.ledizioni.it\/stag\/wp-content\/uploads\/2013\/07\/copertina_3D-715x1024-209x300.jpg 209w, https:\/\/www.ledizioni.it\/stag\/wp-content\/uploads\/2013\/07\/copertina_3D-715x1024-559x800.jpg 559w, https:\/\/www.ledizioni.it\/stag\/wp-content\/uploads\/2013\/07\/copertina_3D-715x1024-8x12.jpg 8w, https:\/\/www.ledizioni.it\/stag\/wp-content\/uploads\/2013\/07\/copertina_3D-715x1024-600x859.jpg 600w, https:\/\/www.ledizioni.it\/stag\/wp-content\/uploads\/2013\/07\/copertina_3D-715x1024.jpg 715w\" sizes=\"(max-width: 300px) 100vw, 300px\" \/>\t\t<\/a>\n\n\t\t\t<\/div>\n\n\t<div class=\"top-information wd-fill\">\n\n\t\t<h3 class=\"wd-entities-title\"><a href=\"https:\/\/www.ledizioni.it\/en\/product\/dike-rivista-di-storia-del-diritto-greco-ed-ellenistico-n-142011\/\">DIKE, Rivista di storia del diritto greco ed ellenistico N. 14\/2011<\/a><\/h3>\t\t\t\t<div class=\"wd-product-cats\">\n\t\t\t<a href=\"https:\/\/www.ledizioni.it\/en\/product-category\/riviste\/dike\/\" rel=\"tag\">Dike<\/a>\t\t<\/div>\n\t\t\n\t\t<div class=\"wd-swatches-grid wd-swatches-product wd-swatches-attr wd-bg-style-1 wd-text-style-1 wd-dis-style-1 wd-size-default wd-shape-round\">\t\t\t<div class=\"wd-swatch wd-tooltip wd-text\" >\n\t\t\t\t\t\t\t\t<span class=\"wd-swatch-text\">\n\t\t\t\t\tCartaceo\t\t\t\t<\/span>\n\t\t\t<\/div>\n\t\t\t\t\t\t<div class=\"wd-swatch wd-tooltip wd-text\" >\n\t\t\t\t\t\t\t\t<span class=\"wd-swatch-text\">\n\t\t\t\t\teBook in PDF\t\t\t\t<\/span>\n\t\t\t<\/div>\n\t\t\t<\/div>\t\t\t\t\n\t<span class=\"price\"><span class=\"woocommerce-Price-amount amount\" aria-hidden=\"true\"><bdi>0,00&nbsp;<span class=\"woocommerce-Price-currencySymbol\">&euro;<\/span><\/bdi><\/span> <span aria-hidden=\"true\">&ndash;<\/span> <span class=\"woocommerce-Price-amount amount\" aria-hidden=\"true\"><bdi>35,00&nbsp;<span class=\"woocommerce-Price-currencySymbol\">&euro;<\/span><\/bdi><\/span><span class=\"screen-reader-text\" data-no-translation=\"\" data-trp-gettext=\"\">Price range: 0,00&nbsp;&euro; through 35,00&nbsp;&euro;<\/span><\/span>\n\n\t\t<div class=\"wd-add-btn wd-add-btn-replace\">\n\t\t\t<a title='Quick View' class='shopengine-quickview-trigger se-btn'\n\t\t\t\t\tdata-source-url='https:\/\/www.ledizioni.it\/en\/product\/dike-rivista-di-storia-del-diritto-greco-ed-ellenistico-n-142011\/'\n\t\t\t\t\thref='https:\/\/www.ledizioni.it\/en\/product\/dike-rivista-di-storia-del-diritto-greco-ed-ellenistico-n-142011\/'>\n\t\t\t\t\t<i class=\"shopengine-icon-quick_view_1\"><\/i>\n\t\t\t\t<\/a><a href=\"https:\/\/www.ledizioni.it\/en\/product\/dike-rivista-di-storia-del-diritto-greco-ed-ellenistico-n-142011\/\" data-quantity=\"1\" class=\"button product_type_variable add_to_cart_button add-to-cart-loop\" data-product_id=\"6340\" data-product_sku=\"978-88-6705-350-6\" aria-label=\"Select options for \u201cDIKE, Rivista di storia del diritto greco ed ellenistico N. 14\/2011\u201d\" rel=\"nofollow\" data-no-translation-aria-label=\"\"><span data-no-translation=\"\" data-trp-gettext=\"\">Select options<\/span><\/a>\t\t\t\t\t<\/div>\n\t<\/div>\n\n\t<div class=\"wd-buttons wd-pos-r-t color-scheme-light\">\n\t\t\t\t\t\t<div class=\"wd-compare-btn product-compare-button wd-action-btn wd-style-icon wd-compare-icon\">\n\t\t\t<a href=\"https:\/\/www.ledizioni.it\/en\/compare\/\" data-id=\"6340\" rel=\"nofollow\" data-added-text=\"Compare products\">\n\t\t\t\t<span>Compare<\/span>\n\t\t\t<\/a>\n\t\t<\/div>\n\t\t\t\t\t\t<div class=\"quick-view wd-action-btn wd-style-icon wd-quick-view-icon\">\n\t\t\t<a\n\t\t\t\thref=\"https:\/\/www.ledizioni.it\/en\/product\/dike-rivista-di-storia-del-diritto-greco-ed-ellenistico-n-142011\/\"\n\t\t\t\tclass=\"open-quick-view quick-view-button\"\n\t\t\t\trel=\"nofollow\"\n\t\t\t\tdata-id=\"6340\"\n\t\t\t\t>Quick view<\/a>\n\t\t<\/div>\n\t\t\t\t\t\t\t<div class=\"wd-wishlist-btn wd-action-btn wd-style-icon wd-wishlist-icon\">\n\t\t\t\t<a class=\"\" href=\"https:\/\/www.ledizioni.it\/en\/product\/dike-rivista-di-storia-del-diritto-greco-ed-ellenistico-n-142011\/\" data-key=\"f331d4f081\" data-product-id=\"6340\" rel=\"nofollow\" data-added-text=\"Browse Wishlist\">\n\t\t\t\t\t<span>Add to wishlist<\/span>\n\t\t\t\t<\/a>\n\t\t\t<\/div>\n\t\t\t<\/div>\n\n<\/div>\n\n\n<\/div>\n<div class=\"product-grid-item product wd-hover-info-alt  col-lg-3 col-md-3 col-6 type-product post-8958 status-publish instock product_cat-dike product_tag-open-access-2 product_tag-storia-del-diritto-greco has-post-thumbnail shipping-taxable purchasable product-type-variable\" data-loop=\"2\" data-id=\"8958\">\n\t\t\t\t\n\t<div class=\"product-wrapper\">\n\t<div class=\"product-element-top wd-quick-shop\">\n\t\t<a href=\"https:\/\/www.ledizioni.it\/en\/product\/dike-rivista-storia-diritto-greco-ed-ellenistico-n-152012\/\" class=\"product-image-link\">\n\t\t\t<img decoding=\"async\" width=\"300\" height=\"406\" src=\"https:\/\/www.ledizioni.it\/stag\/wp-content\/uploads\/2014\/09\/sito3-300x406.jpg\" class=\"attachment-woocommerce_thumbnail size-woocommerce_thumbnail wp-image-8961\" alt=\"\" srcset=\"https:\/\/www.ledizioni.it\/stag\/wp-content\/uploads\/2014\/09\/sito3-300x406.jpg 300w, https:\/\/www.ledizioni.it\/stag\/wp-content\/uploads\/2014\/09\/sito3-400x541.jpg 400w, https:\/\/www.ledizioni.it\/stag\/wp-content\/uploads\/2014\/09\/sito3-185x250.jpg 185w, https:\/\/www.ledizioni.it\/stag\/wp-content\/uploads\/2014\/09\/sito3-222x300.jpg 222w, https:\/\/www.ledizioni.it\/stag\/wp-content\/uploads\/2014\/09\/sito3-768x1038.jpg 768w, https:\/\/www.ledizioni.it\/stag\/wp-content\/uploads\/2014\/09\/sito3-592x800.jpg 592w, https:\/\/www.ledizioni.it\/stag\/wp-content\/uploads\/2014\/09\/sito3-1136x1536.jpg 1136w, https:\/\/www.ledizioni.it\/stag\/wp-content\/uploads\/2014\/09\/sito3-9x12.jpg 9w, https:\/\/www.ledizioni.it\/stag\/wp-content\/uploads\/2014\/09\/sito3-600x811.jpg 600w, https:\/\/www.ledizioni.it\/stag\/wp-content\/uploads\/2014\/09\/sito3.jpg 1451w\" sizes=\"(max-width: 300px) 100vw, 300px\" \/>\t\t<\/a>\n\n\t\t\t<\/div>\n\n\t<div class=\"top-information wd-fill\">\n\n\t\t<h3 class=\"wd-entities-title\"><a href=\"https:\/\/www.ledizioni.it\/en\/product\/dike-rivista-storia-diritto-greco-ed-ellenistico-n-152012\/\">DIKE, Rivista di storia del diritto greco ed ellenistico N. 15\/2012<\/a><\/h3>\t\t\t\t<div class=\"wd-product-cats\">\n\t\t\t<a href=\"https:\/\/www.ledizioni.it\/en\/product-category\/riviste\/dike\/\" rel=\"tag\">Dike<\/a>\t\t<\/div>\n\t\t\n\t\t<div class=\"wd-swatches-grid wd-swatches-product wd-swatches-attr wd-bg-style-1 wd-text-style-1 wd-dis-style-1 wd-size-default wd-shape-round\">\t\t\t<div class=\"wd-swatch wd-tooltip wd-text\" >\n\t\t\t\t\t\t\t\t<span class=\"wd-swatch-text\">\n\t\t\t\t\tCartaceo\t\t\t\t<\/span>\n\t\t\t<\/div>\n\t\t\t\t\t\t<div class=\"wd-swatch wd-tooltip wd-text\" >\n\t\t\t\t\t\t\t\t<span class=\"wd-swatch-text\">\n\t\t\t\t\teBook in PDF\t\t\t\t<\/span>\n\t\t\t<\/div>\n\t\t\t<\/div>\t\t\t\t\n\t<span class=\"price\"><span class=\"woocommerce-Price-amount amount\" aria-hidden=\"true\"><bdi>0,00&nbsp;<span class=\"woocommerce-Price-currencySymbol\">&euro;<\/span><\/bdi><\/span> <span aria-hidden=\"true\">&ndash;<\/span> <span class=\"woocommerce-Price-amount amount\" aria-hidden=\"true\"><bdi>35,00&nbsp;<span class=\"woocommerce-Price-currencySymbol\">&euro;<\/span><\/bdi><\/span><span class=\"screen-reader-text\" data-no-translation=\"\" data-trp-gettext=\"\">Price range: 0,00&nbsp;&euro; through 35,00&nbsp;&euro;<\/span><\/span>\n\n\t\t<div class=\"wd-add-btn wd-add-btn-replace\">\n\t\t\t<a title='Quick View' class='shopengine-quickview-trigger se-btn'\n\t\t\t\t\tdata-source-url='https:\/\/www.ledizioni.it\/en\/product\/dike-rivista-storia-diritto-greco-ed-ellenistico-n-152012\/'\n\t\t\t\t\thref='https:\/\/www.ledizioni.it\/en\/product\/dike-rivista-storia-diritto-greco-ed-ellenistico-n-152012\/'>\n\t\t\t\t\t<i class=\"shopengine-icon-quick_view_1\"><\/i>\n\t\t\t\t<\/a><a href=\"https:\/\/www.ledizioni.it\/en\/product\/dike-rivista-storia-diritto-greco-ed-ellenistico-n-152012\/\" data-quantity=\"1\" class=\"button product_type_variable add_to_cart_button add-to-cart-loop\" data-product_id=\"8958\" data-product_sku=\"9788867051465\" aria-label=\"Select options for \u201cDIKE, Rivista di storia del diritto greco ed ellenistico N. 15\/2012\u201d\" rel=\"nofollow\" data-no-translation-aria-label=\"\"><span data-no-translation=\"\" data-trp-gettext=\"\">Select options<\/span><\/a>\t\t\t\t\t<\/div>\n\t<\/div>\n\n\t<div class=\"wd-buttons wd-pos-r-t color-scheme-light\">\n\t\t\t\t\t\t<div class=\"wd-compare-btn product-compare-button wd-action-btn wd-style-icon wd-compare-icon\">\n\t\t\t<a href=\"https:\/\/www.ledizioni.it\/en\/compare\/\" data-id=\"8958\" rel=\"nofollow\" data-added-text=\"Compare products\">\n\t\t\t\t<span>Compare<\/span>\n\t\t\t<\/a>\n\t\t<\/div>\n\t\t\t\t\t\t<div class=\"quick-view wd-action-btn wd-style-icon wd-quick-view-icon\">\n\t\t\t<a\n\t\t\t\thref=\"https:\/\/www.ledizioni.it\/en\/product\/dike-rivista-storia-diritto-greco-ed-ellenistico-n-152012\/\"\n\t\t\t\tclass=\"open-quick-view quick-view-button\"\n\t\t\t\trel=\"nofollow\"\n\t\t\t\tdata-id=\"8958\"\n\t\t\t\t>Quick view<\/a>\n\t\t<\/div>\n\t\t\t\t\t\t\t<div class=\"wd-wishlist-btn wd-action-btn wd-style-icon wd-wishlist-icon\">\n\t\t\t\t<a class=\"\" href=\"https:\/\/www.ledizioni.it\/en\/product\/dike-rivista-storia-diritto-greco-ed-ellenistico-n-152012\/\" data-key=\"f331d4f081\" data-product-id=\"8958\" rel=\"nofollow\" data-added-text=\"Browse Wishlist\">\n\t\t\t\t\t<span>Add to wishlist<\/span>\n\t\t\t\t<\/a>\n\t\t\t<\/div>\n\t\t\t<\/div>\n\n<\/div>\n\n\n<\/div>\n<div class=\"product-grid-item product wd-hover-info-alt  col-lg-3 col-md-3 col-6 type-product post-8962 status-publish last instock product_cat-dike product_tag-open-access-2 product_tag-storia-del-diritto-greco has-post-thumbnail shipping-taxable purchasable product-type-variable\" data-loop=\"3\" data-id=\"8962\">\n\t\t\t\t\n\t<div class=\"product-wrapper\">\n\t<div class=\"product-element-top wd-quick-shop\">\n\t\t<a href=\"https:\/\/www.ledizioni.it\/en\/product\/dike-rivista-di-storia-del-diritto-greco-ed-ellenistico-n-162013\/\" class=\"product-image-link\">\n\t\t\t<img loading=\"lazy\" decoding=\"async\" width=\"300\" height=\"391\" src=\"https:\/\/www.ledizioni.it\/stag\/wp-content\/uploads\/2014\/09\/sito4-300x391.jpg\" class=\"attachment-woocommerce_thumbnail size-woocommerce_thumbnail wp-image-8965\" alt=\"\" srcset=\"https:\/\/www.ledizioni.it\/stag\/wp-content\/uploads\/2014\/09\/sito4-300x391.jpg 300w, https:\/\/www.ledizioni.it\/stag\/wp-content\/uploads\/2014\/09\/sito4-400x521.jpg 400w, https:\/\/www.ledizioni.it\/stag\/wp-content\/uploads\/2014\/09\/sito4-192x250.jpg 192w, https:\/\/www.ledizioni.it\/stag\/wp-content\/uploads\/2014\/09\/sito4-230x300.jpg 230w, https:\/\/www.ledizioni.it\/stag\/wp-content\/uploads\/2014\/09\/sito4-768x1001.jpg 768w, https:\/\/www.ledizioni.it\/stag\/wp-content\/uploads\/2014\/09\/sito4-614x800.jpg 614w, https:\/\/www.ledizioni.it\/stag\/wp-content\/uploads\/2014\/09\/sito4-1178x1536.jpg 1178w, https:\/\/www.ledizioni.it\/stag\/wp-content\/uploads\/2014\/09\/sito4-9x12.jpg 9w, https:\/\/www.ledizioni.it\/stag\/wp-content\/uploads\/2014\/09\/sito4-600x782.jpg 600w, https:\/\/www.ledizioni.it\/stag\/wp-content\/uploads\/2014\/09\/sito4.jpg 1427w\" sizes=\"(max-width: 300px) 100vw, 300px\" \/>\t\t<\/a>\n\n\t\t\t<\/div>\n\n\t<div class=\"top-information wd-fill\">\n\n\t\t<h3 class=\"wd-entities-title\"><a href=\"https:\/\/www.ledizioni.it\/en\/product\/dike-rivista-di-storia-del-diritto-greco-ed-ellenistico-n-162013\/\">DIKE, Rivista di storia del diritto greco ed ellenistico N. 16\/2013<\/a><\/h3>\t\t\t\t<div class=\"wd-product-cats\">\n\t\t\t<a href=\"https:\/\/www.ledizioni.it\/en\/product-category\/riviste\/dike\/\" rel=\"tag\">Dike<\/a>\t\t<\/div>\n\t\t\n\t\t<div class=\"wd-swatches-grid wd-swatches-product wd-swatches-attr wd-bg-style-1 wd-text-style-1 wd-dis-style-1 wd-size-default wd-shape-round\">\t\t\t<div class=\"wd-swatch wd-tooltip wd-text\" >\n\t\t\t\t\t\t\t\t<span class=\"wd-swatch-text\">\n\t\t\t\t\tCartaceo\t\t\t\t<\/span>\n\t\t\t<\/div>\n\t\t\t\t\t\t<div class=\"wd-swatch wd-tooltip wd-text\" >\n\t\t\t\t\t\t\t\t<span class=\"wd-swatch-text\">\n\t\t\t\t\teBook in PDF\t\t\t\t<\/span>\n\t\t\t<\/div>\n\t\t\t<\/div>\t\t\t\t\n\t<span class=\"price\"><span class=\"woocommerce-Price-amount amount\" aria-hidden=\"true\"><bdi>0,00&nbsp;<span class=\"woocommerce-Price-currencySymbol\">&euro;<\/span><\/bdi><\/span> <span aria-hidden=\"true\">&ndash;<\/span> <span class=\"woocommerce-Price-amount amount\" aria-hidden=\"true\"><bdi>35,00&nbsp;<span class=\"woocommerce-Price-currencySymbol\">&euro;<\/span><\/bdi><\/span><span class=\"screen-reader-text\" data-no-translation=\"\" data-trp-gettext=\"\">Price range: 0,00&nbsp;&euro; through 35,00&nbsp;&euro;<\/span><\/span>\n\n\t\t<div class=\"wd-add-btn wd-add-btn-replace\">\n\t\t\t<a title='Quick View' class='shopengine-quickview-trigger se-btn'\n\t\t\t\t\tdata-source-url='https:\/\/www.ledizioni.it\/en\/product\/dike-rivista-di-storia-del-diritto-greco-ed-ellenistico-n-162013\/'\n\t\t\t\t\thref='https:\/\/www.ledizioni.it\/en\/product\/dike-rivista-di-storia-del-diritto-greco-ed-ellenistico-n-162013\/'>\n\t\t\t\t\t<i class=\"shopengine-icon-quick_view_1\"><\/i>\n\t\t\t\t<\/a><a href=\"https:\/\/www.ledizioni.it\/en\/product\/dike-rivista-di-storia-del-diritto-greco-ed-ellenistico-n-162013\/\" data-quantity=\"1\" class=\"button product_type_variable add_to_cart_button add-to-cart-loop\" data-product_id=\"8962\" data-product_sku=\"9788867052509\" aria-label=\"Select options for \u201cDIKE, Rivista di storia del diritto greco ed ellenistico N. 16\/2013\u201d\" rel=\"nofollow\" data-no-translation-aria-label=\"\"><span data-no-translation=\"\" data-trp-gettext=\"\">Select options<\/span><\/a>\t\t\t\t\t<\/div>\n\t<\/div>\n\n\t<div class=\"wd-buttons wd-pos-r-t color-scheme-light\">\n\t\t\t\t\t\t<div class=\"wd-compare-btn product-compare-button wd-action-btn wd-style-icon wd-compare-icon\">\n\t\t\t<a href=\"https:\/\/www.ledizioni.it\/en\/compare\/\" data-id=\"8962\" rel=\"nofollow\" data-added-text=\"Compare products\">\n\t\t\t\t<span>Compare<\/span>\n\t\t\t<\/a>\n\t\t<\/div>\n\t\t\t\t\t\t<div class=\"quick-view wd-action-btn wd-style-icon wd-quick-view-icon\">\n\t\t\t<a\n\t\t\t\thref=\"https:\/\/www.ledizioni.it\/en\/product\/dike-rivista-di-storia-del-diritto-greco-ed-ellenistico-n-162013\/\"\n\t\t\t\tclass=\"open-quick-view quick-view-button\"\n\t\t\t\trel=\"nofollow\"\n\t\t\t\tdata-id=\"8962\"\n\t\t\t\t>Quick view<\/a>\n\t\t<\/div>\n\t\t\t\t\t\t\t<div class=\"wd-wishlist-btn wd-action-btn wd-style-icon wd-wishlist-icon\">\n\t\t\t\t<a class=\"\" href=\"https:\/\/www.ledizioni.it\/en\/product\/dike-rivista-di-storia-del-diritto-greco-ed-ellenistico-n-162013\/\" data-key=\"f331d4f081\" data-product-id=\"8962\" rel=\"nofollow\" data-added-text=\"Browse Wishlist\">\n\t\t\t\t\t<span>Add to wishlist<\/span>\n\t\t\t\t<\/a>\n\t\t\t<\/div>\n\t\t\t<\/div>\n\n<\/div>\n\n\n<\/div>\n<div class=\"product-grid-item product wd-hover-info-alt  col-lg-3 col-md-3 col-6 last  type-product post-14299 status-publish first instock product_cat-dike product_tag-open-access-2 product_tag-storia-del-diritto-greco has-post-thumbnail shipping-taxable purchasable product-type-variable\" data-loop=\"4\" data-id=\"14299\">\n\t\t\t\t\n\t<div class=\"product-wrapper\">\n\t<div class=\"product-element-top wd-quick-shop\">\n\t\t<a href=\"https:\/\/www.ledizioni.it\/en\/product\/dike-rivista-storia-del-diritto-greco-ed-ellenistico-n-172014\/\" class=\"product-image-link\">\n\t\t\t<img loading=\"lazy\" decoding=\"async\" width=\"300\" height=\"404\" src=\"https:\/\/www.ledizioni.it\/stag\/wp-content\/uploads\/2016\/02\/copertina-17-finita-300x404.jpg\" class=\"attachment-woocommerce_thumbnail size-woocommerce_thumbnail wp-image-14302\" alt=\"\" srcset=\"https:\/\/www.ledizioni.it\/stag\/wp-content\/uploads\/2016\/02\/copertina-17-finita-300x404.jpg 300w, https:\/\/www.ledizioni.it\/stag\/wp-content\/uploads\/2016\/02\/copertina-17-finita-400x539.jpg 400w, https:\/\/www.ledizioni.it\/stag\/wp-content\/uploads\/2016\/02\/copertina-17-finita-186x250.jpg 186w, https:\/\/www.ledizioni.it\/stag\/wp-content\/uploads\/2016\/02\/copertina-17-finita-223x300.jpg 223w, https:\/\/www.ledizioni.it\/stag\/wp-content\/uploads\/2016\/02\/copertina-17-finita-768x1035.jpg 768w, https:\/\/www.ledizioni.it\/stag\/wp-content\/uploads\/2016\/02\/copertina-17-finita-594x800.jpg 594w, https:\/\/www.ledizioni.it\/stag\/wp-content\/uploads\/2016\/02\/copertina-17-finita-1140x1536.jpg 1140w, https:\/\/www.ledizioni.it\/stag\/wp-content\/uploads\/2016\/02\/copertina-17-finita-9x12.jpg 9w, https:\/\/www.ledizioni.it\/stag\/wp-content\/uploads\/2016\/02\/copertina-17-finita-600x808.jpg 600w, https:\/\/www.ledizioni.it\/stag\/wp-content\/uploads\/2016\/02\/copertina-17-finita.jpg 1376w\" sizes=\"(max-width: 300px) 100vw, 300px\" \/>\t\t<\/a>\n\n\t\t\t<\/div>\n\n\t<div class=\"top-information wd-fill\">\n\n\t\t<h3 class=\"wd-entities-title\"><a href=\"https:\/\/www.ledizioni.it\/en\/product\/dike-rivista-storia-del-diritto-greco-ed-ellenistico-n-172014\/\">DIKE, Rivista di storia del diritto greco ed ellenistico N. 17\/2014<\/a><\/h3>\t\t\t\t<div class=\"wd-product-cats\">\n\t\t\t<a href=\"https:\/\/www.ledizioni.it\/en\/product-category\/riviste\/dike\/\" rel=\"tag\">Dike<\/a>\t\t<\/div>\n\t\t\n\t\t<div class=\"wd-swatches-grid wd-swatches-product wd-swatches-attr wd-bg-style-1 wd-text-style-1 wd-dis-style-1 wd-size-default wd-shape-round\">\t\t\t<div class=\"wd-swatch wd-tooltip wd-text\" >\n\t\t\t\t\t\t\t\t<span class=\"wd-swatch-text\">\n\t\t\t\t\tCartaceo\t\t\t\t<\/span>\n\t\t\t<\/div>\n\t\t\t\t\t\t<div class=\"wd-swatch wd-tooltip wd-text\" >\n\t\t\t\t\t\t\t\t<span class=\"wd-swatch-text\">\n\t\t\t\t\teBook in PDF\t\t\t\t<\/span>\n\t\t\t<\/div>\n\t\t\t<\/div>\t\t\t\t\n\t<span class=\"price\"><span class=\"woocommerce-Price-amount amount\" aria-hidden=\"true\"><bdi>0,00&nbsp;<span class=\"woocommerce-Price-currencySymbol\">&euro;<\/span><\/bdi><\/span> <span aria-hidden=\"true\">&ndash;<\/span> <span class=\"woocommerce-Price-amount amount\" aria-hidden=\"true\"><bdi>35,00&nbsp;<span class=\"woocommerce-Price-currencySymbol\">&euro;<\/span><\/bdi><\/span><span class=\"screen-reader-text\" data-no-translation=\"\" data-trp-gettext=\"\">Price range: 0,00&nbsp;&euro; through 35,00&nbsp;&euro;<\/span><\/span>\n\n\t\t<div class=\"wd-add-btn wd-add-btn-replace\">\n\t\t\t<a title='Quick View' class='shopengine-quickview-trigger se-btn'\n\t\t\t\t\tdata-source-url='https:\/\/www.ledizioni.it\/en\/product\/dike-rivista-storia-del-diritto-greco-ed-ellenistico-n-172014\/'\n\t\t\t\t\thref='https:\/\/www.ledizioni.it\/en\/product\/dike-rivista-storia-del-diritto-greco-ed-ellenistico-n-172014\/'>\n\t\t\t\t\t<i class=\"shopengine-icon-quick_view_1\"><\/i>\n\t\t\t\t<\/a><a href=\"https:\/\/www.ledizioni.it\/en\/product\/dike-rivista-storia-del-diritto-greco-ed-ellenistico-n-172014\/\" data-quantity=\"1\" class=\"button product_type_variable add_to_cart_button add-to-cart-loop\" data-product_id=\"14299\" data-product_sku=\"9788867053742\" aria-label=\"Select options for \u201cDIKE, Rivista di storia del diritto greco ed ellenistico N. 17\/2014\u201d\" rel=\"nofollow\" data-no-translation-aria-label=\"\"><span data-no-translation=\"\" data-trp-gettext=\"\">Select options<\/span><\/a>\t\t\t\t\t<\/div>\n\t<\/div>\n\n\t<div class=\"wd-buttons wd-pos-r-t color-scheme-light\">\n\t\t\t\t\t\t<div class=\"wd-compare-btn product-compare-button wd-action-btn wd-style-icon wd-compare-icon\">\n\t\t\t<a href=\"https:\/\/www.ledizioni.it\/en\/compare\/\" data-id=\"14299\" rel=\"nofollow\" data-added-text=\"Compare products\">\n\t\t\t\t<span>Compare<\/span>\n\t\t\t<\/a>\n\t\t<\/div>\n\t\t\t\t\t\t<div class=\"quick-view wd-action-btn wd-style-icon wd-quick-view-icon\">\n\t\t\t<a\n\t\t\t\thref=\"https:\/\/www.ledizioni.it\/en\/product\/dike-rivista-storia-del-diritto-greco-ed-ellenistico-n-172014\/\"\n\t\t\t\tclass=\"open-quick-view quick-view-button\"\n\t\t\t\trel=\"nofollow\"\n\t\t\t\tdata-id=\"14299\"\n\t\t\t\t>Quick view<\/a>\n\t\t<\/div>\n\t\t\t\t\t\t\t<div class=\"wd-wishlist-btn wd-action-btn wd-style-icon wd-wishlist-icon\">\n\t\t\t\t<a class=\"\" href=\"https:\/\/www.ledizioni.it\/en\/product\/dike-rivista-storia-del-diritto-greco-ed-ellenistico-n-172014\/\" data-key=\"f331d4f081\" data-product-id=\"14299\" rel=\"nofollow\" data-added-text=\"Browse Wishlist\">\n\t\t\t\t\t<span>Add to wishlist<\/span>\n\t\t\t\t<\/a>\n\t\t\t<\/div>\n\t\t\t<\/div>\n\n<\/div>\n\n\n<\/div>\n<div class=\"product-grid-item wd-with-labels product wd-hover-info-alt  col-lg-3 col-md-3 col-6 first  type-product post-55271 status-publish instock product_cat-dike product_tag-open-access-2 product_tag-storia-del-diritto-greco has-post-thumbnail featured shipping-taxable purchasable product-type-simple\" data-loop=\"5\" data-id=\"55271\">\n\t\t\t\t\n\t<div class=\"product-wrapper\">\n\t<div class=\"product-element-top wd-quick-shop\">\n\t\t<a href=\"https:\/\/www.ledizioni.it\/en\/product\/dike-rivista-di-storia-del-diritto-greco-ed-ellenistico-n-25-2022\/\" class=\"product-image-link\">\n\t\t\t<img loading=\"lazy\" decoding=\"async\" width=\"300\" height=\"393\" src=\"https:\/\/www.ledizioni.it\/stag\/wp-content\/uploads\/2023\/03\/copertina-Dike-25_3D-300x393.jpg\" class=\"attachment-woocommerce_thumbnail size-woocommerce_thumbnail wp-image-55274\" alt=\"\" srcset=\"https:\/\/www.ledizioni.it\/stag\/wp-content\/uploads\/2023\/03\/copertina-Dike-25_3D-300x393.jpg 300w, https:\/\/www.ledizioni.it\/stag\/wp-content\/uploads\/2023\/03\/copertina-Dike-25_3D-400x523.jpg 400w, https:\/\/www.ledizioni.it\/stag\/wp-content\/uploads\/2023\/03\/copertina-Dike-25_3D-611x800.jpg 611w, https:\/\/www.ledizioni.it\/stag\/wp-content\/uploads\/2023\/03\/copertina-Dike-25_3D-191x250.jpg 191w, https:\/\/www.ledizioni.it\/stag\/wp-content\/uploads\/2023\/03\/copertina-Dike-25_3D-9x12.jpg 9w, https:\/\/www.ledizioni.it\/stag\/wp-content\/uploads\/2023\/03\/copertina-Dike-25_3D-600x785.jpg 600w, https:\/\/www.ledizioni.it\/stag\/wp-content\/uploads\/2023\/03\/copertina-Dike-25_3D-229x300.jpg 229w, https:\/\/www.ledizioni.it\/stag\/wp-content\/uploads\/2023\/03\/copertina-Dike-25_3D-768x1005.jpg 768w, https:\/\/www.ledizioni.it\/stag\/wp-content\/uploads\/2023\/03\/copertina-Dike-25_3D-1174x1536.jpg 1174w, https:\/\/www.ledizioni.it\/stag\/wp-content\/uploads\/2023\/03\/copertina-Dike-25_3D.jpg 1504w\" sizes=\"(max-width: 300px) 100vw, 300px\" \/>\t\t<\/a>\n\n\t\t\t<\/div>\n\n\t<div class=\"top-information wd-fill\">\n\n\t\t<h3 class=\"wd-entities-title\"><a href=\"https:\/\/www.ledizioni.it\/en\/product\/dike-rivista-di-storia-del-diritto-greco-ed-ellenistico-n-25-2022\/\">DIKE, Rivista di storia del diritto greco ed ellenistico N. 25\/2022<\/a><\/h3>\t\t\t\t<div class=\"wd-product-cats\">\n\t\t\t<a href=\"https:\/\/www.ledizioni.it\/en\/product-category\/riviste\/dike\/\" rel=\"tag\">Dike<\/a>\t\t<\/div>\n\t\t\n\t\t\t\t\t\t\n\t<span class=\"price\"><span class=\"woocommerce-Price-amount amount\"><bdi>50,00&nbsp;<span class=\"woocommerce-Price-currencySymbol\">&euro;<\/span><\/bdi><\/span><\/span>\n\n\t\t<div class=\"wd-add-btn wd-add-btn-replace\">\n\t\t\t<a title='Quick View' class='shopengine-quickview-trigger se-btn'\n\t\t\t\t\tdata-source-url='https:\/\/www.ledizioni.it\/en\/product\/dike-rivista-di-storia-del-diritto-greco-ed-ellenistico-n-25-2022\/'\n\t\t\t\t\thref='https:\/\/www.ledizioni.it\/en\/product\/dike-rivista-di-storia-del-diritto-greco-ed-ellenistico-n-25-2022\/'>\n\t\t\t\t\t<i class=\"shopengine-icon-quick_view_1\"><\/i>\n\t\t\t\t<\/a><a href=\"\/en\/wp-json\/wp\/v2\/pages\/5820?add-to-cart=55271\" data-quantity=\"1\" class=\"button product_type_simple add_to_cart_button ajax_add_to_cart add-to-cart-loop\" data-product_id=\"55271\" data-product_sku=\"9788855268790\" aria-label=\"Add to basket: \u201cDIKE, Rivista di storia del diritto greco ed ellenistico N. 25\/2022\u201d\" rel=\"nofollow\" data-success_message=\"\u201cDIKE, Rivista di storia del diritto greco ed ellenistico N. 25\/2022\u201d has been added to your basket\" data-no-translation-aria-label=\"\" data-no-translation-data-success_message=\"\"><span data-no-translation=\"\" data-trp-gettext=\"\">Add to basket<\/span><\/a>\t\t\t\t\t<\/div>\n\t<\/div>\n\n\t<div class=\"wd-buttons wd-pos-r-t color-scheme-light\">\n\t\t\t\t\t\t<div class=\"wd-compare-btn product-compare-button wd-action-btn wd-style-icon wd-compare-icon\">\n\t\t\t<a href=\"https:\/\/www.ledizioni.it\/en\/compare\/\" data-id=\"55271\" rel=\"nofollow\" data-added-text=\"Compare products\">\n\t\t\t\t<span>Compare<\/span>\n\t\t\t<\/a>\n\t\t<\/div>\n\t\t\t\t\t\t<div class=\"quick-view wd-action-btn wd-style-icon wd-quick-view-icon\">\n\t\t\t<a\n\t\t\t\thref=\"https:\/\/www.ledizioni.it\/en\/product\/dike-rivista-di-storia-del-diritto-greco-ed-ellenistico-n-25-2022\/\"\n\t\t\t\tclass=\"open-quick-view quick-view-button\"\n\t\t\t\trel=\"nofollow\"\n\t\t\t\tdata-id=\"55271\"\n\t\t\t\t>Quick view<\/a>\n\t\t<\/div>\n\t\t\t\t\t\t\t<div class=\"wd-wishlist-btn wd-action-btn wd-style-icon wd-wishlist-icon\">\n\t\t\t\t<a class=\"\" href=\"https:\/\/www.ledizioni.it\/en\/product\/dike-rivista-di-storia-del-diritto-greco-ed-ellenistico-n-25-2022\/\" data-key=\"f331d4f081\" data-product-id=\"55271\" rel=\"nofollow\" data-added-text=\"Browse Wishlist\">\n\t\t\t\t\t<span>Add to wishlist<\/span>\n\t\t\t\t<\/a>\n\t\t\t<\/div>\n\t\t\t<\/div>\n\n<\/div>\n\n\n<\/div>\n<div class=\"product-grid-item wd-with-labels product wd-hover-info-alt  col-lg-3 col-md-3 col-6 type-product post-63807 status-publish instock product_cat-dike product_tag-open-access-2 product_tag-storia-del-diritto-greco has-post-thumbnail featured shipping-taxable purchasable product-type-simple\" data-loop=\"6\" data-id=\"63807\">\n\t\t\t\t\n\t<div class=\"product-wrapper\">\n\t<div class=\"product-element-top wd-quick-shop\">\n\t\t<a href=\"https:\/\/www.ledizioni.it\/en\/product\/dike-rivista-di-storia-del-diritto-greco-ed-ellenistico-n-26-2023\/\" class=\"product-image-link\">\n\t\t\t<img loading=\"lazy\" decoding=\"async\" width=\"300\" height=\"390\" src=\"https:\/\/www.ledizioni.it\/stag\/wp-content\/uploads\/2024\/03\/copertina_26-3D-300x390.jpg\" class=\"attachment-woocommerce_thumbnail size-woocommerce_thumbnail wp-image-63808\" alt=\"\" srcset=\"https:\/\/www.ledizioni.it\/stag\/wp-content\/uploads\/2024\/03\/copertina_26-3D-300x390.jpg 300w, https:\/\/www.ledizioni.it\/stag\/wp-content\/uploads\/2024\/03\/copertina_26-3D-231x300.jpg 231w, https:\/\/www.ledizioni.it\/stag\/wp-content\/uploads\/2024\/03\/copertina_26-3D-615x800.jpg 615w, https:\/\/www.ledizioni.it\/stag\/wp-content\/uploads\/2024\/03\/copertina_26-3D-192x250.jpg 192w, https:\/\/www.ledizioni.it\/stag\/wp-content\/uploads\/2024\/03\/copertina_26-3D-768x999.jpg 768w, https:\/\/www.ledizioni.it\/stag\/wp-content\/uploads\/2024\/03\/copertina_26-3D-1181x1536.jpg 1181w, https:\/\/www.ledizioni.it\/stag\/wp-content\/uploads\/2024\/03\/copertina_26-3D-9x12.jpg 9w, https:\/\/www.ledizioni.it\/stag\/wp-content\/uploads\/2024\/03\/copertina_26-3D-600x781.jpg 600w, https:\/\/www.ledizioni.it\/stag\/wp-content\/uploads\/2024\/03\/copertina_26-3D-400x520.jpg 400w, https:\/\/www.ledizioni.it\/stag\/wp-content\/uploads\/2024\/03\/copertina_26-3D.jpg 1522w\" sizes=\"(max-width: 300px) 100vw, 300px\" \/>\t\t<\/a>\n\n\t\t\t<\/div>\n\n\t<div class=\"top-information wd-fill\">\n\n\t\t<h3 class=\"wd-entities-title\"><a href=\"https:\/\/www.ledizioni.it\/en\/product\/dike-rivista-di-storia-del-diritto-greco-ed-ellenistico-n-26-2023\/\">DIKE, Rivista di storia del diritto greco ed ellenistico N. 26\/2023<\/a><\/h3>\t\t\t\t<div class=\"wd-product-cats\">\n\t\t\t<a href=\"https:\/\/www.ledizioni.it\/en\/product-category\/riviste\/dike\/\" rel=\"tag\">Dike<\/a>\t\t<\/div>\n\t\t\n\t\t\t\t\t\t\n\t<span class=\"price\"><span class=\"woocommerce-Price-amount amount\"><bdi>50,00&nbsp;<span class=\"woocommerce-Price-currencySymbol\">&euro;<\/span><\/bdi><\/span><\/span>\n\n\t\t<div class=\"wd-add-btn wd-add-btn-replace\">\n\t\t\t<a title='Quick View' class='shopengine-quickview-trigger se-btn'\n\t\t\t\t\tdata-source-url='https:\/\/www.ledizioni.it\/en\/product\/dike-rivista-di-storia-del-diritto-greco-ed-ellenistico-n-26-2023\/'\n\t\t\t\t\thref='https:\/\/www.ledizioni.it\/en\/product\/dike-rivista-di-storia-del-diritto-greco-ed-ellenistico-n-26-2023\/'>\n\t\t\t\t\t<i class=\"shopengine-icon-quick_view_1\"><\/i>\n\t\t\t\t<\/a><a href=\"\/en\/wp-json\/wp\/v2\/pages\/5820?add-to-cart=63807\" data-quantity=\"1\" class=\"button product_type_simple add_to_cart_button ajax_add_to_cart add-to-cart-loop\" data-product_id=\"63807\" data-product_sku=\"9791256000661\" aria-label=\"Add to basket: \u201cDIKE, Rivista di storia del diritto greco ed ellenistico N. 26\/2023\u201d\" rel=\"nofollow\" data-success_message=\"\u201cDIKE, Rivista di storia del diritto greco ed ellenistico N. 26\/2023\u201d has been added to your basket\" data-no-translation-aria-label=\"\" data-no-translation-data-success_message=\"\"><span data-no-translation=\"\" data-trp-gettext=\"\">Add to basket<\/span><\/a>\t\t\t\t\t<\/div>\n\t<\/div>\n\n\t<div class=\"wd-buttons wd-pos-r-t color-scheme-light\">\n\t\t\t\t\t\t<div class=\"wd-compare-btn product-compare-button wd-action-btn wd-style-icon wd-compare-icon\">\n\t\t\t<a href=\"https:\/\/www.ledizioni.it\/en\/compare\/\" data-id=\"63807\" rel=\"nofollow\" data-added-text=\"Compare products\">\n\t\t\t\t<span>Compare<\/span>\n\t\t\t<\/a>\n\t\t<\/div>\n\t\t\t\t\t\t<div class=\"quick-view wd-action-btn wd-style-icon wd-quick-view-icon\">\n\t\t\t<a\n\t\t\t\thref=\"https:\/\/www.ledizioni.it\/en\/product\/dike-rivista-di-storia-del-diritto-greco-ed-ellenistico-n-26-2023\/\"\n\t\t\t\tclass=\"open-quick-view quick-view-button\"\n\t\t\t\trel=\"nofollow\"\n\t\t\t\tdata-id=\"63807\"\n\t\t\t\t>Quick view<\/a>\n\t\t<\/div>\n\t\t\t\t\t\t\t<div class=\"wd-wishlist-btn wd-action-btn wd-style-icon wd-wishlist-icon\">\n\t\t\t\t<a class=\"\" href=\"https:\/\/www.ledizioni.it\/en\/product\/dike-rivista-di-storia-del-diritto-greco-ed-ellenistico-n-26-2023\/\" data-key=\"f331d4f081\" data-product-id=\"63807\" rel=\"nofollow\" data-added-text=\"Browse Wishlist\">\n\t\t\t\t\t<span>Add to wishlist<\/span>\n\t\t\t\t<\/a>\n\t\t\t<\/div>\n\t\t\t<\/div>\n\n<\/div>\n\n\n<\/div>\n<div class=\"product-grid-item wd-with-labels product wd-hover-info-alt  col-lg-3 col-md-3 col-6 type-product post-73794 status-publish last instock product_cat-dike product_tag-open-access-2 product_tag-storia-del-diritto-greco has-post-thumbnail featured shipping-taxable purchasable product-type-simple\" data-loop=\"7\" data-id=\"73794\">\n\t\t\t\t\n\t<div class=\"product-wrapper\">\n\t<div class=\"product-element-top wd-quick-shop\">\n\t\t<a href=\"https:\/\/www.ledizioni.it\/en\/product\/dike-rivista-di-storia-del-diritto-greco-ed-ellenistico-n-27-2024\/\" class=\"product-image-link\">\n\t\t\t<img loading=\"lazy\" decoding=\"async\" width=\"300\" height=\"385\" src=\"https:\/\/www.ledizioni.it\/stag\/wp-content\/uploads\/2025\/02\/copertina_27-2024-3D-300x385.jpg\" class=\"attachment-woocommerce_thumbnail size-woocommerce_thumbnail wp-image-73796\" alt=\"\" srcset=\"https:\/\/www.ledizioni.it\/stag\/wp-content\/uploads\/2025\/02\/copertina_27-2024-3D-300x385.jpg 300w, https:\/\/www.ledizioni.it\/stag\/wp-content\/uploads\/2025\/02\/copertina_27-2024-3D-234x300.jpg 234w, https:\/\/www.ledizioni.it\/stag\/wp-content\/uploads\/2025\/02\/copertina_27-2024-3D-623x800.jpg 623w, https:\/\/www.ledizioni.it\/stag\/wp-content\/uploads\/2025\/02\/copertina_27-2024-3D-195x250.jpg 195w, https:\/\/www.ledizioni.it\/stag\/wp-content\/uploads\/2025\/02\/copertina_27-2024-3D-768x986.jpg 768w, https:\/\/www.ledizioni.it\/stag\/wp-content\/uploads\/2025\/02\/copertina_27-2024-3D-1197x1536.jpg 1197w, https:\/\/www.ledizioni.it\/stag\/wp-content\/uploads\/2025\/02\/copertina_27-2024-3D-9x12.jpg 9w, https:\/\/www.ledizioni.it\/stag\/wp-content\/uploads\/2025\/02\/copertina_27-2024-3D-600x770.jpg 600w, https:\/\/www.ledizioni.it\/stag\/wp-content\/uploads\/2025\/02\/copertina_27-2024-3D-400x513.jpg 400w, https:\/\/www.ledizioni.it\/stag\/wp-content\/uploads\/2025\/02\/copertina_27-2024-3D.jpg 1510w\" sizes=\"(max-width: 300px) 100vw, 300px\" \/>\t\t<\/a>\n\n\t\t\t<\/div>\n\n\t<div class=\"top-information wd-fill\">\n\n\t\t<h3 class=\"wd-entities-title\"><a href=\"https:\/\/www.ledizioni.it\/en\/product\/dike-rivista-di-storia-del-diritto-greco-ed-ellenistico-n-27-2024\/\">DIKE, Rivista di storia del diritto greco ed ellenistico N. 27\/2024<\/a><\/h3>\t\t\t\t<div class=\"wd-product-cats\">\n\t\t\t<a href=\"https:\/\/www.ledizioni.it\/en\/product-category\/riviste\/dike\/\" rel=\"tag\">Dike<\/a>\t\t<\/div>\n\t\t\n\t\t\t\t\t\t\n\t<span class=\"price\"><span class=\"woocommerce-Price-amount amount\"><bdi>50,00&nbsp;<span class=\"woocommerce-Price-currencySymbol\">&euro;<\/span><\/bdi><\/span><\/span>\n\n\t\t<div class=\"wd-add-btn wd-add-btn-replace\">\n\t\t\t<a title='Quick View' class='shopengine-quickview-trigger se-btn'\n\t\t\t\t\tdata-source-url='https:\/\/www.ledizioni.it\/en\/product\/dike-rivista-di-storia-del-diritto-greco-ed-ellenistico-n-27-2024\/'\n\t\t\t\t\thref='https:\/\/www.ledizioni.it\/en\/product\/dike-rivista-di-storia-del-diritto-greco-ed-ellenistico-n-27-2024\/'>\n\t\t\t\t\t<i class=\"shopengine-icon-quick_view_1\"><\/i>\n\t\t\t\t<\/a><a href=\"\/en\/wp-json\/wp\/v2\/pages\/5820?add-to-cart=73794\" data-quantity=\"1\" class=\"button product_type_simple add_to_cart_button ajax_add_to_cart add-to-cart-loop\" data-product_id=\"73794\" data-product_sku=\"9791256003433\" aria-label=\"Add to basket: \u201cDIKE, Rivista di storia del diritto greco ed ellenistico N. 27\/2024\u201d\" rel=\"nofollow\" data-success_message=\"\u201cDIKE, Rivista di storia del diritto greco ed ellenistico N. 27\/2024\u201d has been added to your basket\" data-no-translation-aria-label=\"\" data-no-translation-data-success_message=\"\"><span data-no-translation=\"\" data-trp-gettext=\"\">Add to basket<\/span><\/a>\t\t\t\t\t<\/div>\n\t<\/div>\n\n\t<div class=\"wd-buttons wd-pos-r-t color-scheme-light\">\n\t\t\t\t\t\t<div class=\"wd-compare-btn product-compare-button wd-action-btn wd-style-icon wd-compare-icon\">\n\t\t\t<a href=\"https:\/\/www.ledizioni.it\/en\/compare\/\" data-id=\"73794\" rel=\"nofollow\" data-added-text=\"Compare products\">\n\t\t\t\t<span>Compare<\/span>\n\t\t\t<\/a>\n\t\t<\/div>\n\t\t\t\t\t\t<div class=\"quick-view wd-action-btn wd-style-icon wd-quick-view-icon\">\n\t\t\t<a\n\t\t\t\thref=\"https:\/\/www.ledizioni.it\/en\/product\/dike-rivista-di-storia-del-diritto-greco-ed-ellenistico-n-27-2024\/\"\n\t\t\t\tclass=\"open-quick-view quick-view-button\"\n\t\t\t\trel=\"nofollow\"\n\t\t\t\tdata-id=\"73794\"\n\t\t\t\t>Quick view<\/a>\n\t\t<\/div>\n\t\t\t\t\t\t\t<div class=\"wd-wishlist-btn wd-action-btn wd-style-icon wd-wishlist-icon\">\n\t\t\t\t<a class=\"\" href=\"https:\/\/www.ledizioni.it\/en\/product\/dike-rivista-di-storia-del-diritto-greco-ed-ellenistico-n-27-2024\/\" data-key=\"f331d4f081\" data-product-id=\"73794\" rel=\"nofollow\" data-added-text=\"Browse Wishlist\">\n\t\t\t\t\t<span>Add to wishlist<\/span>\n\t\t\t\t<\/a>\n\t\t\t<\/div>\n\t\t\t<\/div>\n\n<\/div>\n\n\n<\/div>\n<\/div><\/div>","protected":false},"excerpt":{"rendered":"<p>&nbsp; DIKE \u00e8 la prima rivista specificamente dedicata allo studio del diritto greco ed ellenistico: pubblica articoli sottoposti a \u201crevisione\u201d<\/p>","protected":false},"author":1,"featured_media":0,"parent":494,"menu_order":0,"comment_status":"closed","ping_status":"closed","template":"","meta":{"_acf_changed":false,"footnotes":""},"class_list":["post-5820","page","type-page","status-publish","hentry"],"acf":[],"yoast_head":"<!-- This site is optimized with the Yoast SEO plugin v27.5 - https:\/\/yoast.com\/product\/yoast-seo-wordpress\/ -->\n<title>Dike - Rivista di storia del diritto greco ed ellenistico -<\/title>\n<meta name=\"description\" content=\"DIKE \u00e8 la prima rivista specificamente dedicata allo studio del diritto greco ed ellenistico. La rivista \u00e8 diretta da Eva Cantarella e Alberto Maffi\" \/>\n<meta name=\"robots\" content=\"index, follow, max-snippet:-1, max-image-preview:large, max-video-preview:-1\" \/>\n<link rel=\"canonical\" href=\"https:\/\/www.ledizioni.it\/en\/collane\/diritto\/dike-rivista-storia-del-diritto-greco-ed-ellenistico\/\" \/>\n<meta property=\"og:locale\" content=\"en_GB\" \/>\n<meta property=\"og:type\" content=\"article\" \/>\n<meta property=\"og:title\" content=\"Dike - Rivista di storia del diritto greco ed ellenistico -\" \/>\n<meta property=\"og:description\" content=\"DIKE \u00e8 la prima rivista specificamente dedicata allo studio del diritto greco ed ellenistico. La rivista \u00e8 diretta da Eva Cantarella e Alberto Maffi\" \/>\n<meta property=\"og:url\" content=\"https:\/\/www.ledizioni.it\/en\/collane\/diritto\/dike-rivista-storia-del-diritto-greco-ed-ellenistico\/\" \/>\n<meta property=\"og:site_name\" content=\"Ledizioni\" \/>\n<meta property=\"article:publisher\" content=\"https:\/\/www.facebook.com\/pages\/Ledizioni-LediPublishing\/109120559173329\" \/>\n<meta property=\"article:modified_time\" content=\"2023-12-12T08:39:41+00:00\" \/>\n<meta property=\"og:image\" content=\"http:\/\/riviste.unimi.it\/public\/journals\/45\/pageHeaderTitleImage_it_IT.jpg\" \/>\n<meta name=\"twitter:card\" content=\"summary_large_image\" \/>\n<meta name=\"twitter:site\" content=\"@ledizioni\" \/>\n<meta name=\"twitter:label1\" content=\"Estimated reading time\" \/>\n\t<meta name=\"twitter:data1\" content=\"1 minute\" \/>\n<script type=\"application\/ld+json\" class=\"yoast-schema-graph\">{\"@context\":\"https:\\\/\\\/schema.org\",\"@graph\":[{\"@type\":\"WebPage\",\"@id\":\"https:\\\/\\\/www.ledizioni.it\\\/collane\\\/diritto\\\/dike-rivista-storia-del-diritto-greco-ed-ellenistico\\\/\",\"url\":\"https:\\\/\\\/www.ledizioni.it\\\/collane\\\/diritto\\\/dike-rivista-storia-del-diritto-greco-ed-ellenistico\\\/\",\"name\":\"Dike - Rivista di storia del diritto greco ed ellenistico -\",\"isPartOf\":{\"@id\":\"https:\\\/\\\/www.ledizioni.it\\\/#website\"},\"primaryImageOfPage\":{\"@id\":\"https:\\\/\\\/www.ledizioni.it\\\/collane\\\/diritto\\\/dike-rivista-storia-del-diritto-greco-ed-ellenistico\\\/#primaryimage\"},\"image\":{\"@id\":\"https:\\\/\\\/www.ledizioni.it\\\/collane\\\/diritto\\\/dike-rivista-storia-del-diritto-greco-ed-ellenistico\\\/#primaryimage\"},\"thumbnailUrl\":\"http:\\\/\\\/riviste.unimi.it\\\/public\\\/journals\\\/45\\\/pageHeaderTitleImage_it_IT.jpg\",\"datePublished\":\"2013-11-05T09:24:48+00:00\",\"dateModified\":\"2023-12-12T08:39:41+00:00\",\"description\":\"DIKE \u00e8 la prima rivista specificamente dedicata allo studio del diritto greco ed ellenistico. La rivista \u00e8 diretta da Eva Cantarella e Alberto Maffi\",\"breadcrumb\":{\"@id\":\"https:\\\/\\\/www.ledizioni.it\\\/collane\\\/diritto\\\/dike-rivista-storia-del-diritto-greco-ed-ellenistico\\\/#breadcrumb\"},\"inLanguage\":\"en-GB\",\"potentialAction\":[{\"@type\":\"ReadAction\",\"target\":[\"https:\\\/\\\/www.ledizioni.it\\\/collane\\\/diritto\\\/dike-rivista-storia-del-diritto-greco-ed-ellenistico\\\/\"]}]},{\"@type\":\"ImageObject\",\"inLanguage\":\"en-GB\",\"@id\":\"https:\\\/\\\/www.ledizioni.it\\\/collane\\\/diritto\\\/dike-rivista-storia-del-diritto-greco-ed-ellenistico\\\/#primaryimage\",\"url\":\"http:\\\/\\\/riviste.unimi.it\\\/public\\\/journals\\\/45\\\/pageHeaderTitleImage_it_IT.jpg\",\"contentUrl\":\"http:\\\/\\\/riviste.unimi.it\\\/public\\\/journals\\\/45\\\/pageHeaderTitleImage_it_IT.jpg\"},{\"@type\":\"BreadcrumbList\",\"@id\":\"https:\\\/\\\/www.ledizioni.it\\\/collane\\\/diritto\\\/dike-rivista-storia-del-diritto-greco-ed-ellenistico\\\/#breadcrumb\",\"itemListElement\":[{\"@type\":\"ListItem\",\"position\":1,\"name\":\"Collane\",\"item\":\"https:\\\/\\\/www.ledizioni.it\\\/collane\\\/\"},{\"@type\":\"ListItem\",\"position\":2,\"name\":\"Diritto\",\"item\":\"https:\\\/\\\/www.ledizioni.it\\\/collane\\\/diritto\\\/\"},{\"@type\":\"ListItem\",\"position\":3,\"name\":\"Dike &#8211; Rivista di storia del diritto greco ed ellenistico\"}]},{\"@type\":\"WebSite\",\"@id\":\"https:\\\/\\\/www.ledizioni.it\\\/#website\",\"url\":\"https:\\\/\\\/www.ledizioni.it\\\/\",\"name\":\"Ledizioni\",\"description\":\"The Innovative LediPublishing Company - Casa Editrice Universitaria\",\"publisher\":{\"@id\":\"https:\\\/\\\/www.ledizioni.it\\\/#organization\"},\"potentialAction\":[{\"@type\":\"SearchAction\",\"target\":{\"@type\":\"EntryPoint\",\"urlTemplate\":\"https:\\\/\\\/www.ledizioni.it\\\/?s={search_term_string}\"},\"query-input\":{\"@type\":\"PropertyValueSpecification\",\"valueRequired\":true,\"valueName\":\"search_term_string\"}}],\"inLanguage\":\"en-GB\"},{\"@type\":\"Organization\",\"@id\":\"https:\\\/\\\/www.ledizioni.it\\\/#organization\",\"name\":\"Ledizioni\",\"url\":\"https:\\\/\\\/www.ledizioni.it\\\/\",\"logo\":{\"@type\":\"ImageObject\",\"inLanguage\":\"en-GB\",\"@id\":\"https:\\\/\\\/www.ledizioni.it\\\/#\\\/schema\\\/logo\\\/image\\\/\",\"url\":\"https:\\\/\\\/www.ledizioni.it\\\/stag\\\/wp-content\\\/uploads\\\/2023\\\/10\\\/newlogoledizioni500x110_2-1.jpg\",\"contentUrl\":\"https:\\\/\\\/www.ledizioni.it\\\/stag\\\/wp-content\\\/uploads\\\/2023\\\/10\\\/newlogoledizioni500x110_2-1.jpg\",\"width\":354,\"height\":87,\"caption\":\"Ledizioni\"},\"image\":{\"@id\":\"https:\\\/\\\/www.ledizioni.it\\\/#\\\/schema\\\/logo\\\/image\\\/\"},\"sameAs\":[\"https:\\\/\\\/www.facebook.com\\\/pages\\\/Ledizioni-LediPublishing\\\/109120559173329\",\"https:\\\/\\\/x.com\\\/ledizioni\"]}]}<\/script>\n<!-- \/ Yoast SEO plugin. -->","yoast_head_json":{"title":"Dike - Rivista di storia del diritto greco ed ellenistico -","description":"DIKE \u00e8 la prima rivista specificamente dedicata allo studio del diritto greco ed ellenistico. La rivista \u00e8 diretta da Eva Cantarella e Alberto Maffi","robots":{"index":"index","follow":"follow","max-snippet":"max-snippet:-1","max-image-preview":"max-image-preview:large","max-video-preview":"max-video-preview:-1"},"canonical":"https:\/\/www.ledizioni.it\/en\/collane\/diritto\/dike-rivista-storia-del-diritto-greco-ed-ellenistico\/","og_locale":"en_GB","og_type":"article","og_title":"Dike - Rivista di storia del diritto greco ed ellenistico -","og_description":"DIKE \u00e8 la prima rivista specificamente dedicata allo studio del diritto greco ed ellenistico. La rivista \u00e8 diretta da Eva Cantarella e Alberto Maffi","og_url":"https:\/\/www.ledizioni.it\/en\/collane\/diritto\/dike-rivista-storia-del-diritto-greco-ed-ellenistico\/","og_site_name":"Ledizioni","article_publisher":"https:\/\/www.facebook.com\/pages\/Ledizioni-LediPublishing\/109120559173329","article_modified_time":"2023-12-12T08:39:41+00:00","og_image":[{"url":"http:\/\/riviste.unimi.it\/public\/journals\/45\/pageHeaderTitleImage_it_IT.jpg","type":"","width":"","height":""}],"twitter_card":"summary_large_image","twitter_site":"@ledizioni","twitter_misc":{"Estimated reading time":"1 minute"},"schema":{"@context":"https:\/\/schema.org","@graph":[{"@type":"WebPage","@id":"https:\/\/www.ledizioni.it\/collane\/diritto\/dike-rivista-storia-del-diritto-greco-ed-ellenistico\/","url":"https:\/\/www.ledizioni.it\/collane\/diritto\/dike-rivista-storia-del-diritto-greco-ed-ellenistico\/","name":"Dike - Rivista di storia del diritto greco ed ellenistico -","isPartOf":{"@id":"https:\/\/www.ledizioni.it\/#website"},"primaryImageOfPage":{"@id":"https:\/\/www.ledizioni.it\/collane\/diritto\/dike-rivista-storia-del-diritto-greco-ed-ellenistico\/#primaryimage"},"image":{"@id":"https:\/\/www.ledizioni.it\/collane\/diritto\/dike-rivista-storia-del-diritto-greco-ed-ellenistico\/#primaryimage"},"thumbnailUrl":"http:\/\/riviste.unimi.it\/public\/journals\/45\/pageHeaderTitleImage_it_IT.jpg","datePublished":"2013-11-05T09:24:48+00:00","dateModified":"2023-12-12T08:39:41+00:00","description":"DIKE \u00e8 la prima rivista specificamente dedicata allo studio del diritto greco ed ellenistico. La rivista \u00e8 diretta da Eva Cantarella e Alberto Maffi","breadcrumb":{"@id":"https:\/\/www.ledizioni.it\/collane\/diritto\/dike-rivista-storia-del-diritto-greco-ed-ellenistico\/#breadcrumb"},"inLanguage":"en-GB","potentialAction":[{"@type":"ReadAction","target":["https:\/\/www.ledizioni.it\/collane\/diritto\/dike-rivista-storia-del-diritto-greco-ed-ellenistico\/"]}]},{"@type":"ImageObject","inLanguage":"en-GB","@id":"https:\/\/www.ledizioni.it\/collane\/diritto\/dike-rivista-storia-del-diritto-greco-ed-ellenistico\/#primaryimage","url":"http:\/\/riviste.unimi.it\/public\/journals\/45\/pageHeaderTitleImage_it_IT.jpg","contentUrl":"http:\/\/riviste.unimi.it\/public\/journals\/45\/pageHeaderTitleImage_it_IT.jpg"},{"@type":"BreadcrumbList","@id":"https:\/\/www.ledizioni.it\/collane\/diritto\/dike-rivista-storia-del-diritto-greco-ed-ellenistico\/#breadcrumb","itemListElement":[{"@type":"ListItem","position":1,"name":"Collane","item":"https:\/\/www.ledizioni.it\/collane\/"},{"@type":"ListItem","position":2,"name":"Diritto","item":"https:\/\/www.ledizioni.it\/collane\/diritto\/"},{"@type":"ListItem","position":3,"name":"Dike &#8211; Rivista di storia del diritto greco ed ellenistico"}]},{"@type":"WebSite","@id":"https:\/\/www.ledizioni.it\/#website","url":"https:\/\/www.ledizioni.it\/","name":"Ledizioni","description":"The Innovative LediPublishing Company - Casa Editrice Universitaria","publisher":{"@id":"https:\/\/www.ledizioni.it\/#organization"},"potentialAction":[{"@type":"SearchAction","target":{"@type":"EntryPoint","urlTemplate":"https:\/\/www.ledizioni.it\/?s={search_term_string}"},"query-input":{"@type":"PropertyValueSpecification","valueRequired":true,"valueName":"search_term_string"}}],"inLanguage":"en-GB"},{"@type":"Organization","@id":"https:\/\/www.ledizioni.it\/#organization","name":"Ledizioni","url":"https:\/\/www.ledizioni.it\/","logo":{"@type":"ImageObject","inLanguage":"en-GB","@id":"https:\/\/www.ledizioni.it\/#\/schema\/logo\/image\/","url":"https:\/\/www.ledizioni.it\/stag\/wp-content\/uploads\/2023\/10\/newlogoledizioni500x110_2-1.jpg","contentUrl":"https:\/\/www.ledizioni.it\/stag\/wp-content\/uploads\/2023\/10\/newlogoledizioni500x110_2-1.jpg","width":354,"height":87,"caption":"Ledizioni"},"image":{"@id":"https:\/\/www.ledizioni.it\/#\/schema\/logo\/image\/"},"sameAs":["https:\/\/www.facebook.com\/pages\/Ledizioni-LediPublishing\/109120559173329","https:\/\/x.com\/ledizioni"]}]}},"jetpack_sharing_enabled":true,"_links":{"self":[{"href":"https:\/\/www.ledizioni.it\/en\/wp-json\/wp\/v2\/pages\/5820","targetHints":{"allow":["GET"]}}],"collection":[{"href":"https:\/\/www.ledizioni.it\/en\/wp-json\/wp\/v2\/pages"}],"about":[{"href":"https:\/\/www.ledizioni.it\/en\/wp-json\/wp\/v2\/types\/page"}],"author":[{"embeddable":true,"href":"https:\/\/www.ledizioni.it\/en\/wp-json\/wp\/v2\/users\/1"}],"replies":[{"embeddable":true,"href":"https:\/\/www.ledizioni.it\/en\/wp-json\/wp\/v2\/comments?post=5820"}],"version-history":[{"count":6,"href":"https:\/\/www.ledizioni.it\/en\/wp-json\/wp\/v2\/pages\/5820\/revisions"}],"predecessor-version":[{"id":61289,"href":"https:\/\/www.ledizioni.it\/en\/wp-json\/wp\/v2\/pages\/5820\/revisions\/61289"}],"up":[{"embeddable":true,"href":"https:\/\/www.ledizioni.it\/en\/wp-json\/wp\/v2\/pages\/494"}],"wp:attachment":[{"href":"https:\/\/www.ledizioni.it\/en\/wp-json\/wp\/v2\/media?parent=5820"}],"curies":[{"name":"wp","href":"https:\/\/api.w.org\/{rel}","templated":true}]}}