{"id":66722,"date":"2024-08-28T00:00:00","date_gmt":"2024-08-27T22:00:00","guid":{"rendered":"https:\/\/www.ledizioni.it\/?post_type=product&#038;p=66722"},"modified":"2025-09-22T12:43:08","modified_gmt":"2025-09-22T10:43:08","slug":"faconner-le-texte-et-loeuvre-imprimeurs-et-hommes-de-lombre-au-xvie-siecle","status":"publish","type":"product","link":"https:\/\/www.ledizioni.it\/en\/product\/faconner-le-texte-et-loeuvre-imprimeurs-et-hommes-de-lombre-au-xvie-siecle\/","title":{"rendered":"FA\u00c7ONNER LE TEXTE ET L&#8217;OEUVRE : IMPRIMEURS ET HOMMES DE L&#8217;OMBRE AU XVIE SI\u00c8CLE"},"content":{"rendered":"<div data-elementor-type=\"product-post\" data-elementor-id=\"66722\" class=\"elementor elementor-66722\" data-elementor-post-type=\"product\">\n\t\t\t\t\t\t<section class=\"elementor-section elementor-top-section elementor-element elementor-element-3a7813cc elementor-section-boxed elementor-section-height-default elementor-section-height-default wd-section-disabled\" data-id=\"3a7813cc\" data-element_type=\"section\" data-e-type=\"section\">\n\t\t\t\t\t\t<div class=\"elementor-container elementor-column-gap-default\">\n\t\t\t\t\t<div class=\"elementor-column elementor-col-100 elementor-top-column elementor-element elementor-element-384d2123\" data-id=\"384d2123\" data-element_type=\"column\" data-e-type=\"column\">\n\t\t\t<div class=\"elementor-widget-wrap elementor-element-populated\">\n\t\t\t\t\t\t<div class=\"elementor-element elementor-element-23cd4334 color-scheme-inherit text-left elementor-widget elementor-widget-text-editor\" data-id=\"23cd4334\" data-element_type=\"widget\" data-e-type=\"widget\" data-widget_type=\"text-editor.default\">\n\t\t\t\t<div class=\"elementor-widget-container\">\n\t\t\t\t\t\t\t\t\t<p style=\"text-align: justify;\">En \u00e9tudiant les premi\u00e8res \u00e9ditions imprim\u00e9es, les contributeurs de ce recueil rendent hommage aux imprimeurs, correcteurs et libraires du XVe et du XVIe si\u00e8cle. Afin de diversifier et \u00e9largir leur lectorat, les artisans et vendeurs de livres ont explor\u00e9 les possibles de la langue et de l&#8217;objet imprim\u00e9, malgr\u00e9 les contraintes \u00e9conomiques et sous l\u2019influence des contextes linguistique et politique de leur \u00e9poque. Ce volume explore ainsi les traces \u00e9loquentes du pass\u00e9 contenues dans les \u00e9ditions anciennes.<\/p><hr \/><p><strong>DATI BIBLIOGRAFICI<\/strong><br \/>Autore: Laura-Ma\u00ef Dourdy<br \/>Editore: Ledizioni<br \/>Pubblicato in: agosto 2024<br \/>Collana: <a href=\"https:\/\/www.ledizioni.it\/en\/product-category\/filologia\/biblioteca-di-carte-romanze\/\">Romance Papers Library<br \/><\/a>Lingua: francese, inglese<br \/>Formato: brossura, 230 p. &#8211; PDF in OA<br \/>ISBN cartaceo: 9791256001637<br \/>Prezzo cartaceo: 28,00 \u20ac<\/p>\t\t\t\t\t\t\t\t<\/div>\n\t\t\t\t<\/div>\n\t\t\t\t\t<\/div>\n\t\t<\/div>\n\t\t\t\t\t<\/div>\n\t\t<\/section>\n\t\t\t\t<section class=\"elementor-section elementor-top-section elementor-element elementor-element-40859db elementor-section-boxed elementor-section-height-default elementor-section-height-default wd-section-disabled\" data-id=\"40859db\" data-element_type=\"section\" data-e-type=\"section\">\n\t\t\t\t\t\t<div class=\"elementor-container elementor-column-gap-default\">\n\t\t\t\t\t<div class=\"elementor-column elementor-col-100 elementor-top-column elementor-element elementor-element-11428f8\" data-id=\"11428f8\" data-element_type=\"column\" data-e-type=\"column\">\n\t\t\t<div class=\"elementor-widget-wrap elementor-element-populated\">\n\t\t\t\t\t\t<div class=\"elementor-element elementor-element-aa9e9ba elementor-button-danger elementor-align-center elementor-widget elementor-widget-button\" data-id=\"aa9e9ba\" data-element_type=\"widget\" data-e-type=\"widget\" data-widget_type=\"button.default\">\n\t\t\t\t<div class=\"elementor-widget-container\">\n\t\t\t\t\t\t\t\t\t<div class=\"elementor-button-wrapper\">\n\t\t\t\t\t<a class=\"elementor-button elementor-button-link elementor-size-sm\" href=\"https:\/\/www.ledizioni.it\/en\/download\/67087\/?tmstv=1724850794\" target=\"_blank\">\n\t\t\t\t\t\t<span class=\"elementor-button-content-wrapper\">\n\t\t\t\t\t\t\t\t\t<span class=\"elementor-button-text\">Scarica il PDF Open Access<\/span>\n\t\t\t\t\t<\/span>\n\t\t\t\t\t<\/a>\n\t\t\t\t<\/div>\n\t\t\t\t\t\t\t\t<\/div>\n\t\t\t\t<\/div>\n\t\t\t\t\t<\/div>\n\t\t<\/div>\n\t\t\t\t\t<\/div>\n\t\t<\/section>\n\t\t\t\t<section class=\"elementor-section elementor-top-section elementor-element elementor-element-c0e583c elementor-section-boxed elementor-section-height-default elementor-section-height-default wd-section-disabled\" data-id=\"c0e583c\" data-element_type=\"section\" data-e-type=\"section\">\n\t\t\t\t\t\t<div class=\"elementor-container elementor-column-gap-default\">\n\t\t\t\t\t<div class=\"elementor-column elementor-col-100 elementor-top-column elementor-element elementor-element-0456a48\" data-id=\"0456a48\" data-element_type=\"column\" data-e-type=\"column\">\n\t\t\t<div class=\"elementor-widget-wrap elementor-element-populated\">\n\t\t\t\t\t\t<div class=\"elementor-element elementor-element-f858fcb elementor-widget elementor-widget-wd_image_or_svg\" data-id=\"f858fcb\" data-element_type=\"widget\" data-e-type=\"widget\" data-widget_type=\"wd_image_or_svg.default\">\n\t\t\t\t<div class=\"elementor-widget-container\">\n\t\t\t\t\t\n\t\t<div class=\"wd-image text-center\">\n\t\t\t\t\t\t\t<a  href=\"http:\/\/digital.casalini.it\/9791256001637\">\n\t\t\t\t\t\t\t\t<img decoding=\"async\" width=\"280\" height=\"80\" src=\"https:\/\/www.ledizioni.it\/stag\/wp-content\/uploads\/2024\/05\/torrossa_web-150x80-1.jpg\" class=\"attachment-full size-full wp-image-67698\" alt=\"\" srcset=\"https:\/\/www.ledizioni.it\/stag\/wp-content\/uploads\/2024\/05\/torrossa_web-150x80-1.jpg 280w, https:\/\/www.ledizioni.it\/stag\/wp-content\/uploads\/2024\/05\/torrossa_web-150x80-1-18x5.jpg 18w\" sizes=\"(max-width: 280px) 100vw, 280px\" \/>\t\t\t\t\t\t\t<\/a>\n\t\t\t\t\t<\/div>\n\n\t\t\t\t\t\t<\/div>\n\t\t\t\t<\/div>\n\t\t\t\t\t<\/div>\n\t\t<\/div>\n\t\t\t\t\t<\/div>\n\t\t<\/section>\n\t\t\t\t<\/div>","protected":false},"excerpt":{"rendered":"<p>En \u00e9tudiant les premi\u00e8res \u00e9ditions imprim\u00e9es, les contributeurs de ce recueil rendent hommage aux imprimeurs, correcteurs et libraires du XVe<\/p>","protected":false},"featured_media":67089,"comment_status":"closed","ping_status":"closed","template":"","meta":{"_acf_changed":false},"product_brand":[],"product_cat":[705],"product_tag":[3110,814,3111,764],"class_list":{"0":"post-66722","1":"product","2":"type-product","3":"status-publish","4":"has-post-thumbnail","6":"product_cat-biblioteca-di-carte-romanze","7":"product_tag-dourdy","8":"product_tag-filologia","9":"product_tag-imprimeurs","10":"product_tag-open-access-2","11":"pa_formato-cartaceo","12":"pa_formato-ebook-in-pdf","14":"first","15":"instock","16":"shipping-taxable","17":"purchasable","18":"product-type-variable"},"acf":[],"yoast_head":"<!-- This site is optimized with the Yoast SEO plugin v27.4 - https:\/\/yoast.com\/product\/yoast-seo-wordpress\/ -->\n<title>FA\u00c7ONNER LE TEXTE ET L&#039;OEUVRE : IMPRIMEURS ET HOMMES DE L&#039;OMBRE AU XVIE SI\u00c8CLE -<\/title>\n<meta name=\"description\" content=\"Ledizioni - Innovative Publishing. Casa editrice universitaria. Open Access. eBook, ePub. Creative Commons.\" \/>\n<meta name=\"robots\" content=\"index, follow, max-snippet:-1, max-image-preview:large, max-video-preview:-1\" \/>\n<link rel=\"canonical\" href=\"https:\/\/www.ledizioni.it\/en\/product\/faconner-le-texte-et-loeuvre-imprimeurs-et-hommes-de-lombre-au-xvie-siecle\/\" \/>\n<meta property=\"og:locale\" content=\"en_GB\" \/>\n<meta property=\"og:type\" content=\"article\" \/>\n<meta property=\"og:title\" content=\"FA\u00c7ONNER LE TEXTE ET L&#039;OEUVRE : IMPRIMEURS ET HOMMES DE L&#039;OMBRE AU XVIE SI\u00c8CLE -\" \/>\n<meta property=\"og:description\" content=\"Ledizioni - Innovative Publishing. Casa editrice universitaria. Open Access. eBook, ePub. Creative Commons.\" \/>\n<meta property=\"og:url\" content=\"https:\/\/www.ledizioni.it\/en\/product\/faconner-le-texte-et-loeuvre-imprimeurs-et-hommes-de-lombre-au-xvie-siecle\/\" \/>\n<meta property=\"og:site_name\" content=\"Ledizioni\" \/>\n<meta property=\"article:publisher\" content=\"https:\/\/www.facebook.com\/pages\/Ledizioni-LediPublishing\/109120559173329\" \/>\n<meta property=\"article:modified_time\" content=\"2025-09-22T10:43:08+00:00\" \/>\n<meta property=\"og:image\" content=\"https:\/\/www.ledizioni.it\/stag\/wp-content\/uploads\/2024\/08\/Copertina_Dourdy-3D.jpg\" \/>\n\t<meta property=\"og:image:width\" content=\"1486\" \/>\n\t<meta property=\"og:image:height\" content=\"1962\" \/>\n\t<meta property=\"og:image:type\" content=\"image\/jpeg\" \/>\n<meta name=\"twitter:card\" content=\"summary_large_image\" \/>\n<meta name=\"twitter:site\" content=\"@ledizioni\" \/>\n<meta name=\"twitter:label1\" content=\"Estimated reading time\" \/>\n\t<meta name=\"twitter:data1\" content=\"2 minutes\" \/>\n<script type=\"application\/ld+json\" class=\"yoast-schema-graph\">{\"@context\":\"https:\\\/\\\/schema.org\",\"@graph\":[{\"@type\":\"WebPage\",\"@id\":\"https:\\\/\\\/www.ledizioni.it\\\/prodotto\\\/faconner-le-texte-et-loeuvre-imprimeurs-et-hommes-de-lombre-au-xvie-siecle\\\/\",\"url\":\"https:\\\/\\\/www.ledizioni.it\\\/prodotto\\\/faconner-le-texte-et-loeuvre-imprimeurs-et-hommes-de-lombre-au-xvie-siecle\\\/\",\"name\":\"FA\u00c7ONNER LE TEXTE ET L'OEUVRE : IMPRIMEURS ET HOMMES DE L'OMBRE AU XVIE SI\u00c8CLE -\",\"isPartOf\":{\"@id\":\"https:\\\/\\\/www.ledizioni.it\\\/#website\"},\"primaryImageOfPage\":{\"@id\":\"https:\\\/\\\/www.ledizioni.it\\\/prodotto\\\/faconner-le-texte-et-loeuvre-imprimeurs-et-hommes-de-lombre-au-xvie-siecle\\\/#primaryimage\"},\"image\":{\"@id\":\"https:\\\/\\\/www.ledizioni.it\\\/prodotto\\\/faconner-le-texte-et-loeuvre-imprimeurs-et-hommes-de-lombre-au-xvie-siecle\\\/#primaryimage\"},\"thumbnailUrl\":\"https:\\\/\\\/www.ledizioni.it\\\/stag\\\/wp-content\\\/uploads\\\/2024\\\/08\\\/Copertina_Dourdy-3D.jpg\",\"datePublished\":\"2024-08-27T22:00:00+00:00\",\"dateModified\":\"2025-09-22T10:43:08+00:00\",\"description\":\"Ledizioni - Innovative Publishing. Casa editrice universitaria. Open Access. eBook, ePub. Creative Commons.\",\"breadcrumb\":{\"@id\":\"https:\\\/\\\/www.ledizioni.it\\\/prodotto\\\/faconner-le-texte-et-loeuvre-imprimeurs-et-hommes-de-lombre-au-xvie-siecle\\\/#breadcrumb\"},\"inLanguage\":\"en-GB\",\"potentialAction\":[{\"@type\":\"ReadAction\",\"target\":[\"https:\\\/\\\/www.ledizioni.it\\\/prodotto\\\/faconner-le-texte-et-loeuvre-imprimeurs-et-hommes-de-lombre-au-xvie-siecle\\\/\"]}]},{\"@type\":\"ImageObject\",\"inLanguage\":\"en-GB\",\"@id\":\"https:\\\/\\\/www.ledizioni.it\\\/prodotto\\\/faconner-le-texte-et-loeuvre-imprimeurs-et-hommes-de-lombre-au-xvie-siecle\\\/#primaryimage\",\"url\":\"https:\\\/\\\/www.ledizioni.it\\\/stag\\\/wp-content\\\/uploads\\\/2024\\\/08\\\/Copertina_Dourdy-3D.jpg\",\"contentUrl\":\"https:\\\/\\\/www.ledizioni.it\\\/stag\\\/wp-content\\\/uploads\\\/2024\\\/08\\\/Copertina_Dourdy-3D.jpg\",\"width\":1486,\"height\":1962},{\"@type\":\"BreadcrumbList\",\"@id\":\"https:\\\/\\\/www.ledizioni.it\\\/prodotto\\\/faconner-le-texte-et-loeuvre-imprimeurs-et-hommes-de-lombre-au-xvie-siecle\\\/#breadcrumb\",\"itemListElement\":[{\"@type\":\"ListItem\",\"position\":1,\"name\":\"Shop\",\"item\":\"https:\\\/\\\/www.ledizioni.it\\\/shop-2\\\/\"},{\"@type\":\"ListItem\",\"position\":2,\"name\":\"FA\u00c7ONNER LE TEXTE ET L&#8217;OEUVRE : IMPRIMEURS ET HOMMES DE L&#8217;OMBRE AU XVIE SI\u00c8CLE\"}]},{\"@type\":\"WebSite\",\"@id\":\"https:\\\/\\\/www.ledizioni.it\\\/#website\",\"url\":\"https:\\\/\\\/www.ledizioni.it\\\/\",\"name\":\"Ledizioni\",\"description\":\"The Innovative LediPublishing Company - Casa Editrice Universitaria\",\"publisher\":{\"@id\":\"https:\\\/\\\/www.ledizioni.it\\\/#organization\"},\"potentialAction\":[{\"@type\":\"SearchAction\",\"target\":{\"@type\":\"EntryPoint\",\"urlTemplate\":\"https:\\\/\\\/www.ledizioni.it\\\/?s={search_term_string}\"},\"query-input\":{\"@type\":\"PropertyValueSpecification\",\"valueRequired\":true,\"valueName\":\"search_term_string\"}}],\"inLanguage\":\"en-GB\"},{\"@type\":\"Organization\",\"@id\":\"https:\\\/\\\/www.ledizioni.it\\\/#organization\",\"name\":\"Ledizioni\",\"url\":\"https:\\\/\\\/www.ledizioni.it\\\/\",\"logo\":{\"@type\":\"ImageObject\",\"inLanguage\":\"en-GB\",\"@id\":\"https:\\\/\\\/www.ledizioni.it\\\/#\\\/schema\\\/logo\\\/image\\\/\",\"url\":\"https:\\\/\\\/www.ledizioni.it\\\/stag\\\/wp-content\\\/uploads\\\/2023\\\/10\\\/newlogoledizioni500x110_2-1.jpg\",\"contentUrl\":\"https:\\\/\\\/www.ledizioni.it\\\/stag\\\/wp-content\\\/uploads\\\/2023\\\/10\\\/newlogoledizioni500x110_2-1.jpg\",\"width\":354,\"height\":87,\"caption\":\"Ledizioni\"},\"image\":{\"@id\":\"https:\\\/\\\/www.ledizioni.it\\\/#\\\/schema\\\/logo\\\/image\\\/\"},\"sameAs\":[\"https:\\\/\\\/www.facebook.com\\\/pages\\\/Ledizioni-LediPublishing\\\/109120559173329\",\"https:\\\/\\\/x.com\\\/ledizioni\"]}]}<\/script>\n<!-- \/ Yoast SEO plugin. -->","yoast_head_json":{"title":"FA\u00c7ONNER LE TEXTE ET L'OEUVRE : IMPRIMEURS ET HOMMES DE L'OMBRE AU XVIE SI\u00c8CLE -","description":"Ledizioni - Innovative Publishing. Casa editrice universitaria. Open Access. eBook, ePub. Creative Commons.","robots":{"index":"index","follow":"follow","max-snippet":"max-snippet:-1","max-image-preview":"max-image-preview:large","max-video-preview":"max-video-preview:-1"},"canonical":"https:\/\/www.ledizioni.it\/en\/product\/faconner-le-texte-et-loeuvre-imprimeurs-et-hommes-de-lombre-au-xvie-siecle\/","og_locale":"en_GB","og_type":"article","og_title":"FA\u00c7ONNER LE TEXTE ET L'OEUVRE : IMPRIMEURS ET HOMMES DE L'OMBRE AU XVIE SI\u00c8CLE -","og_description":"Ledizioni - Innovative Publishing. Casa editrice universitaria. Open Access. eBook, ePub. Creative Commons.","og_url":"https:\/\/www.ledizioni.it\/en\/product\/faconner-le-texte-et-loeuvre-imprimeurs-et-hommes-de-lombre-au-xvie-siecle\/","og_site_name":"Ledizioni","article_publisher":"https:\/\/www.facebook.com\/pages\/Ledizioni-LediPublishing\/109120559173329","article_modified_time":"2025-09-22T10:43:08+00:00","og_image":[{"width":1486,"height":1962,"url":"https:\/\/www.ledizioni.it\/stag\/wp-content\/uploads\/2024\/08\/Copertina_Dourdy-3D.jpg","type":"image\/jpeg"}],"twitter_card":"summary_large_image","twitter_site":"@ledizioni","twitter_misc":{"Estimated reading time":"2 minutes"},"schema":{"@context":"https:\/\/schema.org","@graph":[{"@type":"WebPage","@id":"https:\/\/www.ledizioni.it\/prodotto\/faconner-le-texte-et-loeuvre-imprimeurs-et-hommes-de-lombre-au-xvie-siecle\/","url":"https:\/\/www.ledizioni.it\/prodotto\/faconner-le-texte-et-loeuvre-imprimeurs-et-hommes-de-lombre-au-xvie-siecle\/","name":"FA\u00c7ONNER LE TEXTE ET L'OEUVRE : IMPRIMEURS ET HOMMES DE L'OMBRE AU XVIE SI\u00c8CLE -","isPartOf":{"@id":"https:\/\/www.ledizioni.it\/#website"},"primaryImageOfPage":{"@id":"https:\/\/www.ledizioni.it\/prodotto\/faconner-le-texte-et-loeuvre-imprimeurs-et-hommes-de-lombre-au-xvie-siecle\/#primaryimage"},"image":{"@id":"https:\/\/www.ledizioni.it\/prodotto\/faconner-le-texte-et-loeuvre-imprimeurs-et-hommes-de-lombre-au-xvie-siecle\/#primaryimage"},"thumbnailUrl":"https:\/\/www.ledizioni.it\/stag\/wp-content\/uploads\/2024\/08\/Copertina_Dourdy-3D.jpg","datePublished":"2024-08-27T22:00:00+00:00","dateModified":"2025-09-22T10:43:08+00:00","description":"Ledizioni - Innovative Publishing. Casa editrice universitaria. Open Access. eBook, ePub. Creative Commons.","breadcrumb":{"@id":"https:\/\/www.ledizioni.it\/prodotto\/faconner-le-texte-et-loeuvre-imprimeurs-et-hommes-de-lombre-au-xvie-siecle\/#breadcrumb"},"inLanguage":"en-GB","potentialAction":[{"@type":"ReadAction","target":["https:\/\/www.ledizioni.it\/prodotto\/faconner-le-texte-et-loeuvre-imprimeurs-et-hommes-de-lombre-au-xvie-siecle\/"]}]},{"@type":"ImageObject","inLanguage":"en-GB","@id":"https:\/\/www.ledizioni.it\/prodotto\/faconner-le-texte-et-loeuvre-imprimeurs-et-hommes-de-lombre-au-xvie-siecle\/#primaryimage","url":"https:\/\/www.ledizioni.it\/stag\/wp-content\/uploads\/2024\/08\/Copertina_Dourdy-3D.jpg","contentUrl":"https:\/\/www.ledizioni.it\/stag\/wp-content\/uploads\/2024\/08\/Copertina_Dourdy-3D.jpg","width":1486,"height":1962},{"@type":"BreadcrumbList","@id":"https:\/\/www.ledizioni.it\/prodotto\/faconner-le-texte-et-loeuvre-imprimeurs-et-hommes-de-lombre-au-xvie-siecle\/#breadcrumb","itemListElement":[{"@type":"ListItem","position":1,"name":"Shop","item":"https:\/\/www.ledizioni.it\/shop-2\/"},{"@type":"ListItem","position":2,"name":"FA\u00c7ONNER LE TEXTE ET L&#8217;OEUVRE : IMPRIMEURS ET HOMMES DE L&#8217;OMBRE AU XVIE SI\u00c8CLE"}]},{"@type":"WebSite","@id":"https:\/\/www.ledizioni.it\/#website","url":"https:\/\/www.ledizioni.it\/","name":"Ledizioni","description":"The Innovative LediPublishing Company - Casa Editrice Universitaria","publisher":{"@id":"https:\/\/www.ledizioni.it\/#organization"},"potentialAction":[{"@type":"SearchAction","target":{"@type":"EntryPoint","urlTemplate":"https:\/\/www.ledizioni.it\/?s={search_term_string}"},"query-input":{"@type":"PropertyValueSpecification","valueRequired":true,"valueName":"search_term_string"}}],"inLanguage":"en-GB"},{"@type":"Organization","@id":"https:\/\/www.ledizioni.it\/#organization","name":"Ledizioni","url":"https:\/\/www.ledizioni.it\/","logo":{"@type":"ImageObject","inLanguage":"en-GB","@id":"https:\/\/www.ledizioni.it\/#\/schema\/logo\/image\/","url":"https:\/\/www.ledizioni.it\/stag\/wp-content\/uploads\/2023\/10\/newlogoledizioni500x110_2-1.jpg","contentUrl":"https:\/\/www.ledizioni.it\/stag\/wp-content\/uploads\/2023\/10\/newlogoledizioni500x110_2-1.jpg","width":354,"height":87,"caption":"Ledizioni"},"image":{"@id":"https:\/\/www.ledizioni.it\/#\/schema\/logo\/image\/"},"sameAs":["https:\/\/www.facebook.com\/pages\/Ledizioni-LediPublishing\/109120559173329","https:\/\/x.com\/ledizioni"]}]}},"jetpack_sharing_enabled":true,"_links":{"self":[{"href":"https:\/\/www.ledizioni.it\/en\/wp-json\/wp\/v2\/product\/66722","targetHints":{"allow":["GET"]}}],"collection":[{"href":"https:\/\/www.ledizioni.it\/en\/wp-json\/wp\/v2\/product"}],"about":[{"href":"https:\/\/www.ledizioni.it\/en\/wp-json\/wp\/v2\/types\/product"}],"replies":[{"embeddable":true,"href":"https:\/\/www.ledizioni.it\/en\/wp-json\/wp\/v2\/comments?post=66722"}],"version-history":[{"count":12,"href":"https:\/\/www.ledizioni.it\/en\/wp-json\/wp\/v2\/product\/66722\/revisions"}],"predecessor-version":[{"id":79870,"href":"https:\/\/www.ledizioni.it\/en\/wp-json\/wp\/v2\/product\/66722\/revisions\/79870"}],"wp:featuredmedia":[{"embeddable":true,"href":"https:\/\/www.ledizioni.it\/en\/wp-json\/wp\/v2\/media\/67089"}],"wp:attachment":[{"href":"https:\/\/www.ledizioni.it\/en\/wp-json\/wp\/v2\/media?parent=66722"}],"wp:term":[{"taxonomy":"product_brand","embeddable":true,"href":"https:\/\/www.ledizioni.it\/en\/wp-json\/wp\/v2\/product_brand?post=66722"},{"taxonomy":"product_cat","embeddable":true,"href":"https:\/\/www.ledizioni.it\/en\/wp-json\/wp\/v2\/product_cat?post=66722"},{"taxonomy":"product_tag","embeddable":true,"href":"https:\/\/www.ledizioni.it\/en\/wp-json\/wp\/v2\/product_tag?post=66722"}],"curies":[{"name":"wp","href":"https:\/\/api.w.org\/{rel}","templated":true}]}}