{"id":8179,"date":"2014-03-06T15:39:48","date_gmt":"2014-03-06T15:39:48","guid":{"rendered":"http:\/\/www.ledizioni.it\/prodotto\/i-diritti-umani-e-nazionali-in-palestina\/"},"modified":"2021-05-14T16:51:15","modified_gmt":"2021-05-14T14:51:15","slug":"i-diritti-umani-e-nazionali-in-palestina","status":"publish","type":"product","link":"https:\/\/www.ledizioni.it\/en\/product\/i-diritti-umani-e-nazionali-in-palestina\/","title":{"rendered":"I diritti umani e nazionali in Palestina"},"content":{"rendered":"<p style=\"text-align: justify;\">Il libro raccoglie le relazioni, gli articoli e i documenti storici prodotti dal seminario di studio e riflessione sui diritti umani in Palestina, organizzato dall&#8217;Associazione Nazionale Partigiani di Italia, Sez. Seprio a Mozzate (Como) il giorno 15 settembre 2013.<\/p>\n<p style=\"text-align: justify;\">Il seminario \u00e8 stato ideato e attuato per ricordare la figura di Mimma Rossanda, medico, parlamentare e grande sostenitrice della causa palestinese.<\/p>\n<h3 style=\"text-align: justify;\">Nota biografica su Marina Rossanda (Pola 1927 &#8211; Roma 2006)<\/h3>\n<p style=\"text-align: justify;\">Dopo aver completato gli studi in medicina e la specializzazione in anestesia a Milano, si trasfer\u00ec per brevi periodi prima a Stoccolma, dove lavor\u00f2 al Karolinska Institue studiando le tecniche di rianimazione nei pazienti in coma con lesioni cerebrali, poi a Palermo. Accanto all\u2019attivit\u00e0 medica, che pratic\u00f2 per tutta la vita, Marina Rossanda si dedic\u00f2 intensamente all\u2019attivit\u00e0 politica.<br \/>\nEletta senatrice nelle liste del Partito Comunista italiano nel 1979 per la circoscrizione della Lombardia, copr\u00ec tale incarico per due legislature.<br \/>\nNel 1991, in seguito alla svolta della Bolognina, ader\u00ec al nascente Partito di Rifondazione Comunista nelle cui liste fu eletta come consigliere alla Regione Lazio. Attivit\u00e0 politica e attivit\u00e0 scientifica, quindi, si fusero perfettamente nei continui e ripetuti viaggi in Palestina e nella creazione nel 1981 dell\u2019Associazione medica italo-palestinese, fondata con lo scopo di fornire assistenza medico sanitaria alla popolazione palestinese e di cui Rossanda fu prima tesoriera e poi, dal 1985, presidente.<br \/>\nIl primo viaggio di Marina Rossanda in Palestina risale al 1982, durante l\u2019invasione israeliana in Libano; lavor\u00f2 infatti per mesi all\u2019ospedale Gaza di Beirut. L\u2019ultimo viaggio risale al 2000, insieme con Marisa Musu.<br \/>\nA Gaza riusc\u00ec a salvare una ragazza di circa 14 anni, Gazala (Gazzella), colpita da una pallottola. In seguito a questo episodio fond\u00f2 l\u2019Associazione Gazzella Onlus per l\u2019adozione a distanza dei bambini palestinesi.<\/p>\n<h3 style=\"text-align: justify;\"><strong>DATI BIBLIOGRAFICI<\/strong><\/h3>\n<p style=\"text-align: justify;\">Autore: (a cura di) Giuseppe De Luca, Vera Pegna, Ugo Giannangeli, Giorgio Forti<br \/>\nEditore: Ledizioni<br \/>\nFormato: Brossura<br \/>\nPubblicato in: 2014<br \/>\nISBN: 9788867051731 (cartaceo) \/ 9788867052141 (eBook)<br \/>\nPrezzo: 10,00 \u20ac (cartaceo) \/ 3,99 \u20ac (eBook)<\/p>","protected":false},"excerpt":{"rendered":"<p>Il libro raccoglie le relazioni, gli articoli e i documenti storici prodotti dal seminario di studio e riflessione sui diritti<\/p>","protected":false},"featured_media":8182,"comment_status":"open","ping_status":"closed","template":"","meta":{"_acf_changed":false},"product_brand":[],"product_cat":[1042],"product_tag":[1666,758,702,757,1024],"class_list":{"0":"post-8179","1":"product","2":"type-product","3":"status-publish","4":"has-post-thumbnail","6":"product_cat-politica","7":"product_tag-diritti-civili","8":"product_tag-diritti-umani","9":"product_tag-guerra","10":"product_tag-palestina","11":"product_tag-politicainternaz","12":"pa_formato-cartaceo","13":"pa_formato-ebook-in-epub","14":"pa_lingua-italiano","16":"first","17":"instock","18":"featured","19":"shipping-taxable","20":"purchasable","21":"product-type-variable"},"acf":[],"yoast_head":"<!-- This site is optimized with the Yoast SEO plugin v27.5 - https:\/\/yoast.com\/product\/yoast-seo-wordpress\/ -->\n<title>I diritti umani e nazionali in Palestina<\/title>\n<meta name=\"description\" content=\"I diritti umani e nazionali in Palestina come discussi al seminario organizzato dall&#039;Associazione Nazionale Partigiani di Italia, Sez. Seprio (Mozzate 2013)\" \/>\n<meta name=\"robots\" content=\"index, follow, max-snippet:-1, max-image-preview:large, max-video-preview:-1\" \/>\n<link rel=\"canonical\" href=\"https:\/\/www.ledizioni.it\/en\/product\/i-diritti-umani-e-nazionali-in-palestina\/\" \/>\n<meta property=\"og:locale\" content=\"en_GB\" \/>\n<meta property=\"og:type\" content=\"article\" \/>\n<meta property=\"og:title\" content=\"I diritti umani e nazionali in Palestina\" \/>\n<meta property=\"og:description\" content=\"I diritti umani e nazionali in Palestina come discussi al seminario organizzato dall&#039;Associazione Nazionale Partigiani di Italia, Sez. Seprio (Mozzate 2013)\" \/>\n<meta property=\"og:url\" content=\"https:\/\/www.ledizioni.it\/en\/product\/i-diritti-umani-e-nazionali-in-palestina\/\" \/>\n<meta property=\"og:site_name\" content=\"Ledizioni\" \/>\n<meta property=\"article:publisher\" content=\"https:\/\/www.facebook.com\/pages\/Ledizioni-LediPublishing\/109120559173329\" \/>\n<meta property=\"article:modified_time\" content=\"2021-05-14T14:51:15+00:00\" \/>\n<meta property=\"og:image\" content=\"https:\/\/www.ledizioni.it\/stag\/wp-content\/uploads\/2014\/03\/cover_3d.jpg\" \/>\n\t<meta property=\"og:image:width\" content=\"1481\" \/>\n\t<meta property=\"og:image:height\" content=\"2064\" \/>\n\t<meta property=\"og:image:type\" content=\"image\/jpeg\" \/>\n<meta name=\"twitter:card\" content=\"summary_large_image\" \/>\n<meta name=\"twitter:site\" content=\"@ledizioni\" \/>\n<meta name=\"twitter:label1\" content=\"Estimated reading time\" \/>\n\t<meta name=\"twitter:data1\" content=\"2 minutes\" \/>\n<script type=\"application\/ld+json\" class=\"yoast-schema-graph\">{\"@context\":\"https:\\\/\\\/schema.org\",\"@graph\":[{\"@type\":\"WebPage\",\"@id\":\"https:\\\/\\\/www.ledizioni.it\\\/en\\\/product\\\/i-diritti-umani-e-nazionali-in-palestina\\\/\",\"url\":\"https:\\\/\\\/www.ledizioni.it\\\/en\\\/product\\\/i-diritti-umani-e-nazionali-in-palestina\\\/\",\"name\":\"I diritti umani e nazionali in Palestina\",\"isPartOf\":{\"@id\":\"https:\\\/\\\/www.ledizioni.it\\\/#website\"},\"primaryImageOfPage\":{\"@id\":\"https:\\\/\\\/www.ledizioni.it\\\/en\\\/product\\\/i-diritti-umani-e-nazionali-in-palestina\\\/#primaryimage\"},\"image\":{\"@id\":\"https:\\\/\\\/www.ledizioni.it\\\/en\\\/product\\\/i-diritti-umani-e-nazionali-in-palestina\\\/#primaryimage\"},\"thumbnailUrl\":\"https:\\\/\\\/www.ledizioni.it\\\/stag\\\/wp-content\\\/uploads\\\/2014\\\/03\\\/cover_3d.jpg\",\"datePublished\":\"2014-03-06T15:39:48+00:00\",\"dateModified\":\"2021-05-14T14:51:15+00:00\",\"description\":\"I diritti umani e nazionali in Palestina come discussi al seminario organizzato dall'Associazione Nazionale Partigiani di Italia, Sez. Seprio (Mozzate 2013)\",\"breadcrumb\":{\"@id\":\"https:\\\/\\\/www.ledizioni.it\\\/en\\\/product\\\/i-diritti-umani-e-nazionali-in-palestina\\\/#breadcrumb\"},\"inLanguage\":\"en-GB\",\"potentialAction\":[{\"@type\":\"ReadAction\",\"target\":[\"https:\\\/\\\/www.ledizioni.it\\\/en\\\/product\\\/i-diritti-umani-e-nazionali-in-palestina\\\/\"]}]},{\"@type\":\"ImageObject\",\"inLanguage\":\"en-GB\",\"@id\":\"https:\\\/\\\/www.ledizioni.it\\\/en\\\/product\\\/i-diritti-umani-e-nazionali-in-palestina\\\/#primaryimage\",\"url\":\"https:\\\/\\\/www.ledizioni.it\\\/stag\\\/wp-content\\\/uploads\\\/2014\\\/03\\\/cover_3d.jpg\",\"contentUrl\":\"https:\\\/\\\/www.ledizioni.it\\\/stag\\\/wp-content\\\/uploads\\\/2014\\\/03\\\/cover_3d.jpg\",\"width\":1481,\"height\":2064},{\"@type\":\"BreadcrumbList\",\"@id\":\"https:\\\/\\\/www.ledizioni.it\\\/en\\\/product\\\/i-diritti-umani-e-nazionali-in-palestina\\\/#breadcrumb\",\"itemListElement\":[{\"@type\":\"ListItem\",\"position\":1,\"name\":\"Shop\",\"item\":\"https:\\\/\\\/www.ledizioni.it\\\/shop-2\\\/\"},{\"@type\":\"ListItem\",\"position\":2,\"name\":\"I diritti umani e nazionali in Palestina\"}]},{\"@type\":\"WebSite\",\"@id\":\"https:\\\/\\\/www.ledizioni.it\\\/#website\",\"url\":\"https:\\\/\\\/www.ledizioni.it\\\/\",\"name\":\"Ledizioni\",\"description\":\"The Innovative LediPublishing Company - Casa Editrice Universitaria\",\"publisher\":{\"@id\":\"https:\\\/\\\/www.ledizioni.it\\\/#organization\"},\"potentialAction\":[{\"@type\":\"SearchAction\",\"target\":{\"@type\":\"EntryPoint\",\"urlTemplate\":\"https:\\\/\\\/www.ledizioni.it\\\/?s={search_term_string}\"},\"query-input\":{\"@type\":\"PropertyValueSpecification\",\"valueRequired\":true,\"valueName\":\"search_term_string\"}}],\"inLanguage\":\"en-GB\"},{\"@type\":\"Organization\",\"@id\":\"https:\\\/\\\/www.ledizioni.it\\\/#organization\",\"name\":\"Ledizioni\",\"url\":\"https:\\\/\\\/www.ledizioni.it\\\/\",\"logo\":{\"@type\":\"ImageObject\",\"inLanguage\":\"en-GB\",\"@id\":\"https:\\\/\\\/www.ledizioni.it\\\/#\\\/schema\\\/logo\\\/image\\\/\",\"url\":\"https:\\\/\\\/www.ledizioni.it\\\/stag\\\/wp-content\\\/uploads\\\/2023\\\/10\\\/newlogoledizioni500x110_2-1.jpg\",\"contentUrl\":\"https:\\\/\\\/www.ledizioni.it\\\/stag\\\/wp-content\\\/uploads\\\/2023\\\/10\\\/newlogoledizioni500x110_2-1.jpg\",\"width\":354,\"height\":87,\"caption\":\"Ledizioni\"},\"image\":{\"@id\":\"https:\\\/\\\/www.ledizioni.it\\\/#\\\/schema\\\/logo\\\/image\\\/\"},\"sameAs\":[\"https:\\\/\\\/www.facebook.com\\\/pages\\\/Ledizioni-LediPublishing\\\/109120559173329\",\"https:\\\/\\\/x.com\\\/ledizioni\"]}]}<\/script>\n<!-- \/ Yoast SEO plugin. -->","yoast_head_json":{"title":"I diritti umani e nazionali in Palestina","description":"I diritti umani e nazionali in Palestina come discussi al seminario organizzato dall'Associazione Nazionale Partigiani di Italia, Sez. Seprio (Mozzate 2013)","robots":{"index":"index","follow":"follow","max-snippet":"max-snippet:-1","max-image-preview":"max-image-preview:large","max-video-preview":"max-video-preview:-1"},"canonical":"https:\/\/www.ledizioni.it\/en\/product\/i-diritti-umani-e-nazionali-in-palestina\/","og_locale":"en_GB","og_type":"article","og_title":"I diritti umani e nazionali in Palestina","og_description":"I diritti umani e nazionali in Palestina come discussi al seminario organizzato dall'Associazione Nazionale Partigiani di Italia, Sez. Seprio (Mozzate 2013)","og_url":"https:\/\/www.ledizioni.it\/en\/product\/i-diritti-umani-e-nazionali-in-palestina\/","og_site_name":"Ledizioni","article_publisher":"https:\/\/www.facebook.com\/pages\/Ledizioni-LediPublishing\/109120559173329","article_modified_time":"2021-05-14T14:51:15+00:00","og_image":[{"width":1481,"height":2064,"url":"https:\/\/www.ledizioni.it\/stag\/wp-content\/uploads\/2014\/03\/cover_3d.jpg","type":"image\/jpeg"}],"twitter_card":"summary_large_image","twitter_site":"@ledizioni","twitter_misc":{"Estimated reading time":"2 minutes"},"schema":{"@context":"https:\/\/schema.org","@graph":[{"@type":"WebPage","@id":"https:\/\/www.ledizioni.it\/en\/product\/i-diritti-umani-e-nazionali-in-palestina\/","url":"https:\/\/www.ledizioni.it\/en\/product\/i-diritti-umani-e-nazionali-in-palestina\/","name":"I diritti umani e nazionali in Palestina","isPartOf":{"@id":"https:\/\/www.ledizioni.it\/#website"},"primaryImageOfPage":{"@id":"https:\/\/www.ledizioni.it\/en\/product\/i-diritti-umani-e-nazionali-in-palestina\/#primaryimage"},"image":{"@id":"https:\/\/www.ledizioni.it\/en\/product\/i-diritti-umani-e-nazionali-in-palestina\/#primaryimage"},"thumbnailUrl":"https:\/\/www.ledizioni.it\/stag\/wp-content\/uploads\/2014\/03\/cover_3d.jpg","datePublished":"2014-03-06T15:39:48+00:00","dateModified":"2021-05-14T14:51:15+00:00","description":"I diritti umani e nazionali in Palestina come discussi al seminario organizzato dall'Associazione Nazionale Partigiani di Italia, Sez. Seprio (Mozzate 2013)","breadcrumb":{"@id":"https:\/\/www.ledizioni.it\/en\/product\/i-diritti-umani-e-nazionali-in-palestina\/#breadcrumb"},"inLanguage":"en-GB","potentialAction":[{"@type":"ReadAction","target":["https:\/\/www.ledizioni.it\/en\/product\/i-diritti-umani-e-nazionali-in-palestina\/"]}]},{"@type":"ImageObject","inLanguage":"en-GB","@id":"https:\/\/www.ledizioni.it\/en\/product\/i-diritti-umani-e-nazionali-in-palestina\/#primaryimage","url":"https:\/\/www.ledizioni.it\/stag\/wp-content\/uploads\/2014\/03\/cover_3d.jpg","contentUrl":"https:\/\/www.ledizioni.it\/stag\/wp-content\/uploads\/2014\/03\/cover_3d.jpg","width":1481,"height":2064},{"@type":"BreadcrumbList","@id":"https:\/\/www.ledizioni.it\/en\/product\/i-diritti-umani-e-nazionali-in-palestina\/#breadcrumb","itemListElement":[{"@type":"ListItem","position":1,"name":"Shop","item":"https:\/\/www.ledizioni.it\/shop-2\/"},{"@type":"ListItem","position":2,"name":"I diritti umani e nazionali in Palestina"}]},{"@type":"WebSite","@id":"https:\/\/www.ledizioni.it\/#website","url":"https:\/\/www.ledizioni.it\/","name":"Ledizioni","description":"The Innovative LediPublishing Company - Casa Editrice Universitaria","publisher":{"@id":"https:\/\/www.ledizioni.it\/#organization"},"potentialAction":[{"@type":"SearchAction","target":{"@type":"EntryPoint","urlTemplate":"https:\/\/www.ledizioni.it\/?s={search_term_string}"},"query-input":{"@type":"PropertyValueSpecification","valueRequired":true,"valueName":"search_term_string"}}],"inLanguage":"en-GB"},{"@type":"Organization","@id":"https:\/\/www.ledizioni.it\/#organization","name":"Ledizioni","url":"https:\/\/www.ledizioni.it\/","logo":{"@type":"ImageObject","inLanguage":"en-GB","@id":"https:\/\/www.ledizioni.it\/#\/schema\/logo\/image\/","url":"https:\/\/www.ledizioni.it\/stag\/wp-content\/uploads\/2023\/10\/newlogoledizioni500x110_2-1.jpg","contentUrl":"https:\/\/www.ledizioni.it\/stag\/wp-content\/uploads\/2023\/10\/newlogoledizioni500x110_2-1.jpg","width":354,"height":87,"caption":"Ledizioni"},"image":{"@id":"https:\/\/www.ledizioni.it\/#\/schema\/logo\/image\/"},"sameAs":["https:\/\/www.facebook.com\/pages\/Ledizioni-LediPublishing\/109120559173329","https:\/\/x.com\/ledizioni"]}]}},"jetpack_sharing_enabled":true,"_links":{"self":[{"href":"https:\/\/www.ledizioni.it\/en\/wp-json\/wp\/v2\/product\/8179","targetHints":{"allow":["GET"]}}],"collection":[{"href":"https:\/\/www.ledizioni.it\/en\/wp-json\/wp\/v2\/product"}],"about":[{"href":"https:\/\/www.ledizioni.it\/en\/wp-json\/wp\/v2\/types\/product"}],"replies":[{"embeddable":true,"href":"https:\/\/www.ledizioni.it\/en\/wp-json\/wp\/v2\/comments?post=8179"}],"version-history":[{"count":1,"href":"https:\/\/www.ledizioni.it\/en\/wp-json\/wp\/v2\/product\/8179\/revisions"}],"predecessor-version":[{"id":8183,"href":"https:\/\/www.ledizioni.it\/en\/wp-json\/wp\/v2\/product\/8179\/revisions\/8183"}],"wp:featuredmedia":[{"embeddable":true,"href":"https:\/\/www.ledizioni.it\/en\/wp-json\/wp\/v2\/media\/8182"}],"wp:attachment":[{"href":"https:\/\/www.ledizioni.it\/en\/wp-json\/wp\/v2\/media?parent=8179"}],"wp:term":[{"taxonomy":"product_brand","embeddable":true,"href":"https:\/\/www.ledizioni.it\/en\/wp-json\/wp\/v2\/product_brand?post=8179"},{"taxonomy":"product_cat","embeddable":true,"href":"https:\/\/www.ledizioni.it\/en\/wp-json\/wp\/v2\/product_cat?post=8179"},{"taxonomy":"product_tag","embeddable":true,"href":"https:\/\/www.ledizioni.it\/en\/wp-json\/wp\/v2\/product_tag?post=8179"}],"curies":[{"name":"wp","href":"https:\/\/api.w.org\/{rel}","templated":true}]}}