{"id":8233,"date":"2014-03-11T15:07:49","date_gmt":"2014-03-11T15:07:49","guid":{"rendered":"http:\/\/www.ledizioni.it\/prodotto\/cuadernos-aispi-1-2013\/"},"modified":"2017-03-06T15:40:18","modified_gmt":"2017-03-06T15:40:18","slug":"cuadernos-aispi-1-2013","status":"publish","type":"product","link":"https:\/\/www.ledizioni.it\/en\/product\/cuadernos-aispi-1-2013\/","title":{"rendered":"Cuadernos AISPI  n.1\/2013: Identidad y metamorfosis del yo l\u00edrico en la literatura espa\u00f1ola."},"content":{"rendered":"<h3><strong>Cuadernos AISPI: Estudios de lenguas y literaturas hisp\u00e1nicas. Revista semestral de la Associazione Ispanisti Italiani.<\/strong><\/h3>\n<h3><strong>1\/2013. Identidad y metamorfosis del yo l\u00edrico en la literatura espa\u00f1ola<\/strong>.<\/h3>\n<p>&nbsp;<\/p>\n<p><strong>Editores<\/strong><br \/>\nArmando L\u00f3pez Castro<br \/>\nPietro Taravacci<\/p>\n<p><strong>Secci\u00f3n monogr\u00e1fica<\/strong><\/p>\n<p><strong>Pietro Taravacci<\/strong> M\u00e1s all\u00e1 del sujeto: de la b\u00fasqueda del otro al yo l\u00edrico vaciado<br \/>\n<strong>Veronica Orazi<\/strong> Los or\u00edgenes de la poes\u00eda ib\u00e9rica: perfil de un proto-yo l\u00edrico<br \/>\n<strong>Flavia Gherardi<\/strong> <em>Parece que con mis ojos se abrasan los horizontes<\/em>. Visiones y proyecciones del \u201cyo\u201d en las l\u00edricas de Juan de Tassis,Conde de Villamediana<br \/>\n<strong>Alain B\u00e8gue<\/strong> Hacia la modernidad: nuevas actitudes del yo l\u00edrico en la poes\u00eda espa\u00f1ola entre Barroco y Neoclasicismo<br \/>\n<strong>Maria Rosso<\/strong> Rosal\u00eda de Castro y las voces l\u00edricas de <em>En las orillas del Sar<\/em><br \/>\n<strong>Gabriele Morelli<\/strong> La oscura b\u00fasqueda del yo l\u00edrico en la primera poes\u00eda surrealista de Vicente Aleixandre<br \/>\n<strong>Luis Mart\u00edn<\/strong> <strong>Estudillo<\/strong> Destrucci\u00f3n del personaje y difuminaci\u00f3n del sujeto l\u00edrico: Lorca, Valente, Novo<br \/>\n<strong>Jos\u00e9 Teruel Benavente<\/strong> La fuerza del desd\u00e9n: <em>Desolaci\u00f3n de la Quimera <\/em>o la identidad moral de Luis Cernuda<br \/>\n<strong>Armando L\u00f3pez Castro Mar\u00eda<\/strong> Zambrano y Jos\u00e9 \u00c1ngel Valente<br \/>\n<strong>Mar\u00eda Jos\u00e9 Flores Requejo<\/strong> <em>Soy esos hombres juntos<\/em>: identidad y ficci\u00f3n en la obra po\u00e9tica de Jos\u00e9 Manuel Caballero Bonald<br \/>\n<strong>Elisa Sartor<\/strong> El desarrollo del sujeto po\u00e9tico en la obra de Javier Egea<br \/>\n<strong>Bego\u00f1a Capllonch<\/strong> La voz del sujeto l\u00edrico en <em>Camino de ronda<\/em>, de Jos\u00e9 Mar\u00eda Mic\u00f3: <em>esa cuarta persona del singular<\/em><\/p>\n<h3>DATI BIBLIOGRAFICI<\/h3>\n<p>Autore:\u00a0Pietro Taravacci, Armando L\u00f3pez Castro (a cura di)<br \/>\nEditore: Ledizioni<br \/>\nCollana: <a href=\"http:\/\/www.ledizioni.it\/en\/collane\/letteratura\/cuadernos-aispi\/\" target=\"_blank\">Cuadernos AISPI<\/a><br \/>\nFormato: Brossura<br \/>\nPubblicato in:\u00a0 2013<br \/>\nISSN cartaceo: 2283981X<br \/>\nPrezzo cartaceo: 25.00 \u20ac<\/p>","protected":false},"excerpt":{"rendered":"<p>Cuaderno AISPI n.1: Identidad y metamorfosis del yo l\u00edrico en la literatura espa\u00f1ola. Editores: Armando L\u00f3pez Castro, Pietro Taravacci.<\/p>","protected":false},"featured_media":8238,"comment_status":"open","ping_status":"closed","template":"","meta":{"_acf_changed":false},"product_brand":[],"product_cat":[767],"product_tag":[768,769],"class_list":{"0":"post-8233","1":"product","2":"type-product","3":"status-publish","4":"has-post-thumbnail","6":"product_cat-cuadernos-aispi","7":"product_tag-ispanisti","8":"product_tag-metamorfosi","9":"pa_formato-cartaceo","10":"pa_lingua-spagnolo","12":"first","13":"instock","14":"shipping-taxable","15":"purchasable","16":"product-type-simple"},"acf":[],"yoast_head":"<!-- This site is optimized with the Yoast SEO plugin v27.5 - https:\/\/yoast.com\/product\/yoast-seo-wordpress\/ -->\n<title>Cuadernos AISPI n.1\/2013: Identidad y metamorfosis del yo l\u00edrico en la literatura espa\u00f1ola. -<\/title>\n<meta name=\"description\" content=\"Cuaderno AISPI n.1: Identidad y metamorfosis del yo l\u00edrico en la literatura espa\u00f1ola. Editores: Armando L\u00f3pez Castro, Pietro Taravacci.\" \/>\n<meta name=\"robots\" content=\"index, follow, max-snippet:-1, max-image-preview:large, max-video-preview:-1\" \/>\n<link rel=\"canonical\" href=\"https:\/\/www.ledizioni.it\/en\/product\/cuadernos-aispi-1-2013\/\" \/>\n<meta property=\"og:locale\" content=\"en_GB\" \/>\n<meta property=\"og:type\" content=\"article\" \/>\n<meta property=\"og:title\" content=\"Cuadernos AISPI n.1\/2013: Identidad y metamorfosis del yo l\u00edrico en la literatura espa\u00f1ola. -\" \/>\n<meta property=\"og:description\" content=\"Cuaderno AISPI n.1: Identidad y metamorfosis del yo l\u00edrico en la literatura espa\u00f1ola. Editores: Armando L\u00f3pez Castro, Pietro Taravacci.\" \/>\n<meta property=\"og:url\" content=\"https:\/\/www.ledizioni.it\/en\/product\/cuadernos-aispi-1-2013\/\" \/>\n<meta property=\"og:site_name\" content=\"Ledizioni\" \/>\n<meta property=\"article:publisher\" content=\"https:\/\/www.facebook.com\/pages\/Ledizioni-LediPublishing\/109120559173329\" \/>\n<meta property=\"article:modified_time\" content=\"2017-03-06T15:40:18+00:00\" \/>\n<meta property=\"og:image\" content=\"https:\/\/www.ledizioni.it\/stag\/wp-content\/uploads\/2014\/03\/cuad1_3d.jpg\" \/>\n\t<meta property=\"og:image:width\" content=\"1547\" \/>\n\t<meta property=\"og:image:height\" content=\"2112\" \/>\n\t<meta property=\"og:image:type\" content=\"image\/jpeg\" \/>\n<meta name=\"twitter:card\" content=\"summary_large_image\" \/>\n<meta name=\"twitter:site\" content=\"@ledizioni\" \/>\n<meta name=\"twitter:label1\" content=\"Estimated reading time\" \/>\n\t<meta name=\"twitter:data1\" content=\"1 minute\" \/>\n<script type=\"application\/ld+json\" class=\"yoast-schema-graph\">{\"@context\":\"https:\\\/\\\/schema.org\",\"@graph\":[{\"@type\":\"WebPage\",\"@id\":\"https:\\\/\\\/www.ledizioni.it\\\/prodotto\\\/cuadernos-aispi-1-2013\\\/\",\"url\":\"https:\\\/\\\/www.ledizioni.it\\\/prodotto\\\/cuadernos-aispi-1-2013\\\/\",\"name\":\"Cuadernos AISPI n.1\\\/2013: Identidad y metamorfosis del yo l\u00edrico en la literatura espa\u00f1ola. -\",\"isPartOf\":{\"@id\":\"https:\\\/\\\/www.ledizioni.it\\\/#website\"},\"primaryImageOfPage\":{\"@id\":\"https:\\\/\\\/www.ledizioni.it\\\/prodotto\\\/cuadernos-aispi-1-2013\\\/#primaryimage\"},\"image\":{\"@id\":\"https:\\\/\\\/www.ledizioni.it\\\/prodotto\\\/cuadernos-aispi-1-2013\\\/#primaryimage\"},\"thumbnailUrl\":\"https:\\\/\\\/www.ledizioni.it\\\/stag\\\/wp-content\\\/uploads\\\/2014\\\/03\\\/cuad1_3d.jpg\",\"datePublished\":\"2014-03-11T15:07:49+00:00\",\"dateModified\":\"2017-03-06T15:40:18+00:00\",\"description\":\"Cuaderno AISPI n.1: Identidad y metamorfosis del yo l\u00edrico en la literatura espa\u00f1ola. Editores: Armando L\u00f3pez Castro, Pietro Taravacci.\",\"breadcrumb\":{\"@id\":\"https:\\\/\\\/www.ledizioni.it\\\/prodotto\\\/cuadernos-aispi-1-2013\\\/#breadcrumb\"},\"inLanguage\":\"en-GB\",\"potentialAction\":[{\"@type\":\"ReadAction\",\"target\":[\"https:\\\/\\\/www.ledizioni.it\\\/prodotto\\\/cuadernos-aispi-1-2013\\\/\"]}]},{\"@type\":\"ImageObject\",\"inLanguage\":\"en-GB\",\"@id\":\"https:\\\/\\\/www.ledizioni.it\\\/prodotto\\\/cuadernos-aispi-1-2013\\\/#primaryimage\",\"url\":\"https:\\\/\\\/www.ledizioni.it\\\/stag\\\/wp-content\\\/uploads\\\/2014\\\/03\\\/cuad1_3d.jpg\",\"contentUrl\":\"https:\\\/\\\/www.ledizioni.it\\\/stag\\\/wp-content\\\/uploads\\\/2014\\\/03\\\/cuad1_3d.jpg\",\"width\":1547,\"height\":2112},{\"@type\":\"BreadcrumbList\",\"@id\":\"https:\\\/\\\/www.ledizioni.it\\\/prodotto\\\/cuadernos-aispi-1-2013\\\/#breadcrumb\",\"itemListElement\":[{\"@type\":\"ListItem\",\"position\":1,\"name\":\"Shop\",\"item\":\"https:\\\/\\\/www.ledizioni.it\\\/shop-2\\\/\"},{\"@type\":\"ListItem\",\"position\":2,\"name\":\"Cuadernos AISPI n.1\\\/2013: Identidad y metamorfosis del yo l\u00edrico en la literatura espa\u00f1ola.\"}]},{\"@type\":\"WebSite\",\"@id\":\"https:\\\/\\\/www.ledizioni.it\\\/#website\",\"url\":\"https:\\\/\\\/www.ledizioni.it\\\/\",\"name\":\"Ledizioni\",\"description\":\"The Innovative LediPublishing Company - Casa Editrice Universitaria\",\"publisher\":{\"@id\":\"https:\\\/\\\/www.ledizioni.it\\\/#organization\"},\"potentialAction\":[{\"@type\":\"SearchAction\",\"target\":{\"@type\":\"EntryPoint\",\"urlTemplate\":\"https:\\\/\\\/www.ledizioni.it\\\/?s={search_term_string}\"},\"query-input\":{\"@type\":\"PropertyValueSpecification\",\"valueRequired\":true,\"valueName\":\"search_term_string\"}}],\"inLanguage\":\"en-GB\"},{\"@type\":\"Organization\",\"@id\":\"https:\\\/\\\/www.ledizioni.it\\\/#organization\",\"name\":\"Ledizioni\",\"url\":\"https:\\\/\\\/www.ledizioni.it\\\/\",\"logo\":{\"@type\":\"ImageObject\",\"inLanguage\":\"en-GB\",\"@id\":\"https:\\\/\\\/www.ledizioni.it\\\/#\\\/schema\\\/logo\\\/image\\\/\",\"url\":\"https:\\\/\\\/www.ledizioni.it\\\/stag\\\/wp-content\\\/uploads\\\/2023\\\/10\\\/newlogoledizioni500x110_2-1.jpg\",\"contentUrl\":\"https:\\\/\\\/www.ledizioni.it\\\/stag\\\/wp-content\\\/uploads\\\/2023\\\/10\\\/newlogoledizioni500x110_2-1.jpg\",\"width\":354,\"height\":87,\"caption\":\"Ledizioni\"},\"image\":{\"@id\":\"https:\\\/\\\/www.ledizioni.it\\\/#\\\/schema\\\/logo\\\/image\\\/\"},\"sameAs\":[\"https:\\\/\\\/www.facebook.com\\\/pages\\\/Ledizioni-LediPublishing\\\/109120559173329\",\"https:\\\/\\\/x.com\\\/ledizioni\"]}]}<\/script>\n<!-- \/ Yoast SEO plugin. -->","yoast_head_json":{"title":"Cuadernos AISPI n.1\/2013: Identidad y metamorfosis del yo l\u00edrico en la literatura espa\u00f1ola. -","description":"Cuaderno AISPI n.1: Identidad y metamorfosis del yo l\u00edrico en la literatura espa\u00f1ola. Editores: Armando L\u00f3pez Castro, Pietro Taravacci.","robots":{"index":"index","follow":"follow","max-snippet":"max-snippet:-1","max-image-preview":"max-image-preview:large","max-video-preview":"max-video-preview:-1"},"canonical":"https:\/\/www.ledizioni.it\/en\/product\/cuadernos-aispi-1-2013\/","og_locale":"en_GB","og_type":"article","og_title":"Cuadernos AISPI n.1\/2013: Identidad y metamorfosis del yo l\u00edrico en la literatura espa\u00f1ola. -","og_description":"Cuaderno AISPI n.1: Identidad y metamorfosis del yo l\u00edrico en la literatura espa\u00f1ola. Editores: Armando L\u00f3pez Castro, Pietro Taravacci.","og_url":"https:\/\/www.ledizioni.it\/en\/product\/cuadernos-aispi-1-2013\/","og_site_name":"Ledizioni","article_publisher":"https:\/\/www.facebook.com\/pages\/Ledizioni-LediPublishing\/109120559173329","article_modified_time":"2017-03-06T15:40:18+00:00","og_image":[{"width":1547,"height":2112,"url":"https:\/\/www.ledizioni.it\/stag\/wp-content\/uploads\/2014\/03\/cuad1_3d.jpg","type":"image\/jpeg"}],"twitter_card":"summary_large_image","twitter_site":"@ledizioni","twitter_misc":{"Estimated reading time":"1 minute"},"schema":{"@context":"https:\/\/schema.org","@graph":[{"@type":"WebPage","@id":"https:\/\/www.ledizioni.it\/prodotto\/cuadernos-aispi-1-2013\/","url":"https:\/\/www.ledizioni.it\/prodotto\/cuadernos-aispi-1-2013\/","name":"Cuadernos AISPI n.1\/2013: Identidad y metamorfosis del yo l\u00edrico en la literatura espa\u00f1ola. -","isPartOf":{"@id":"https:\/\/www.ledizioni.it\/#website"},"primaryImageOfPage":{"@id":"https:\/\/www.ledizioni.it\/prodotto\/cuadernos-aispi-1-2013\/#primaryimage"},"image":{"@id":"https:\/\/www.ledizioni.it\/prodotto\/cuadernos-aispi-1-2013\/#primaryimage"},"thumbnailUrl":"https:\/\/www.ledizioni.it\/stag\/wp-content\/uploads\/2014\/03\/cuad1_3d.jpg","datePublished":"2014-03-11T15:07:49+00:00","dateModified":"2017-03-06T15:40:18+00:00","description":"Cuaderno AISPI n.1: Identidad y metamorfosis del yo l\u00edrico en la literatura espa\u00f1ola. Editores: Armando L\u00f3pez Castro, Pietro Taravacci.","breadcrumb":{"@id":"https:\/\/www.ledizioni.it\/prodotto\/cuadernos-aispi-1-2013\/#breadcrumb"},"inLanguage":"en-GB","potentialAction":[{"@type":"ReadAction","target":["https:\/\/www.ledizioni.it\/prodotto\/cuadernos-aispi-1-2013\/"]}]},{"@type":"ImageObject","inLanguage":"en-GB","@id":"https:\/\/www.ledizioni.it\/prodotto\/cuadernos-aispi-1-2013\/#primaryimage","url":"https:\/\/www.ledizioni.it\/stag\/wp-content\/uploads\/2014\/03\/cuad1_3d.jpg","contentUrl":"https:\/\/www.ledizioni.it\/stag\/wp-content\/uploads\/2014\/03\/cuad1_3d.jpg","width":1547,"height":2112},{"@type":"BreadcrumbList","@id":"https:\/\/www.ledizioni.it\/prodotto\/cuadernos-aispi-1-2013\/#breadcrumb","itemListElement":[{"@type":"ListItem","position":1,"name":"Shop","item":"https:\/\/www.ledizioni.it\/shop-2\/"},{"@type":"ListItem","position":2,"name":"Cuadernos AISPI n.1\/2013: Identidad y metamorfosis del yo l\u00edrico en la literatura espa\u00f1ola."}]},{"@type":"WebSite","@id":"https:\/\/www.ledizioni.it\/#website","url":"https:\/\/www.ledizioni.it\/","name":"Ledizioni","description":"The Innovative LediPublishing Company - Casa Editrice Universitaria","publisher":{"@id":"https:\/\/www.ledizioni.it\/#organization"},"potentialAction":[{"@type":"SearchAction","target":{"@type":"EntryPoint","urlTemplate":"https:\/\/www.ledizioni.it\/?s={search_term_string}"},"query-input":{"@type":"PropertyValueSpecification","valueRequired":true,"valueName":"search_term_string"}}],"inLanguage":"en-GB"},{"@type":"Organization","@id":"https:\/\/www.ledizioni.it\/#organization","name":"Ledizioni","url":"https:\/\/www.ledizioni.it\/","logo":{"@type":"ImageObject","inLanguage":"en-GB","@id":"https:\/\/www.ledizioni.it\/#\/schema\/logo\/image\/","url":"https:\/\/www.ledizioni.it\/stag\/wp-content\/uploads\/2023\/10\/newlogoledizioni500x110_2-1.jpg","contentUrl":"https:\/\/www.ledizioni.it\/stag\/wp-content\/uploads\/2023\/10\/newlogoledizioni500x110_2-1.jpg","width":354,"height":87,"caption":"Ledizioni"},"image":{"@id":"https:\/\/www.ledizioni.it\/#\/schema\/logo\/image\/"},"sameAs":["https:\/\/www.facebook.com\/pages\/Ledizioni-LediPublishing\/109120559173329","https:\/\/x.com\/ledizioni"]}]}},"jetpack_sharing_enabled":true,"_links":{"self":[{"href":"https:\/\/www.ledizioni.it\/en\/wp-json\/wp\/v2\/product\/8233","targetHints":{"allow":["GET"]}}],"collection":[{"href":"https:\/\/www.ledizioni.it\/en\/wp-json\/wp\/v2\/product"}],"about":[{"href":"https:\/\/www.ledizioni.it\/en\/wp-json\/wp\/v2\/types\/product"}],"replies":[{"embeddable":true,"href":"https:\/\/www.ledizioni.it\/en\/wp-json\/wp\/v2\/comments?post=8233"}],"version-history":[{"count":0,"href":"https:\/\/www.ledizioni.it\/en\/wp-json\/wp\/v2\/product\/8233\/revisions"}],"wp:featuredmedia":[{"embeddable":true,"href":"https:\/\/www.ledizioni.it\/en\/wp-json\/wp\/v2\/media\/8238"}],"wp:attachment":[{"href":"https:\/\/www.ledizioni.it\/en\/wp-json\/wp\/v2\/media?parent=8233"}],"wp:term":[{"taxonomy":"product_brand","embeddable":true,"href":"https:\/\/www.ledizioni.it\/en\/wp-json\/wp\/v2\/product_brand?post=8233"},{"taxonomy":"product_cat","embeddable":true,"href":"https:\/\/www.ledizioni.it\/en\/wp-json\/wp\/v2\/product_cat?post=8233"},{"taxonomy":"product_tag","embeddable":true,"href":"https:\/\/www.ledizioni.it\/en\/wp-json\/wp\/v2\/product_tag?post=8233"}],"curies":[{"name":"wp","href":"https:\/\/api.w.org\/{rel}","templated":true}]}}